{"id":40,"date":"2020-11-18T14:58:21","date_gmt":"2020-11-18T13:58:21","guid":{"rendered":"http:\/\/llp.cz\/llpvision\/?page_id=40"},"modified":"2020-11-18T14:58:22","modified_gmt":"2020-11-18T13:58:22","slug":"uvod-do-role-kuratora-v-rizeni-ve-vecech-deti-mladsich-patnacti-let-aneb-kdyz-deti-zlobi","status":"publish","type":"page","link":"https:\/\/llp.cz\/llpvision\/nabidka\/uvod-do-role-kuratora-v-rizeni-ve-vecech-deti-mladsich-patnacti-let-aneb-kdyz-deti-zlobi\/","title":{"rendered":"\u00daVOD DO ROLE KUR\u00c1TORA V \u0158\u00cdZEN\u00cd VE V\u011aCECH D\u011aT\u00cd MLAD\u0160\u00cdCH PATN\u00c1CTI LET ANEB \u201eKDY\u017d D\u011aTI ZLOB\u00cd\u2026\u201c"},"content":{"rendered":"\n<h3 class=\"wp-block-heading\">C\u00cdLOV\u00c1 SKUPINA<\/h3>\n\n\n\n<p>pracovn\u00edci OSPOD a kur\u00e1to\u0159i ml\u00e1de\u017ee<\/p>\n\n\n\n<h3 class=\"wp-block-heading\">AKREDITACE<\/h3>\n\n\n\n<p>MPSV pod \u010d. 2013\/0890-SP\/VP<\/p>\n\n\n\n<h3 class=\"wp-block-heading\">D\u00c9LKA KURZU<\/h3>\n\n\n\n<p>8 vyu\u010dovac\u00edch hodin<\/p>\n\n\n\n<h3 class=\"wp-block-heading\">NEJBLI\u017d\u0160\u00cd TERM\u00cdN<\/h3>\n\n\n\n<p>\u017d\u00e1dn\u00e9 vypsan\u00e9 term\u00edny<\/p>\n\n\n\n<h3 class=\"wp-block-heading\">LEKTO\u0158I<\/h3>\n\n\n\n<h3 class=\"wp-block-heading\">CENA<\/h3>\n\n\n\n<p>1490 K\u010d<\/p>\n\n\n\n<p>Je tomu ji\u017e v\u00edce ne\u017e deset let, co byla do \u010desk\u00e9ho pr\u00e1vn\u00edho \u0159\u00e1du po v\u00edce ne\u017e pades\u00e1ti letech navr\u00e1cena koncep\u010dn\u00ed pr\u00e1vn\u00ed \u00faprava odpov\u011bdnosti ml\u00e1de\u017ee za protipr\u00e1vn\u00ed \u010diny, a to konkr\u00e9tn\u011b z\u00e1konem \u010d. 218\/2003 Sb., o soudnictv\u00ed ve v\u011bcech ml\u00e1de\u017ee. Text z\u00e1kona v\u0161ak nezap\u0159e, \u017ee se jeho tv\u016frci zam\u011b\u0159ili p\u0159edev\u0161\u00edm na pachatele z&nbsp;\u0159ad mladistv\u00fdch. Pr\u00e1vn\u00ed \u00faprava odpov\u011bdnosti d\u011bt\u00ed mlad\u0161\u00edch 15 let za \u010diny jinak trestn\u00e9 ale mnoho aspekt\u016f \u0159\u00edzen\u00ed o \u010dinu jinak trestn\u00e9m v\u00fdslovn\u011b ne\u0159e\u0161\u00ed. V\u00fdsledkem je tak nejen velmi rozd\u00edln\u00e1 praxe v&nbsp;jednotliv\u00fdch regionech, ale rovn\u011b\u017e ne zcela jasn\u00e1 role kur\u00e1tora ml\u00e1de\u017ee v&nbsp;tomto \u0159\u00edzen\u00ed.<\/p>\n\n\n\n<p>Jak\u00e1 je tedy \u00faloha kur\u00e1tora, kdy\u017e je policejn\u00edm org\u00e1nem p\u0159izv\u00e1n k&nbsp;pod\u00e1n\u00ed vysv\u011btlen\u00ed podez\u0159el\u00fdm d\u00edt\u011btem? Jak\u00e1 m\u00e1 d\u00edt\u011b u pod\u00e1n\u00ed vysv\u011btlen\u00ed pr\u00e1va? Jak\u00e9 kroky soci\u00e1ln\u011b-pr\u00e1vn\u00ed ochrany d\u011bt\u00ed m\u016f\u017ee kur\u00e1tor ml\u00e1de\u017ee \u010dinit ji\u017e v&nbsp;pr\u016fb\u011bhu \u0159\u00edzen\u00ed a jak\u00fd bude jejich v\u00fdznam pro jeho dal\u0161\u00ed pr\u016fb\u011bh? Co je to mediace a jak\u00e9 je jej\u00ed m\u00edsto v&nbsp;\u0159\u00edzen\u00ed ve v\u011bcech d\u011bt\u00ed mlad\u0161\u00edch 15 let? P\u0159ij\u010fte se dozv\u011bd\u011bt odpov\u011bdi na tyto ot\u00e1zky a je\u0161t\u011b mnohem v\u00edce na semin\u00e1\u0159 pln\u00fd kazuistik a praktick\u00fdch p\u0159\u00edklad\u016f.<\/p>\n\n\n\n<h2 class=\"wp-block-heading\">N\u00c1PL\u0147 KURZU<\/h2>\n\n\n\n<ol class=\"wp-block-list\"><li>Kur\u00e1tor ml\u00e1de\u017ee u pod\u00e1n\u00ed vysv\u011btlen\u00ed d\u00edt\u011btem v pr\u016fb\u011bhu p\u0159\u00edpravn\u00e9ho \u0159\u00edzen\u00ed<\/li><li>Pr\u00e1ce s rodinou a rodi\u010di d\u00edt\u011bte v pr\u016fb\u011bhu \u0159\u00edzen\u00ed<\/li><li>Kur\u00e1tor ml\u00e1de\u017ee a dal\u0161\u00ed subjekty \u0159\u00edzen\u00ed o \u010dinu jinak trestn\u00e9m<\/li><li>Z\u00e1v\u011br<\/li><\/ol>\n","protected":false},"excerpt":{"rendered":"<p>C\u00cdLOV\u00c1 SKUPINA pracovn\u00edci OSPOD a kur\u00e1to\u0159i ml\u00e1de\u017ee AKREDITACE MPSV pod \u010d. 2013\/0890-SP\/VP D\u00c9LKA KURZU 8 vyu\u010dovac\u00edch hodin NEJBLI\u017d\u0160\u00cd TERM\u00cdN \u017d\u00e1dn\u00e9 vypsan\u00e9 term\u00edny LEKTO\u0158I CENA 1490 K\u010d Je tomu ji\u017e v\u00edce ne\u017e deset let, co byla do \u010desk\u00e9ho pr\u00e1vn\u00edho \u0159\u00e1du po v\u00edce ne\u017e pades\u00e1ti letech navr\u00e1cena koncep\u010dn\u00ed pr\u00e1vn\u00ed \u00faprava odpov\u011bdnosti ml\u00e1de\u017ee za protipr\u00e1vn\u00ed \u010diny, a to [&hellip;]<\/p>\n","protected":false},"author":2,"featured_media":0,"parent":25,"menu_order":0,"comment_status":"closed","ping_status":"closed","template":"","meta":{"_et_pb_use_builder":"off","_et_pb_old_content":"","_et_gb_content_width":"1080","footnotes":""},"class_list":["post-40","page","type-page","status-publish","hentry"],"yoast_head":"<!-- This site is optimized with the Yoast SEO plugin v27.5 - https:\/\/yoast.com\/product\/yoast-seo-wordpress\/ -->\n<title>\u00daVOD DO ROLE KUR\u00c1TORA V \u0158\u00cdZEN\u00cd VE V\u011aCECH D\u011aT\u00cd MLAD\u0160\u00cdCH PATN\u00c1CTI LET ANEB \u201eKDY\u017d D\u011aTI ZLOB\u00cd\u2026\u201c - LLP Vision<\/title>\n<meta name=\"robots\" content=\"index, follow, max-snippet:-1, max-image-preview:large, max-video-preview:-1\" \/>\n<link rel=\"canonical\" href=\"https:\/\/llp.cz\/llpvision\/nabidka\/uvod-do-role-kuratora-v-rizeni-ve-vecech-deti-mladsich-patnacti-let-aneb-kdyz-deti-zlobi\/\" \/>\n<meta property=\"og:locale\" content=\"cs_CZ\" \/>\n<meta property=\"og:type\" content=\"article\" \/>\n<meta property=\"og:title\" content=\"\u00daVOD DO ROLE KUR\u00c1TORA V \u0158\u00cdZEN\u00cd VE V\u011aCECH D\u011aT\u00cd MLAD\u0160\u00cdCH PATN\u00c1CTI LET ANEB \u201eKDY\u017d D\u011aTI ZLOB\u00cd\u2026\u201c - LLP Vision\" \/>\n<meta property=\"og:description\" content=\"C\u00cdLOV\u00c1 SKUPINA pracovn\u00edci OSPOD a kur\u00e1to\u0159i ml\u00e1de\u017ee AKREDITACE MPSV pod \u010d. 2013\/0890-SP\/VP D\u00c9LKA KURZU 8 vyu\u010dovac\u00edch hodin NEJBLI\u017d\u0160\u00cd TERM\u00cdN \u017d\u00e1dn\u00e9 vypsan\u00e9 term\u00edny LEKTO\u0158I CENA 1490 K\u010d Je tomu ji\u017e v\u00edce ne\u017e deset let, co byla do \u010desk\u00e9ho pr\u00e1vn\u00edho \u0159\u00e1du po v\u00edce ne\u017e pades\u00e1ti letech navr\u00e1cena koncep\u010dn\u00ed pr\u00e1vn\u00ed \u00faprava odpov\u011bdnosti ml\u00e1de\u017ee za protipr\u00e1vn\u00ed \u010diny, a to [&hellip;]\" \/>\n<meta property=\"og:url\" content=\"https:\/\/llp.cz\/llpvision\/nabidka\/uvod-do-role-kuratora-v-rizeni-ve-vecech-deti-mladsich-patnacti-let-aneb-kdyz-deti-zlobi\/\" \/>\n<meta property=\"og:site_name\" content=\"LLP Vision\" \/>\n<meta property=\"article:modified_time\" content=\"2020-11-18T13:58:22+00:00\" \/>\n<meta name=\"twitter:card\" content=\"summary_large_image\" \/>\n<meta name=\"twitter:label1\" content=\"Odhadovan\u00e1 doba \u010dten\u00ed\" \/>\n\t<meta name=\"twitter:data1\" content=\"2 minuty\" \/>\n<script type=\"application\/ld+json\" class=\"yoast-schema-graph\">{\"@context\":\"https:\\\/\\\/schema.org\",\"@graph\":[{\"@type\":\"WebPage\",\"@id\":\"https:\\\/\\\/llp.cz\\\/llpvision\\\/nabidka\\\/uvod-do-role-kuratora-v-rizeni-ve-vecech-deti-mladsich-patnacti-let-aneb-kdyz-deti-zlobi\\\/\",\"url\":\"https:\\\/\\\/llp.cz\\\/llpvision\\\/nabidka\\\/uvod-do-role-kuratora-v-rizeni-ve-vecech-deti-mladsich-patnacti-let-aneb-kdyz-deti-zlobi\\\/\",\"name\":\"\u00daVOD DO ROLE KUR\u00c1TORA V \u0158\u00cdZEN\u00cd VE V\u011aCECH D\u011aT\u00cd MLAD\u0160\u00cdCH PATN\u00c1CTI LET ANEB \u201eKDY\u017d D\u011aTI ZLOB\u00cd\u2026\u201c - LLP Vision\",\"isPartOf\":{\"@id\":\"https:\\\/\\\/llp.cz\\\/llpvision\\\/#website\"},\"datePublished\":\"2020-11-18T13:58:21+00:00\",\"dateModified\":\"2020-11-18T13:58:22+00:00\",\"breadcrumb\":{\"@id\":\"https:\\\/\\\/llp.cz\\\/llpvision\\\/nabidka\\\/uvod-do-role-kuratora-v-rizeni-ve-vecech-deti-mladsich-patnacti-let-aneb-kdyz-deti-zlobi\\\/#breadcrumb\"},\"inLanguage\":\"cs\",\"potentialAction\":[{\"@type\":\"ReadAction\",\"target\":[\"https:\\\/\\\/llp.cz\\\/llpvision\\\/nabidka\\\/uvod-do-role-kuratora-v-rizeni-ve-vecech-deti-mladsich-patnacti-let-aneb-kdyz-deti-zlobi\\\/\"]}]},{\"@type\":\"BreadcrumbList\",\"@id\":\"https:\\\/\\\/llp.cz\\\/llpvision\\\/nabidka\\\/uvod-do-role-kuratora-v-rizeni-ve-vecech-deti-mladsich-patnacti-let-aneb-kdyz-deti-zlobi\\\/#breadcrumb\",\"itemListElement\":[{\"@type\":\"ListItem\",\"position\":1,\"name\":\"Dom\u016f\",\"item\":\"https:\\\/\\\/llp.cz\\\/llpvision\\\/\"},{\"@type\":\"ListItem\",\"position\":2,\"name\":\"NAB\u00cdDKA\",\"item\":\"https:\\\/\\\/llp.cz\\\/llpvision\\\/?page_id=25\"},{\"@type\":\"ListItem\",\"position\":3,\"name\":\"\u00daVOD DO ROLE KUR\u00c1TORA V \u0158\u00cdZEN\u00cd VE V\u011aCECH D\u011aT\u00cd MLAD\u0160\u00cdCH PATN\u00c1CTI LET ANEB \u201eKDY\u017d D\u011aTI ZLOB\u00cd\u2026\u201c\"}]},{\"@type\":\"WebSite\",\"@id\":\"https:\\\/\\\/llp.cz\\\/llpvision\\\/#website\",\"url\":\"https:\\\/\\\/llp.cz\\\/llpvision\\\/\",\"name\":\"LLP Vision\",\"description\":\"Soci\u00e1ln\u00ed podnik Ligy lidsk\u00fdch pr\u00e1v\",\"potentialAction\":[{\"@type\":\"SearchAction\",\"target\":{\"@type\":\"EntryPoint\",\"urlTemplate\":\"https:\\\/\\\/llp.cz\\\/llpvision\\\/?s={search_term_string}\"},\"query-input\":{\"@type\":\"PropertyValueSpecification\",\"valueRequired\":true,\"valueName\":\"search_term_string\"}}],\"inLanguage\":\"cs\"}]}<\/script>\n<!-- \/ Yoast SEO plugin. -->","yoast_head_json":{"title":"\u00daVOD DO ROLE KUR\u00c1TORA V \u0158\u00cdZEN\u00cd VE V\u011aCECH D\u011aT\u00cd MLAD\u0160\u00cdCH PATN\u00c1CTI LET ANEB \u201eKDY\u017d D\u011aTI ZLOB\u00cd\u2026\u201c - LLP Vision","robots":{"index":"index","follow":"follow","max-snippet":"max-snippet:-1","max-image-preview":"max-image-preview:large","max-video-preview":"max-video-preview:-1"},"canonical":"https:\/\/llp.cz\/llpvision\/nabidka\/uvod-do-role-kuratora-v-rizeni-ve-vecech-deti-mladsich-patnacti-let-aneb-kdyz-deti-zlobi\/","og_locale":"cs_CZ","og_type":"article","og_title":"\u00daVOD DO ROLE KUR\u00c1TORA V \u0158\u00cdZEN\u00cd VE V\u011aCECH D\u011aT\u00cd MLAD\u0160\u00cdCH PATN\u00c1CTI LET ANEB \u201eKDY\u017d D\u011aTI ZLOB\u00cd\u2026\u201c - LLP Vision","og_description":"C\u00cdLOV\u00c1 SKUPINA pracovn\u00edci OSPOD a kur\u00e1to\u0159i ml\u00e1de\u017ee AKREDITACE MPSV pod \u010d. 2013\/0890-SP\/VP D\u00c9LKA KURZU 8 vyu\u010dovac\u00edch hodin NEJBLI\u017d\u0160\u00cd TERM\u00cdN \u017d\u00e1dn\u00e9 vypsan\u00e9 term\u00edny LEKTO\u0158I CENA 1490 K\u010d Je tomu ji\u017e v\u00edce ne\u017e deset let, co byla do \u010desk\u00e9ho pr\u00e1vn\u00edho \u0159\u00e1du po v\u00edce ne\u017e pades\u00e1ti letech navr\u00e1cena koncep\u010dn\u00ed pr\u00e1vn\u00ed \u00faprava odpov\u011bdnosti ml\u00e1de\u017ee za protipr\u00e1vn\u00ed \u010diny, a to [&hellip;]","og_url":"https:\/\/llp.cz\/llpvision\/nabidka\/uvod-do-role-kuratora-v-rizeni-ve-vecech-deti-mladsich-patnacti-let-aneb-kdyz-deti-zlobi\/","og_site_name":"LLP Vision","article_modified_time":"2020-11-18T13:58:22+00:00","twitter_card":"summary_large_image","twitter_misc":{"Odhadovan\u00e1 doba \u010dten\u00ed":"2 minuty"},"schema":{"@context":"https:\/\/schema.org","@graph":[{"@type":"WebPage","@id":"https:\/\/llp.cz\/llpvision\/nabidka\/uvod-do-role-kuratora-v-rizeni-ve-vecech-deti-mladsich-patnacti-let-aneb-kdyz-deti-zlobi\/","url":"https:\/\/llp.cz\/llpvision\/nabidka\/uvod-do-role-kuratora-v-rizeni-ve-vecech-deti-mladsich-patnacti-let-aneb-kdyz-deti-zlobi\/","name":"\u00daVOD DO ROLE KUR\u00c1TORA V \u0158\u00cdZEN\u00cd VE V\u011aCECH D\u011aT\u00cd MLAD\u0160\u00cdCH PATN\u00c1CTI LET ANEB \u201eKDY\u017d D\u011aTI ZLOB\u00cd\u2026\u201c - LLP Vision","isPartOf":{"@id":"https:\/\/llp.cz\/llpvision\/#website"},"datePublished":"2020-11-18T13:58:21+00:00","dateModified":"2020-11-18T13:58:22+00:00","breadcrumb":{"@id":"https:\/\/llp.cz\/llpvision\/nabidka\/uvod-do-role-kuratora-v-rizeni-ve-vecech-deti-mladsich-patnacti-let-aneb-kdyz-deti-zlobi\/#breadcrumb"},"inLanguage":"cs","potentialAction":[{"@type":"ReadAction","target":["https:\/\/llp.cz\/llpvision\/nabidka\/uvod-do-role-kuratora-v-rizeni-ve-vecech-deti-mladsich-patnacti-let-aneb-kdyz-deti-zlobi\/"]}]},{"@type":"BreadcrumbList","@id":"https:\/\/llp.cz\/llpvision\/nabidka\/uvod-do-role-kuratora-v-rizeni-ve-vecech-deti-mladsich-patnacti-let-aneb-kdyz-deti-zlobi\/#breadcrumb","itemListElement":[{"@type":"ListItem","position":1,"name":"Dom\u016f","item":"https:\/\/llp.cz\/llpvision\/"},{"@type":"ListItem","position":2,"name":"NAB\u00cdDKA","item":"https:\/\/llp.cz\/llpvision\/?page_id=25"},{"@type":"ListItem","position":3,"name":"\u00daVOD DO ROLE KUR\u00c1TORA V \u0158\u00cdZEN\u00cd VE V\u011aCECH D\u011aT\u00cd MLAD\u0160\u00cdCH PATN\u00c1CTI LET ANEB \u201eKDY\u017d D\u011aTI ZLOB\u00cd\u2026\u201c"}]},{"@type":"WebSite","@id":"https:\/\/llp.cz\/llpvision\/#website","url":"https:\/\/llp.cz\/llpvision\/","name":"LLP Vision","description":"Soci\u00e1ln\u00ed podnik Ligy lidsk\u00fdch pr\u00e1v","potentialAction":[{"@type":"SearchAction","target":{"@type":"EntryPoint","urlTemplate":"https:\/\/llp.cz\/llpvision\/?s={search_term_string}"},"query-input":{"@type":"PropertyValueSpecification","valueRequired":true,"valueName":"search_term_string"}}],"inLanguage":"cs"}]}},"_links":{"self":[{"href":"https:\/\/llp.cz\/llpvision\/wp-json\/wp\/v2\/pages\/40","targetHints":{"allow":["GET"]}}],"collection":[{"href":"https:\/\/llp.cz\/llpvision\/wp-json\/wp\/v2\/pages"}],"about":[{"href":"https:\/\/llp.cz\/llpvision\/wp-json\/wp\/v2\/types\/page"}],"author":[{"embeddable":true,"href":"https:\/\/llp.cz\/llpvision\/wp-json\/wp\/v2\/users\/2"}],"replies":[{"embeddable":true,"href":"https:\/\/llp.cz\/llpvision\/wp-json\/wp\/v2\/comments?post=40"}],"version-history":[{"count":1,"href":"https:\/\/llp.cz\/llpvision\/wp-json\/wp\/v2\/pages\/40\/revisions"}],"predecessor-version":[{"id":41,"href":"https:\/\/llp.cz\/llpvision\/wp-json\/wp\/v2\/pages\/40\/revisions\/41"}],"up":[{"embeddable":true,"href":"https:\/\/llp.cz\/llpvision\/wp-json\/wp\/v2\/pages\/25"}],"wp:attachment":[{"href":"https:\/\/llp.cz\/llpvision\/wp-json\/wp\/v2\/media?parent=40"}],"curies":[{"name":"wp","href":"https:\/\/api.w.org\/{rel}","templated":true}]}}