{"id":98,"date":"2016-12-01T16:13:11","date_gmt":"2016-12-01T15:13:11","guid":{"rendered":"http:\/\/llp.cz\/ferove-vysetrovani\/?page_id=98"},"modified":"2022-11-01T11:01:52","modified_gmt":"2022-11-01T10:01:52","slug":"squat-milada","status":"publish","type":"page","link":"https:\/\/llp.cz\/ferove-vysetrovani\/pripady\/squat-milada\/","title":{"rendered":"Policejn\u00ed z\u00e1sah na squatu Milada"},"content":{"rendered":"<p><strong>Na za\u010d\u00e1tku l\u00e9ta v roce 2012 p\u0159\u00edznivci squattingu uspo\u0159\u00e1dali vzpom\u00ednkovou a protestn\u00ed akci v objektu b\u00fdval\u00e9ho squatu Milada, kter\u00fd st\u00e1t po jeho vyklizen\u00ed nechal zch\u00e1trat. Policie na to reagovala monstr\u00f3zn\u00ed protiakc\u00ed se zapojen\u00edm vrtuln\u00edku a des\u00edtek t\u011b\u017ekood\u011bnc\u016f a nakonec vnikla do budovy. P\u0159esto\u017ee nikdo z \u00fa\u010dastn\u00edk\u016f akce nekladl odpor, policist\u00e9 vytvo\u0159ili \u201ebic\u00ed uli\u010dku\u201c a ka\u017edou vyv\u00e1d\u011bnou osobu \u010dekalo kop\u00e1n\u00ed a bit\u00ed p\u011bstmi a obu\u0161ky. N\u011bkolik lid\u00ed muselo b\u00fdt o\u0161et\u0159eno v nemocnici. Policist\u00e9 taky zni\u010dili hudebn\u00ed aparaturu a gramofonov\u00e9 desky.<\/strong><\/p>\n<p>Na p\u0159elomu \u010dervna a \u010dervence roku 2012, tak jako po minul\u00e9 roky, se konalo p\u0159ipomenut\u00ed pam\u00e1tky b\u00fdval\u00e9ho squatu Milada formou kulturn\u011b-sportovn\u00ed akce, jej\u00edm\u017e smyslem bylo jednak upozornit na to, od vyklizen\u00ed squatu v roce 2009 se s nemovitost\u00ed nic ned\u011bje a st\u00e1t ji nech\u00e1v\u00e1 i nad\u00e1le ch\u00e1trat, a z\u00e1rove\u0148 pouk\u00e1zat na spole\u010densk\u00fd probl\u00e9m dostupnosti bydlen\u00ed, kdy na jedn\u00e9 stran\u011b je st\u00e1le v\u00edce lid\u00ed bez domova se v\u0161emi z toho vypl\u00fdvaj\u00edc\u00edmi d\u016fsledky, na druh\u00e9 stran\u011b existuje \u0159ada opu\u0161t\u011bn\u00fdch dom\u016f, kter\u00e9 majitel\u00e9 \u00famysln\u011b nech\u00e1vaj\u00ed ch\u00e1trat.<\/p>\n<p>\u00da\u010dastn\u00edci akce se pod vlivem nostalgie po d\u0159\u00edve funguj\u00edc\u00ed obyvateln\u00e9 vile b\u011bhem akce spont\u00e1nn\u011b rozhodli, \u017ee se p\u0159em\u00edst\u00ed do vily. Asi kolem 21. a\u017e 22. hodiny se p\u0159em\u00edstili i s hudebn\u00ed technikou a sv\u00fdmi v\u011bcmi do vily. N\u00e1sledn\u011b se p\u0159ed vilou za\u010dala shroma\u017e\u010fovat policie. Policie \u00fa\u010dastn\u00edky vyzvala k opu\u0161t\u011bn\u00ed vily do p\u016flnoci s t\u00edm, \u017ee pokud tak u\u010din\u00ed, bude provedena pouze identifikace osob a pot\u00e9 budou moci j\u00edt dom\u016f. \u00da\u010dastn\u00edci akce se domluvili, \u017ee objekt opust\u00ed a\u017e za sv\u00edt\u00e1n\u00ed, a to i kv\u016fli sv\u00e9 bezpe\u010dnosti a ochran\u011b sv\u00fdch v\u011bc\u00ed, nebo\u0165 vyklizen\u00ed za sv\u011btla umo\u017en\u00ed bezpe\u010dn\u00e9 opu\u0161t\u011bn\u00ed objektu. Policie v\u0161ak trvala na sv\u00e9m po\u017eadavku opu\u0161t\u011bn\u00ed vily do p\u016flnoci, jinak dojde k n\u00e1siln\u00e9mu vyklizen\u00ed.<\/p>\n<p>Kdy\u017e \u00fa\u010dastn\u00edci akce odm\u00edtli dobrovoln\u011b opustit vilu, policie zah\u00e1jila sv\u016fj z\u00e1sah. Z pou\u017eit\u00ed motorov\u00e9 pily a beranidla vnikla do objektu, zat\u00edmco nad vilou l\u00e9tal vrtuln\u00edk. Do budovy vtrhlo asi 15 a\u017e 30 policist\u016f, za\u010dali \u0159v\u00e1t a ani\u017e by kdokoliv kladl odpor, za\u010dali okam\u017eit\u011b b\u00edt obu\u0161kem lidi, kte\u0159\u00ed st\u00e1li pobl\u00ed\u017e. Kdokoliv n\u011bco \u0159ekl nebo se pohnul, dostal od policist\u016f r\u00e1nu obu\u0161kem. N\u00e1sledn\u011b za\u010dala policie \u00fa\u010dastn\u00edky akce postupn\u011b odv\u00e1d\u011bt a cestou k v\u00fdchodu vytvo\u0159ili tzv. \u201ebic\u00ed uli\u010dku\u201c, kde \u00fa\u010dastn\u00edci akci byli kop\u00e1ni a biti p\u011bstmi nebo teleskopick\u00fdmi obu\u0161ky.<\/p>\n<p>\u0158ada lid\u00ed m\u011bla v d\u016fsledku z\u00e1sahu policie lehk\u00e1 zran\u011bn\u00ed, ale n\u011bkte\u0159\u00ed z \u00fa\u010dastn\u00edk\u016f krv\u00e1celi a museli na o\u0161et\u0159en\u00ed do nemocnice. Venku prob\u011bhla kontrola toto\u017enosti \u00fa\u010dastn\u00edk\u016f, osobn\u00ed prohl\u00eddky a \u0161acov\u00e1n\u00ed a \u010d\u00edslov\u00e1n\u00ed naps\u00e1n\u00edm \u010d\u00edsla fixou na ruku. Nikoho ze zadr\u017een\u00fdch nenechali policist\u00e9 o\u0161et\u0159it okam\u017eit\u011b po vyta\u017een\u00ed z budovy, a\u017e n\u00e1sledn\u011b bylo n\u011bkolik zran\u011bn\u00fdch odvezeno do nemocnice. \u00da\u010dastn\u00edci museli st\u00e1t op\u0159en\u00ed o policejn\u00ed anton a n\u00e1sledn\u011b byli postupn\u011b um\u00eds\u0165ov\u00e1ni do antonu, kde n\u011bkte\u0159\u00ed museli dlouho \u010dekat. Nebylo jim umo\u017en\u011bno i p\u0159es \u017e\u00e1dosti j\u00edt na z\u00e1chod.<\/p>\n<p>Krom\u011b \u00fajmy na zdrav\u00ed byla n\u011bkolika squatter\u016fm zp\u016fsobena i \u0161koda na jejich majetku. B\u011bhem z\u00e1kroku policist\u00e9 zni\u010dili hudebn\u00ed techniku a jin\u00e9 osobn\u00ed p\u0159edm\u011bty v hodnot\u011b tis\u00edc\u016f korun.<\/p>\n<p>\u010cty\u0159i z \u00fa\u010dastn\u00edk\u016f se rozhodli obr\u00e1tit se s \u017ealobou na soud. M\u011bli p\u0159edev\u0161\u00edm za to, \u017ee cel\u00fd z\u00e1sah policie byl nep\u0159im\u011b\u0159en\u00fd, a tud\u00ed\u017e nez\u00e1konn\u00fd a do\u0161lo t\u00edm k z\u00e1sahu do n\u011bkolika z\u00e1kladn\u00edch pr\u00e1v \u017ealobc\u016f \u2013 zejm\u00e9na do pr\u00e1va na svobodu projevu, resp. pr\u00e1va na pokojn\u00e9 shroma\u017e\u010fov\u00e1n\u00ed a d\u00e1le pr\u00e1va na ochranu zdrav\u00ed nebo vlastnick\u00e9ho pr\u00e1va.<\/p>\n<p><strong>Dosavadn\u00ed v\u00fdvoj p\u0159\u00edpadu:<\/strong><\/p>\n<ul>\n<li>srpen 2012 \u2013 spr\u00e1vn\u00ed \u017ealoba proti nez\u00e1konn\u00e9mu z\u00e1sahu<\/li>\n<li>\u010derven 2014 \u2013 M\u011bstsk\u00fd soud v Praze \u017ealobu <a href=\"https:\/\/vyhledavac.nssoud.cz\/DokumentOriginal\/Html\/547893\" target=\"_blank\" rel=\"noopener\">zam\u00edtl<\/a> (\u010d. j. 9 A 153\/2012-245)<\/li>\n<li>\u0159\u00edjen 2014 \u2013 pod\u00e1na kasa\u010dn\u00ed st\u00ed\u017enost<\/li>\n<li>kv\u011bten 2015 \u2013 Nejvy\u0161\u0161\u00ed spr\u00e1vn\u00ed soud <a href=\"https:\/\/vyhledavac.nssoud.cz\/DokumentOriginal\/Html\/627545\" target=\"_blank\" rel=\"noopener\">zru\u0161il<\/a> rozsudek MS v Praze a vr\u00e1til v\u011bc tomuto soudu k dal\u0161\u00edmu \u0159\u00edzen\u00ed (\u010d. j. 6 As 255\/2014-42)<\/li>\n<li>\u010derven 2016 \u2013 M\u011bstsk\u00fd soud v Praze op\u011bt \u017ealobu <a href=\"https:\/\/vyhledavac.nssoud.cz\/DokumentOriginal\/Html\/530102\" target=\"_blank\" rel=\"noopener\">zam\u00edtl<\/a> (\u010d. j. 9 A 153\/2012-444)<\/li>\n<li>listopad 2016 \u2013 pod\u00e1na opakovan\u00e1 kasa\u010dn\u00ed st\u00ed\u017enost<\/li>\n<li>b\u0159ezen 2017 \u2013 Nejvy\u0161\u0161\u00ed spr\u00e1vn\u00ed soud kasa\u010dn\u00ed st\u00ed\u017enost <a href=\"https:\/\/vyhledavac.nssoud.cz\/DokumentOriginal\/Html\/641423\" target=\"_blank\" rel=\"noopener\">zam\u00edtl<\/a> (\u010d. j. 6 As 256\/2016-79)<\/li>\n<li>kv\u011bten 2017 \u2013 pod\u00e1na \u00fastavn\u00ed st\u00ed\u017enost<\/li>\n<li>\u0159\u00edjen 2017 \u2013 \u00dastavn\u00ed soud st\u00ed\u017enost <a href=\"https:\/\/www.usoud.cz\/aktualne\/policie-pri-vyklizeni-vily-milada-neporusila-zakladni-prava-stezovatelu\" target=\"_blank\" rel=\"noopener\">zam\u00edtl<\/a>, odli\u0161n\u00e9 stanovisko uplatnil soudce Ludv\u00edk David<\/li>\n<li>duben 2018 &#8211; pod\u00e1na st\u00ed\u017enost k Evropsk\u00e9mu soudu pro lidsk\u00e1 pr\u00e1va pro poru\u0161en\u00ed \u010dl. 3 (\u0161patn\u00e9 zach\u00e1zen\u00ed ze strany policie)<\/li>\n<\/ul>\n","protected":false},"excerpt":{"rendered":"<p>Na za\u010d\u00e1tku l\u00e9ta v roce 2012 p\u0159\u00edznivci squattingu uspo\u0159\u00e1dali vzpom\u00ednkovou a protestn\u00ed akci v objektu b\u00fdval\u00e9ho squatu Milada, kter\u00fd st\u00e1t po jeho vyklizen\u00ed nechal zch\u00e1trat. Policie na to reagovala monstr\u00f3zn\u00ed protiakc\u00ed se zapojen\u00edm vrtuln\u00edku a des\u00edtek t\u011b\u017ekood\u011bnc\u016f a nakonec vnikla do budovy. P\u0159esto\u017ee nikdo z \u00fa\u010dastn\u00edk\u016f akce nekladl odpor, policist\u00e9 vytvo\u0159ili \u201ebic\u00ed uli\u010dku\u201c a ka\u017edou [&hellip;]<\/p>\n","protected":false},"author":2,"featured_media":0,"parent":54,"menu_order":0,"comment_status":"closed","ping_status":"closed","template":"","meta":{"_et_pb_use_builder":"off","_et_pb_old_content":"<strong>Na za\u010d\u00e1tku l\u00e9ta v roce 2012 p\u0159\u00edznivci squattingu uspo\u0159\u00e1dali vzpom\u00ednkovou a protestn\u00ed akci v objektu b\u00fdval\u00e9ho squatu Milada, kter\u00fd st\u00e1t po jeho vyklizen\u00ed nechal zch\u00e1trat. Policie na to reagovala monstr\u00f3zn\u00ed protiakc\u00ed se zapojen\u00edm vrtuln\u00edku a des\u00edtek t\u011b\u017ekood\u011bnc\u016f a nakonec vnikla do budovy. P\u0159esto\u017ee nikdo z \u00fa\u010dastn\u00edk\u016f akce nekladl odpor, policist\u00e9 vytvo\u0159ili \u201ebic\u00ed uli\u010dku\u201c a ka\u017edou vyv\u00e1d\u011bnou osobu \u010dekalo kop\u00e1n\u00ed a bit\u00ed p\u011bstmi a obu\u0161ky. N\u011bkolik lid\u00ed muselo b\u00fdt o\u0161et\u0159eno v nemocnici. Policist\u00e9 taky zni\u010dili hudebn\u00ed aparaturu a gramofonov\u00e9 desky.<\/strong>\r\n\r\nNa p\u0159elomu \u010dervna a \u010dervence roku 201, tak jako po minul\u00e9 roky, se konalo p\u0159ipomenut\u00ed pam\u00e1tky b\u00fdval\u00e9ho squatu Milada formou kulturn\u011b-sportovn\u00ed akce, jeho\u017e smyslem bylo jednak upozornit na to, od vyklizen\u00ed squatu v\u00a0roce 2009 se s\u00a0nemovitost\u00ed nic ned\u011bje a st\u00e1t j\u00ed nech\u00e1v\u00e1 i nad\u00e1le ch\u00e1trat, a z\u00e1rove\u0148 pouk\u00e1zat na spole\u010densk\u00fd probl\u00e9m dostupnosti bydlen\u00ed, kdy na jedn\u00e9 stran\u011b je st\u00e1le v\u00edce lid\u00ed bez domova se v\u0161emi z toho vypl\u00fdvaj\u00edc\u00edmi d\u016fsledky, na druh\u00e9 stran\u011b existuje \u0159ada opu\u0161t\u011bn\u00fdch dom\u016f, kter\u00e9 majitel\u00e9 \u00famysln\u011b nech\u00e1vaj\u00ed ch\u00e1trat.\r\n\r\n\u00da\u010dastn\u00edci akce se pod vlivem nostalgie po d\u0159\u00edve funguj\u00edc\u00ed obyvateln\u00e9 vile b\u011bhem akce spont\u00e1nn\u011b rozhodli, \u017ee se p\u0159em\u00edst\u00ed do vily. Asi kolem 21. a\u017e 22. hodiny se p\u0159em\u00edstili i s hudebn\u00ed technikou a sv\u00fdmi v\u011bcmi do vily. N\u00e1sledn\u011b se p\u0159ed vilou za\u010dala shroma\u017e\u010fovat policie. Policie squattery vyzvala k\u00a0 opu\u0161t\u011bn\u00ed vily do p\u016flnoci s\u00a0t\u00edm, \u017ee pokud tak u\u010din\u00ed, bude provedena pouze identifikace osob a pot\u00e9 budou moci j\u00edt dom\u016f. Squatte\u0159i se domluvili, \u017ee objekt opust\u00ed a\u017e za sv\u00edt\u00e1n\u00ed, a to i kv\u016fli sv\u00e9 bezpe\u010dnosti a ochran\u011b sv\u00fdch v\u011bc\u00ed, nebo\u0165 vyklizen\u00ed za sv\u011btla umo\u017en\u00ed bezpe\u010dn\u00e9 opu\u0161t\u011bn\u00ed objektu. Policie v\u0161ak trvala na sv\u00e9m po\u017eadavku opu\u0161t\u011bn\u00ed vily do p\u016flnoci, jinak dojde k\u00a0n\u00e1siln\u00e9mu vyklizen\u00ed.\r\n\r\nKdy\u017e \u00fa\u010dastn\u00edci akce odm\u00edtli dobrovoln\u011b opustit vilu, policie zah\u00e1jila z\u00e1krok. Z\u00a0pou\u017eit\u00ed motorov\u00e9 pily a beranidla vnikla do objektu, zat\u00edmco nad vilou l\u00e9tal vrtuln\u00edk. Do budovy vtrhlo asi 15 a\u017e 30 policist\u016f, za\u010dali \u0159v\u00e1t a ani\u017e by kdokoliv kladl odpor, za\u010dali okam\u017eit\u011b b\u00edt obu\u0161kem lidi, kte\u0159\u00ed st\u00e1li pobl\u00ed\u017e. Kdokoliv n\u011bco \u0159ekl nebo se pohnul, dostal od policist\u016f r\u00e1nu obu\u0161kem. N\u00e1sledn\u011b za\u010dala policie \u00fa\u010dastn\u00edky akce postupn\u011b odv\u00e1d\u011bt a cestou k v\u00fdchodu vytvo\u0159ili tzv. \u201ebic\u00ed uli\u010dku\u201c, kde \u00fa\u010dastn\u00edci akci byli kap\u00e1ni a byt\u00ed p\u011bstmi nebo teleskopick\u00fdmi obu\u0161ky.\r\n\r\n\u0158ada lid\u00ed m\u011bla v d\u016fsledku z\u00e1sahu policie lehk\u00e1 zran\u011bn\u00ed, ale n\u011bkte\u0159\u00ed z \u00fa\u010dastn\u00edk\u016f krv\u00e1celi a museli na o\u0161et\u0159en\u00ed do nemocnice. Venku prob\u011bhla kontrola toto\u017enosti \u00fa\u010dastn\u00edk\u016f, osobn\u00ed prohl\u00eddky a \u0161acov\u00e1n\u00ed a \u010d\u00edslov\u00e1n\u00ed naps\u00e1n\u00edm \u010d\u00edsla fixou na ruku. Nikoho ze zadr\u017een\u00fdch nenechali policist\u00e9 o\u0161et\u0159it okam\u017eit\u011b po vyta\u017een\u00ed z budovy, a\u017e n\u00e1sledn\u011b bylo n\u011bkolik zran\u011bn\u00fdch odvezeno do nemocnice. \u00da\u010dastn\u00edci museli st\u00e1t op\u0159en\u00ed o policejn\u00ed anton a n\u00e1sledn\u011b byli postupn\u011b um\u00eds\u0165ov\u00e1ni do antonu, kde n\u011bkte\u0159\u00ed museli dlouho \u010dekat. Nebylo jim umo\u017en\u011bno i p\u0159es \u017e\u00e1dosti j\u00edt na z\u00e1chod.\r\n\r\nKrom\u011b \u00fajmy na zdrav\u00ed byla n\u011bkolika squatter\u016fm zp\u016fsobena i zna\u010dn\u00e1 \u0161koda na jejich majetku. B\u011bhem z\u00e1kroku policist\u00e9 zni\u010dili hudebn\u00ed techniku a jin\u00e9 osobn\u00ed p\u0159edm\u011bty v\u00a0hodnot\u011b n\u011bkolika tis\u00edc\u016f korun.\r\n\r\n\u010cty\u0159i z\u00a0\u00fa\u010dastn\u00edk\u016f se rozhodli, \u017ee podobn\u00e9 jedn\u00e1n\u00ed police nelze v\u00a0\u017e\u00e1dn\u00e9m p\u0159\u00edpad\u011b tolerovat a obr\u00e1tili se na soud. M\u011bli p\u0159edev\u0161\u00edm za to, \u017ee cel\u00fd z\u00e1sah policie byl nep\u0159im\u011b\u0159en\u00fd a tud\u00ed\u017e nez\u00e1konn\u00fd a do\u0161lo n\u00edm k\u00a0z\u00e1sahu do n\u011bkolika z\u00e1kladn\u00edch pr\u00e1v \u017ealobc\u016f \u2013 zejm\u00e9na do pr\u00e1va na svobodu projevu, resp. pr\u00e1va na pokojn\u00e9 shroma\u017e\u010fov\u00e1n\u00ed a d\u00e1le pr\u00e1va na zdrav\u00ed nebo pr\u00e1va na majetek.\r\n\r\n<strong>Dosavadn\u00ed v\u00fdvoj p\u0159\u00edpadu:<\/strong>\r\n<ul>\r\n \t<li>srpen 2012 \u2013 spr\u00e1vn\u00ed \u017ealoba proti nez\u00e1konn\u00e9mu z\u00e1sahu<\/li>\r\n \t<li>\u010derven 2014 \u2013 rozsudek M\u011bstsk\u00e9ho soudu v\u00a0Praze, kter\u00fdm byla \u017ealoba zam\u00edtnuta (\u010d.j. 9 A 153\/2012- 245)<\/li>\r\n \t<li>\u0159\u00edjen 2014 \u2013 pod\u00e1na kasa\u010dn\u00ed st\u00ed\u017enost<\/li>\r\n \t<li>kv\u011bten 2015 \u2013 Nejvy\u0161\u0161\u00ed spr\u00e1vn\u00ed soud zru\u0161il rozsudek MS v\u00a0Praze a vr\u00e1til v\u011bc tomuto soudu k\u00a0dal\u0161\u00edmu \u0159\u00edzen\u00ed (\u010d.j. 6 As 255\/2014 \u2013 42)<\/li>\r\n \t<li>\u010derven 2016 \u2013 M\u011bstsk\u00fd soud v\u00a0Praze op\u011bt zam\u00edtl \u017ealobu (\u010d.j. 9A 153\/2012 \u2013 444)<\/li>\r\n \t<li>listopad 2016 \u2013 bude pod\u00e1na opakovan\u00e1 kasa\u010dn\u00ed st\u00ed\u017enost<\/li>\r\n<\/ul>","_et_gb_content_width":"","footnotes":""},"class_list":["post-98","page","type-page","status-publish","hentry"],"yoast_head":"<!-- This site is optimized with the Yoast SEO plugin v27.5 - https:\/\/yoast.com\/product\/yoast-seo-wordpress\/ -->\n<title>Policejn\u00ed z\u00e1sah na squatu Milada - F\u00e9rov\u00e9 vy\u0161et\u0159ov\u00e1n\u00ed<\/title>\n<meta name=\"robots\" content=\"index, follow, max-snippet:-1, max-image-preview:large, max-video-preview:-1\" \/>\n<link rel=\"canonical\" href=\"https:\/\/llp.cz\/ferove-vysetrovani\/pripady\/squat-milada\/\" \/>\n<meta property=\"og:locale\" content=\"cs_CZ\" \/>\n<meta property=\"og:type\" content=\"article\" \/>\n<meta property=\"og:title\" content=\"Policejn\u00ed z\u00e1sah na squatu Milada - F\u00e9rov\u00e9 vy\u0161et\u0159ov\u00e1n\u00ed\" \/>\n<meta property=\"og:description\" content=\"Na za\u010d\u00e1tku l\u00e9ta v roce 2012 p\u0159\u00edznivci squattingu uspo\u0159\u00e1dali vzpom\u00ednkovou a protestn\u00ed akci v objektu b\u00fdval\u00e9ho squatu Milada, kter\u00fd st\u00e1t po jeho vyklizen\u00ed nechal zch\u00e1trat. Policie na to reagovala monstr\u00f3zn\u00ed protiakc\u00ed se zapojen\u00edm vrtuln\u00edku a des\u00edtek t\u011b\u017ekood\u011bnc\u016f a nakonec vnikla do budovy. P\u0159esto\u017ee nikdo z \u00fa\u010dastn\u00edk\u016f akce nekladl odpor, policist\u00e9 vytvo\u0159ili \u201ebic\u00ed uli\u010dku\u201c a ka\u017edou [&hellip;]\" \/>\n<meta property=\"og:url\" content=\"https:\/\/llp.cz\/ferove-vysetrovani\/pripady\/squat-milada\/\" \/>\n<meta property=\"og:site_name\" content=\"F\u00e9rov\u00e9 vy\u0161et\u0159ov\u00e1n\u00ed\" \/>\n<meta property=\"article:modified_time\" content=\"2022-11-01T10:01:52+00:00\" \/>\n<meta name=\"twitter:card\" content=\"summary_large_image\" \/>\n<meta name=\"twitter:label1\" content=\"Odhadovan\u00e1 doba \u010dten\u00ed\" \/>\n\t<meta name=\"twitter:data1\" content=\"4 minuty\" \/>\n<script type=\"application\/ld+json\" class=\"yoast-schema-graph\">{\"@context\":\"https:\\\/\\\/schema.org\",\"@graph\":[{\"@type\":\"WebPage\",\"@id\":\"https:\\\/\\\/llp.cz\\\/ferove-vysetrovani\\\/pripady\\\/squat-milada\\\/\",\"url\":\"https:\\\/\\\/llp.cz\\\/ferove-vysetrovani\\\/pripady\\\/squat-milada\\\/\",\"name\":\"Policejn\u00ed z\u00e1sah na squatu Milada - F\u00e9rov\u00e9 vy\u0161et\u0159ov\u00e1n\u00ed\",\"isPartOf\":{\"@id\":\"https:\\\/\\\/llp.cz\\\/ferove-vysetrovani\\\/#website\"},\"datePublished\":\"2016-12-01T15:13:11+00:00\",\"dateModified\":\"2022-11-01T10:01:52+00:00\",\"breadcrumb\":{\"@id\":\"https:\\\/\\\/llp.cz\\\/ferove-vysetrovani\\\/pripady\\\/squat-milada\\\/#breadcrumb\"},\"inLanguage\":\"cs\",\"potentialAction\":[{\"@type\":\"ReadAction\",\"target\":[\"https:\\\/\\\/llp.cz\\\/ferove-vysetrovani\\\/pripady\\\/squat-milada\\\/\"]}]},{\"@type\":\"BreadcrumbList\",\"@id\":\"https:\\\/\\\/llp.cz\\\/ferove-vysetrovani\\\/pripady\\\/squat-milada\\\/#breadcrumb\",\"itemListElement\":[{\"@type\":\"ListItem\",\"position\":1,\"name\":\"Dom\u016f\",\"item\":\"https:\\\/\\\/llp.cz\\\/ferove-vysetrovani\\\/\"},{\"@type\":\"ListItem\",\"position\":2,\"name\":\"P\u0159\u00edpady\",\"item\":\"https:\\\/\\\/llp.cz\\\/ferove-vysetrovani\\\/pripady\\\/\"},{\"@type\":\"ListItem\",\"position\":3,\"name\":\"Policejn\u00ed z\u00e1sah na squatu Milada\"}]},{\"@type\":\"WebSite\",\"@id\":\"https:\\\/\\\/llp.cz\\\/ferove-vysetrovani\\\/#website\",\"url\":\"https:\\\/\\\/llp.cz\\\/ferove-vysetrovani\\\/\",\"name\":\"F\u00e9rov\u00e9 vy\u0161et\u0159ov\u00e1n\u00ed\",\"description\":\"\",\"potentialAction\":[{\"@type\":\"SearchAction\",\"target\":{\"@type\":\"EntryPoint\",\"urlTemplate\":\"https:\\\/\\\/llp.cz\\\/ferove-vysetrovani\\\/?s={search_term_string}\"},\"query-input\":{\"@type\":\"PropertyValueSpecification\",\"valueRequired\":true,\"valueName\":\"search_term_string\"}}],\"inLanguage\":\"cs\"}]}<\/script>\n<!-- \/ Yoast SEO plugin. -->","yoast_head_json":{"title":"Policejn\u00ed z\u00e1sah na squatu Milada - F\u00e9rov\u00e9 vy\u0161et\u0159ov\u00e1n\u00ed","robots":{"index":"index","follow":"follow","max-snippet":"max-snippet:-1","max-image-preview":"max-image-preview:large","max-video-preview":"max-video-preview:-1"},"canonical":"https:\/\/llp.cz\/ferove-vysetrovani\/pripady\/squat-milada\/","og_locale":"cs_CZ","og_type":"article","og_title":"Policejn\u00ed z\u00e1sah na squatu Milada - F\u00e9rov\u00e9 vy\u0161et\u0159ov\u00e1n\u00ed","og_description":"Na za\u010d\u00e1tku l\u00e9ta v roce 2012 p\u0159\u00edznivci squattingu uspo\u0159\u00e1dali vzpom\u00ednkovou a protestn\u00ed akci v objektu b\u00fdval\u00e9ho squatu Milada, kter\u00fd st\u00e1t po jeho vyklizen\u00ed nechal zch\u00e1trat. Policie na to reagovala monstr\u00f3zn\u00ed protiakc\u00ed se zapojen\u00edm vrtuln\u00edku a des\u00edtek t\u011b\u017ekood\u011bnc\u016f a nakonec vnikla do budovy. P\u0159esto\u017ee nikdo z \u00fa\u010dastn\u00edk\u016f akce nekladl odpor, policist\u00e9 vytvo\u0159ili \u201ebic\u00ed uli\u010dku\u201c a ka\u017edou [&hellip;]","og_url":"https:\/\/llp.cz\/ferove-vysetrovani\/pripady\/squat-milada\/","og_site_name":"F\u00e9rov\u00e9 vy\u0161et\u0159ov\u00e1n\u00ed","article_modified_time":"2022-11-01T10:01:52+00:00","twitter_card":"summary_large_image","twitter_misc":{"Odhadovan\u00e1 doba \u010dten\u00ed":"4 minuty"},"schema":{"@context":"https:\/\/schema.org","@graph":[{"@type":"WebPage","@id":"https:\/\/llp.cz\/ferove-vysetrovani\/pripady\/squat-milada\/","url":"https:\/\/llp.cz\/ferove-vysetrovani\/pripady\/squat-milada\/","name":"Policejn\u00ed z\u00e1sah na squatu Milada - F\u00e9rov\u00e9 vy\u0161et\u0159ov\u00e1n\u00ed","isPartOf":{"@id":"https:\/\/llp.cz\/ferove-vysetrovani\/#website"},"datePublished":"2016-12-01T15:13:11+00:00","dateModified":"2022-11-01T10:01:52+00:00","breadcrumb":{"@id":"https:\/\/llp.cz\/ferove-vysetrovani\/pripady\/squat-milada\/#breadcrumb"},"inLanguage":"cs","potentialAction":[{"@type":"ReadAction","target":["https:\/\/llp.cz\/ferove-vysetrovani\/pripady\/squat-milada\/"]}]},{"@type":"BreadcrumbList","@id":"https:\/\/llp.cz\/ferove-vysetrovani\/pripady\/squat-milada\/#breadcrumb","itemListElement":[{"@type":"ListItem","position":1,"name":"Dom\u016f","item":"https:\/\/llp.cz\/ferove-vysetrovani\/"},{"@type":"ListItem","position":2,"name":"P\u0159\u00edpady","item":"https:\/\/llp.cz\/ferove-vysetrovani\/pripady\/"},{"@type":"ListItem","position":3,"name":"Policejn\u00ed z\u00e1sah na squatu Milada"}]},{"@type":"WebSite","@id":"https:\/\/llp.cz\/ferove-vysetrovani\/#website","url":"https:\/\/llp.cz\/ferove-vysetrovani\/","name":"F\u00e9rov\u00e9 vy\u0161et\u0159ov\u00e1n\u00ed","description":"","potentialAction":[{"@type":"SearchAction","target":{"@type":"EntryPoint","urlTemplate":"https:\/\/llp.cz\/ferove-vysetrovani\/?s={search_term_string}"},"query-input":{"@type":"PropertyValueSpecification","valueRequired":true,"valueName":"search_term_string"}}],"inLanguage":"cs"}]}},"_links":{"self":[{"href":"https:\/\/llp.cz\/ferove-vysetrovani\/wp-json\/wp\/v2\/pages\/98","targetHints":{"allow":["GET"]}}],"collection":[{"href":"https:\/\/llp.cz\/ferove-vysetrovani\/wp-json\/wp\/v2\/pages"}],"about":[{"href":"https:\/\/llp.cz\/ferove-vysetrovani\/wp-json\/wp\/v2\/types\/page"}],"author":[{"embeddable":true,"href":"https:\/\/llp.cz\/ferove-vysetrovani\/wp-json\/wp\/v2\/users\/2"}],"replies":[{"embeddable":true,"href":"https:\/\/llp.cz\/ferove-vysetrovani\/wp-json\/wp\/v2\/comments?post=98"}],"version-history":[{"count":6,"href":"https:\/\/llp.cz\/ferove-vysetrovani\/wp-json\/wp\/v2\/pages\/98\/revisions"}],"predecessor-version":[{"id":1021,"href":"https:\/\/llp.cz\/ferove-vysetrovani\/wp-json\/wp\/v2\/pages\/98\/revisions\/1021"}],"up":[{"embeddable":true,"href":"https:\/\/llp.cz\/ferove-vysetrovani\/wp-json\/wp\/v2\/pages\/54"}],"wp:attachment":[{"href":"https:\/\/llp.cz\/ferove-vysetrovani\/wp-json\/wp\/v2\/media?parent=98"}],"curies":[{"name":"wp","href":"https:\/\/api.w.org\/{rel}","templated":true}]}}