{"id":925,"date":"2017-03-30T14:52:02","date_gmt":"2017-03-30T12:52:02","guid":{"rendered":"http:\/\/llp.cz\/ferove-vysetrovani\/?page_id=925"},"modified":"2017-03-30T14:52:02","modified_gmt":"2017-03-30T12:52:02","slug":"policiste-donutili-skocit-zadrzeneho-muze-okna-pote-jeste-mucili","status":"publish","type":"page","link":"https:\/\/llp.cz\/ferove-vysetrovani\/pripady\/policiste-donutili-skocit-zadrzeneho-muze-okna-pote-jeste-mucili\/","title":{"rendered":"Policist\u00e9 donutili sko\u010dit zadr\u017een\u00e9ho mu\u017ee z okna, pot\u00e9 ho je\u0161t\u011b mu\u010dili"},"content":{"rendered":"<p><strong>Zadr\u017een\u00fd mu\u017e byl vysl\u00fdch\u00e1n na policejn\u00ed stanici v\u00a0souvislosti se sp\u00e1ch\u00e1n\u00ed trestn\u00e9ho \u010dinu kr\u00e1de\u017ee, na\u010de\u017e mu policajti \u00fadajn\u011b dali ultim\u00e1tum: bu\u010f podep\u00ed\u0161e p\u0159izn\u00e1n\u00ed, nebo m\u00e1 rad\u011bji sp\u00e1chat sebevra\u017edu. Mu\u017e n\u00e1sledn\u011b vysko\u010dil z\u00a0okna p\u00e1t\u00e9ho patra, v\u00a0d\u016fsledku \u010deho si zlomil nohu, pak je policisti kopali a bili. <\/strong><\/p>\n<p>Jedena\u010dty\u0159icetilet\u00fd mu\u017e podez\u0159el\u00fd z\u00a0kr\u00e1de\u017e\u00ed byl na policejn\u00ed stanici p\u0159ipout\u00e1n k\u00a0z\u00e1bradl\u00ed. Mu\u017e m\u011bl sice v minulosti probl\u00e9my se z\u00e1konem, tentokr\u00e1t byl ale nucen k dozn\u00e1n\u00ed ke kr\u00e1de\u017ei, kterou podle sv\u00fdch slov nesp\u00e1chal. B\u011bhem v\u00fdslechu mu \u00fadajn\u011b policista \u0159ekl: \u201eOkr\u00e1d\u00e1\u0161 slu\u0161n\u00e9 lidi. Bu\u010f se ke v\u0161emu p\u0159izn\u00e1\u0161, nebo bude lep\u0161\u00ed, kdy\u017e se zabije\u0161&#8220;. Pot\u00e9, co policista ode\u0161el z\u00a0m\u00edstnosti se mu\u017e z pout vymanil, vysko\u010dil z okna a p\u0159i dopadu o t\u0159i patra n\u00ed\u017e si zlomil nohu. Dal\u0161\u00ed dva policist\u00e9 ho pot\u00e9 odvlekli zp\u011bt nahoru a za\u010dali ho b\u00edt a kopat do n\u011bj tak, \u017ee k\u0159i\u010del bolest\u00ed a volal o pomoc. Sanitku zavolali a\u017e dal\u0161\u00ed kolegov\u00e9. P\u0159\u00edpad se odehr\u00e1l v\u00a0z\u00e1\u0159\u00ed 2014.<\/p>\n<p>Za toto jedn\u00e1n\u00ed si t\u0159i policist\u00e9 vyslou\u017eili trestn\u00ed st\u00edh\u00e1n\u00ed za sp\u00e1ch\u00e1n\u00ed trestn\u00e9ho \u010dinu \u00fa\u010dasti na sebevra\u017ed\u011b a poru\u0161en\u00ed povinnosti str\u00e1\u017en\u00ed slu\u017eby (Ji\u0159\u00ed Zem\u00e1nek &#8211; policista, kter\u00fd zadr\u017een\u00e9ho vysl\u00fdchal p\u0159ed jeho v\u00fdskokem z\u00a0okna) a mu\u010den\u00ed a jin\u00e9ho krut\u00e9ho a nelidsk\u00e9ho zach\u00e1zen\u00ed (Petr K\u00f6lbl a Roman Leikeb \u2013 policisti, kte\u0159\u00ed zadr\u017een\u00e9ho bili). V\u00a0dubnu 2016 rozhodl o vin\u011b v\u0161ech policist\u016f.<\/p>\n<p>Zem\u00e1nek byl shled\u00e1n vinn\u00fdm z \u00fa\u010dasti na sebevra\u017ed\u011b a poru\u0161en\u00ed povinnosti str\u00e1\u017en\u00ed slu\u017eby. Dostal trest 18 m\u011bs\u00edc\u016f v\u011bzen\u00ed s odkladem na 28 m\u011bs\u00edc\u016f. Petra K\u00f6lbla a Romana Leikeba soud uznal vinn\u00fdmi z mu\u010den\u00ed a jin\u00e9ho nelidsk\u00e9ho a krut\u00e9ho zach\u00e1zen\u00ed formou spolupachatelstv\u00ed. Zran\u011bn\u00e9ho mu\u017ee bili a vlekli jej se zlomenou nohou po schodech. M\u011bstsk\u00fd soud jim ulo\u017eil 30 m\u011bs\u00edc\u016f v\u011bzen\u00ed s odkladem na 48 m\u011bs\u00edc\u016f. Po\u0161kozen\u00e9mu soud p\u0159iznal od\u0161kodn\u00e9 ve v\u00fd\u0161i 300.000 K\u010d.<\/p>\n<p>Po podan\u00e9m odvol\u00e1n\u00ed Krajsk\u00fd soud v Brn\u011b v\u00a0z\u00e1\u0159\u00ed 2009 potvrdil podm\u00edn\u011bn\u00e9 tresty policist\u016fm Petru K\u00f6lblovi a Romanu Leikebovi a uznal je vinn\u00fdmi z krut\u00e9ho zach\u00e1zen\u00ed se zadr\u017een\u00fdm mu\u017eem. Odsouzeni jsou podm\u00edn\u011bn\u011b na dva a p\u016fl roku v\u011bzen\u00ed. T\u0159et\u00edmu policistovi, Ji\u0159\u00edmu Zem\u00e1nkovi, soud trest sn\u00ed\u017eil. Sn\u00ed\u017eil tak\u00e9 od\u0161kodn\u00e9, kter\u00e9 mus\u00ed zaplatit prvn\u00ed dva. Ze t\u0159\u00ed set na sto tis\u00edc korun. Pravomocn\u00fd rozsudek pro mu\u017ee znamen\u00e1 konec slu\u017eby u policie.<\/p>\n<p>O p\u0159\u00edpadu informovala m\u00e9dia kup\u0159\u00edkladu <a href=\"http:\/\/brnensky.denik.cz\/zlociny-a-soudy\/soud-tri-policiste-z-brna-jsou-obzalovani-z-muceni-muz-pred-nimi-skocil-z-okna-20151111.html\">zde<\/a>, <a href=\"https:\/\/zpravy.aktualne.cz\/regiony\/jihomoravsky\/policiste-mucili-zadrzeneho-muze-a-primeli-ho-vyskocit-z-okn\/r~d4c1b848fa6811e5afe6002590604f2e\/\">zde<\/a> nebo <a href=\"http:\/\/www.ceskatelevize.cz\/ct24\/regiony\/jihomoravsky-kraj\/1915040-tyrali-podezreleho-u-policie-konci-soud-potvrdil-trem\">zde<\/a><\/p>\n","protected":false},"excerpt":{"rendered":"<p>Zadr\u017een\u00fd mu\u017e byl vysl\u00fdch\u00e1n na policejn\u00ed stanici v\u00a0souvislosti se sp\u00e1ch\u00e1n\u00ed trestn\u00e9ho \u010dinu kr\u00e1de\u017ee, na\u010de\u017e mu policajti \u00fadajn\u011b dali ultim\u00e1tum: bu\u010f podep\u00ed\u0161e p\u0159izn\u00e1n\u00ed, nebo m\u00e1 rad\u011bji sp\u00e1chat sebevra\u017edu. Mu\u017e n\u00e1sledn\u011b vysko\u010dil z\u00a0okna p\u00e1t\u00e9ho patra, v\u00a0d\u016fsledku \u010deho si zlomil nohu, pak je policisti kopali a bili. Jedena\u010dty\u0159icetilet\u00fd mu\u017e podez\u0159el\u00fd z\u00a0kr\u00e1de\u017e\u00ed byl na policejn\u00ed stanici p\u0159ipout\u00e1n k\u00a0z\u00e1bradl\u00ed. Mu\u017e [&hellip;]<\/p>\n","protected":false},"author":2,"featured_media":0,"parent":54,"menu_order":0,"comment_status":"closed","ping_status":"closed","template":"","meta":{"_et_pb_use_builder":"","_et_pb_old_content":"","_et_gb_content_width":"","footnotes":""},"class_list":["post-925","page","type-page","status-publish","hentry"],"yoast_head":"<!-- This site is optimized with the Yoast SEO plugin v27.5 - https:\/\/yoast.com\/product\/yoast-seo-wordpress\/ -->\n<title>Policist\u00e9 donutili sko\u010dit zadr\u017een\u00e9ho mu\u017ee z okna, pot\u00e9 ho je\u0161t\u011b mu\u010dili - F\u00e9rov\u00e9 vy\u0161et\u0159ov\u00e1n\u00ed<\/title>\n<meta name=\"robots\" content=\"index, follow, max-snippet:-1, max-image-preview:large, max-video-preview:-1\" \/>\n<link rel=\"canonical\" href=\"https:\/\/llp.cz\/ferove-vysetrovani\/pripady\/policiste-donutili-skocit-zadrzeneho-muze-okna-pote-jeste-mucili\/\" \/>\n<meta property=\"og:locale\" content=\"cs_CZ\" \/>\n<meta property=\"og:type\" content=\"article\" \/>\n<meta property=\"og:title\" content=\"Policist\u00e9 donutili sko\u010dit zadr\u017een\u00e9ho mu\u017ee z okna, pot\u00e9 ho je\u0161t\u011b mu\u010dili - F\u00e9rov\u00e9 vy\u0161et\u0159ov\u00e1n\u00ed\" \/>\n<meta property=\"og:description\" content=\"Zadr\u017een\u00fd mu\u017e byl vysl\u00fdch\u00e1n na policejn\u00ed stanici v\u00a0souvislosti se sp\u00e1ch\u00e1n\u00ed trestn\u00e9ho \u010dinu kr\u00e1de\u017ee, na\u010de\u017e mu policajti \u00fadajn\u011b dali ultim\u00e1tum: bu\u010f podep\u00ed\u0161e p\u0159izn\u00e1n\u00ed, nebo m\u00e1 rad\u011bji sp\u00e1chat sebevra\u017edu. Mu\u017e n\u00e1sledn\u011b vysko\u010dil z\u00a0okna p\u00e1t\u00e9ho patra, v\u00a0d\u016fsledku \u010deho si zlomil nohu, pak je policisti kopali a bili. Jedena\u010dty\u0159icetilet\u00fd mu\u017e podez\u0159el\u00fd z\u00a0kr\u00e1de\u017e\u00ed byl na policejn\u00ed stanici p\u0159ipout\u00e1n k\u00a0z\u00e1bradl\u00ed. Mu\u017e [&hellip;]\" \/>\n<meta property=\"og:url\" content=\"https:\/\/llp.cz\/ferove-vysetrovani\/pripady\/policiste-donutili-skocit-zadrzeneho-muze-okna-pote-jeste-mucili\/\" \/>\n<meta property=\"og:site_name\" content=\"F\u00e9rov\u00e9 vy\u0161et\u0159ov\u00e1n\u00ed\" \/>\n<meta name=\"twitter:card\" content=\"summary_large_image\" \/>\n<meta name=\"twitter:label1\" content=\"Odhadovan\u00e1 doba \u010dten\u00ed\" \/>\n\t<meta name=\"twitter:data1\" content=\"3 minuty\" \/>\n<script type=\"application\/ld+json\" class=\"yoast-schema-graph\">{\"@context\":\"https:\\\/\\\/schema.org\",\"@graph\":[{\"@type\":\"WebPage\",\"@id\":\"https:\\\/\\\/llp.cz\\\/ferove-vysetrovani\\\/pripady\\\/policiste-donutili-skocit-zadrzeneho-muze-okna-pote-jeste-mucili\\\/\",\"url\":\"https:\\\/\\\/llp.cz\\\/ferove-vysetrovani\\\/pripady\\\/policiste-donutili-skocit-zadrzeneho-muze-okna-pote-jeste-mucili\\\/\",\"name\":\"Policist\u00e9 donutili sko\u010dit zadr\u017een\u00e9ho mu\u017ee z okna, pot\u00e9 ho je\u0161t\u011b mu\u010dili - F\u00e9rov\u00e9 vy\u0161et\u0159ov\u00e1n\u00ed\",\"isPartOf\":{\"@id\":\"https:\\\/\\\/llp.cz\\\/ferove-vysetrovani\\\/#website\"},\"datePublished\":\"2017-03-30T12:52:02+00:00\",\"breadcrumb\":{\"@id\":\"https:\\\/\\\/llp.cz\\\/ferove-vysetrovani\\\/pripady\\\/policiste-donutili-skocit-zadrzeneho-muze-okna-pote-jeste-mucili\\\/#breadcrumb\"},\"inLanguage\":\"cs\",\"potentialAction\":[{\"@type\":\"ReadAction\",\"target\":[\"https:\\\/\\\/llp.cz\\\/ferove-vysetrovani\\\/pripady\\\/policiste-donutili-skocit-zadrzeneho-muze-okna-pote-jeste-mucili\\\/\"]}]},{\"@type\":\"BreadcrumbList\",\"@id\":\"https:\\\/\\\/llp.cz\\\/ferove-vysetrovani\\\/pripady\\\/policiste-donutili-skocit-zadrzeneho-muze-okna-pote-jeste-mucili\\\/#breadcrumb\",\"itemListElement\":[{\"@type\":\"ListItem\",\"position\":1,\"name\":\"Dom\u016f\",\"item\":\"https:\\\/\\\/llp.cz\\\/ferove-vysetrovani\\\/\"},{\"@type\":\"ListItem\",\"position\":2,\"name\":\"P\u0159\u00edpady\",\"item\":\"https:\\\/\\\/llp.cz\\\/ferove-vysetrovani\\\/pripady\\\/\"},{\"@type\":\"ListItem\",\"position\":3,\"name\":\"Policist\u00e9 donutili sko\u010dit zadr\u017een\u00e9ho mu\u017ee z&nbsp;okna, pot\u00e9 ho je\u0161t\u011b mu\u010dili\"}]},{\"@type\":\"WebSite\",\"@id\":\"https:\\\/\\\/llp.cz\\\/ferove-vysetrovani\\\/#website\",\"url\":\"https:\\\/\\\/llp.cz\\\/ferove-vysetrovani\\\/\",\"name\":\"F\u00e9rov\u00e9 vy\u0161et\u0159ov\u00e1n\u00ed\",\"description\":\"\",\"potentialAction\":[{\"@type\":\"SearchAction\",\"target\":{\"@type\":\"EntryPoint\",\"urlTemplate\":\"https:\\\/\\\/llp.cz\\\/ferove-vysetrovani\\\/?s={search_term_string}\"},\"query-input\":{\"@type\":\"PropertyValueSpecification\",\"valueRequired\":true,\"valueName\":\"search_term_string\"}}],\"inLanguage\":\"cs\"}]}<\/script>\n<!-- \/ Yoast SEO plugin. -->","yoast_head_json":{"title":"Policist\u00e9 donutili sko\u010dit zadr\u017een\u00e9ho mu\u017ee z okna, pot\u00e9 ho je\u0161t\u011b mu\u010dili - F\u00e9rov\u00e9 vy\u0161et\u0159ov\u00e1n\u00ed","robots":{"index":"index","follow":"follow","max-snippet":"max-snippet:-1","max-image-preview":"max-image-preview:large","max-video-preview":"max-video-preview:-1"},"canonical":"https:\/\/llp.cz\/ferove-vysetrovani\/pripady\/policiste-donutili-skocit-zadrzeneho-muze-okna-pote-jeste-mucili\/","og_locale":"cs_CZ","og_type":"article","og_title":"Policist\u00e9 donutili sko\u010dit zadr\u017een\u00e9ho mu\u017ee z okna, pot\u00e9 ho je\u0161t\u011b mu\u010dili - F\u00e9rov\u00e9 vy\u0161et\u0159ov\u00e1n\u00ed","og_description":"Zadr\u017een\u00fd mu\u017e byl vysl\u00fdch\u00e1n na policejn\u00ed stanici v\u00a0souvislosti se sp\u00e1ch\u00e1n\u00ed trestn\u00e9ho \u010dinu kr\u00e1de\u017ee, na\u010de\u017e mu policajti \u00fadajn\u011b dali ultim\u00e1tum: bu\u010f podep\u00ed\u0161e p\u0159izn\u00e1n\u00ed, nebo m\u00e1 rad\u011bji sp\u00e1chat sebevra\u017edu. Mu\u017e n\u00e1sledn\u011b vysko\u010dil z\u00a0okna p\u00e1t\u00e9ho patra, v\u00a0d\u016fsledku \u010deho si zlomil nohu, pak je policisti kopali a bili. Jedena\u010dty\u0159icetilet\u00fd mu\u017e podez\u0159el\u00fd z\u00a0kr\u00e1de\u017e\u00ed byl na policejn\u00ed stanici p\u0159ipout\u00e1n k\u00a0z\u00e1bradl\u00ed. Mu\u017e [&hellip;]","og_url":"https:\/\/llp.cz\/ferove-vysetrovani\/pripady\/policiste-donutili-skocit-zadrzeneho-muze-okna-pote-jeste-mucili\/","og_site_name":"F\u00e9rov\u00e9 vy\u0161et\u0159ov\u00e1n\u00ed","twitter_card":"summary_large_image","twitter_misc":{"Odhadovan\u00e1 doba \u010dten\u00ed":"3 minuty"},"schema":{"@context":"https:\/\/schema.org","@graph":[{"@type":"WebPage","@id":"https:\/\/llp.cz\/ferove-vysetrovani\/pripady\/policiste-donutili-skocit-zadrzeneho-muze-okna-pote-jeste-mucili\/","url":"https:\/\/llp.cz\/ferove-vysetrovani\/pripady\/policiste-donutili-skocit-zadrzeneho-muze-okna-pote-jeste-mucili\/","name":"Policist\u00e9 donutili sko\u010dit zadr\u017een\u00e9ho mu\u017ee z okna, pot\u00e9 ho je\u0161t\u011b mu\u010dili - F\u00e9rov\u00e9 vy\u0161et\u0159ov\u00e1n\u00ed","isPartOf":{"@id":"https:\/\/llp.cz\/ferove-vysetrovani\/#website"},"datePublished":"2017-03-30T12:52:02+00:00","breadcrumb":{"@id":"https:\/\/llp.cz\/ferove-vysetrovani\/pripady\/policiste-donutili-skocit-zadrzeneho-muze-okna-pote-jeste-mucili\/#breadcrumb"},"inLanguage":"cs","potentialAction":[{"@type":"ReadAction","target":["https:\/\/llp.cz\/ferove-vysetrovani\/pripady\/policiste-donutili-skocit-zadrzeneho-muze-okna-pote-jeste-mucili\/"]}]},{"@type":"BreadcrumbList","@id":"https:\/\/llp.cz\/ferove-vysetrovani\/pripady\/policiste-donutili-skocit-zadrzeneho-muze-okna-pote-jeste-mucili\/#breadcrumb","itemListElement":[{"@type":"ListItem","position":1,"name":"Dom\u016f","item":"https:\/\/llp.cz\/ferove-vysetrovani\/"},{"@type":"ListItem","position":2,"name":"P\u0159\u00edpady","item":"https:\/\/llp.cz\/ferove-vysetrovani\/pripady\/"},{"@type":"ListItem","position":3,"name":"Policist\u00e9 donutili sko\u010dit zadr\u017een\u00e9ho mu\u017ee z&nbsp;okna, pot\u00e9 ho je\u0161t\u011b mu\u010dili"}]},{"@type":"WebSite","@id":"https:\/\/llp.cz\/ferove-vysetrovani\/#website","url":"https:\/\/llp.cz\/ferove-vysetrovani\/","name":"F\u00e9rov\u00e9 vy\u0161et\u0159ov\u00e1n\u00ed","description":"","potentialAction":[{"@type":"SearchAction","target":{"@type":"EntryPoint","urlTemplate":"https:\/\/llp.cz\/ferove-vysetrovani\/?s={search_term_string}"},"query-input":{"@type":"PropertyValueSpecification","valueRequired":true,"valueName":"search_term_string"}}],"inLanguage":"cs"}]}},"_links":{"self":[{"href":"https:\/\/llp.cz\/ferove-vysetrovani\/wp-json\/wp\/v2\/pages\/925","targetHints":{"allow":["GET"]}}],"collection":[{"href":"https:\/\/llp.cz\/ferove-vysetrovani\/wp-json\/wp\/v2\/pages"}],"about":[{"href":"https:\/\/llp.cz\/ferove-vysetrovani\/wp-json\/wp\/v2\/types\/page"}],"author":[{"embeddable":true,"href":"https:\/\/llp.cz\/ferove-vysetrovani\/wp-json\/wp\/v2\/users\/2"}],"replies":[{"embeddable":true,"href":"https:\/\/llp.cz\/ferove-vysetrovani\/wp-json\/wp\/v2\/comments?post=925"}],"version-history":[{"count":1,"href":"https:\/\/llp.cz\/ferove-vysetrovani\/wp-json\/wp\/v2\/pages\/925\/revisions"}],"predecessor-version":[{"id":926,"href":"https:\/\/llp.cz\/ferove-vysetrovani\/wp-json\/wp\/v2\/pages\/925\/revisions\/926"}],"up":[{"embeddable":true,"href":"https:\/\/llp.cz\/ferove-vysetrovani\/wp-json\/wp\/v2\/pages\/54"}],"wp:attachment":[{"href":"https:\/\/llp.cz\/ferove-vysetrovani\/wp-json\/wp\/v2\/media?parent=925"}],"curies":[{"name":"wp","href":"https:\/\/api.w.org\/{rel}","templated":true}]}}