{"id":655,"date":"2017-03-26T22:52:40","date_gmt":"2017-03-26T20:52:40","guid":{"rendered":"http:\/\/llp.cz\/ferove-vysetrovani\/?page_id=655"},"modified":"2017-03-27T19:05:19","modified_gmt":"2017-03-27T17:05:19","slug":"motorkar-srazen-policejnim-vozem-zraneneho-muze-pak-policista-brutalne-napadl","status":"publish","type":"page","link":"https:\/\/llp.cz\/ferove-vysetrovani\/pripady\/motorkar-srazen-policejnim-vozem-zraneneho-muze-pak-policista-brutalne-napadl\/","title":{"rendered":"Motork\u00e1\u0159 byl sra\u017een policejn\u00edm vozem, zran\u011bn\u00e9ho mu\u017ee pak policista brut\u00e1ln\u011b napadl"},"content":{"rendered":"<p><strong>Policejn\u00ed hl\u00eddka n\u011bkolik metr\u016f pron\u00e1sledovala motork\u00e1\u0159e, pak do n\u011bj policejn\u00edm vozem najela a kdy\u017e zran\u011bn\u00fd mu\u017e le\u017eel na zemi, jeden z\u00a0policist\u016f mu u\u0161t\u011bd\u0159il kopanec a n\u011bkolik ran p\u011bst\u00ed do hlavy. <\/strong><\/p>\n<p>V\u00a0srpnu 2014 cht\u011bli policist\u00e9 zkontrolovat technick\u00fd stav motorky, dvacetilet\u00fd mu\u017e v\u0161ak za\u010dal p\u0159ed policejn\u00ed hl\u00eddkou uj\u00ed\u017ed\u011bt. Policist\u00e9 vyrazili za n\u00edm. Po n\u011bkolika metrech si motork\u00e1\u0159 uv\u011bdomil svou chybu a\u00a0za\u010dal zpomalovat. V\u00a0tu chv\u00edli do n\u011bj narazilo zezadu policejn\u00ed auto, odmr\u0161tilo ho na ze\u010f jedn\u00e9 z\u00a0budov a\u00a0samo pak najelo do sloupu.<\/p>\n<p>Cel\u00fd incident byl nato\u010den bezpe\u010dnostn\u00ed kamerou. Ze z\u00e1znamu se uk\u00e1zalo, \u017ee motork\u00e1\u0159e srazilo a natla\u010dilo na sloup policejn\u00ed auto. N\u00e1sledn\u011b, kdy\u017e zran\u011bn\u00fd motork\u00e1\u0159 le\u017eel na zemi, p\u0159istoupil k\u00a0n\u011bmu jeden z\u00a0policist\u016f, kter\u00fd do mu\u017ee kopl a minim\u00e1ln\u011b dvakr\u00e1t jej ude\u0159il p\u011bst\u00ed do hlavy. V\u00a0d\u016fsledku tohoto incidentu utrp\u011bl mu\u017e ot\u0159es mozku, m\u011bl zhmo\u017ed\u011bnou ruku a zlomen\u00fd kotn\u00edk.<\/p>\n<p>Policista skon\u010dil p\u0159ed soudem, obvin\u011bn ze sp\u00e1ch\u00e1n\u00ed trestn\u00e9ho \u010dinu zneu\u017eit\u00ed pravomoci \u00fa\u0159edn\u00ed osoby. Obvodn\u00ed soud pro Prahu 4 rozhodl o vin\u011b policisty, upustil v\u0161ak od potrest\u00e1n\u00ed s\u00a0t\u00edm, \u017ee dostate\u010dn\u00fdm trestem je pro n\u011bj u\u017e to, \u017ee se p\u0159\u00edpad p\u0159ed soudem projedn\u00e1val. Po podan\u00e9m odvol\u00e1n\u00ed st\u00e1tn\u00edho z\u00e1stupce M\u011bstsk\u00fd soud v\u00a0Praze ulo\u017eil obvin\u011bn\u00e9mu podm\u00edn\u011bn\u00fd trest odn\u011bt\u00ed svobody na dva roky, odlo\u017een\u00fd na t\u0159i roky.<\/p>\n<p>Pozd\u011bji byl z\u00a0t\u011b\u017ek\u00e9mu ubl\u00ed\u017een\u00ed na zdrav\u00ed z\u00a0nedbalosti obvin\u011bn i policista, kter\u00fd \u0159\u00eddil policejn\u00ed voz. Trestn\u00ed st\u00edh\u00e1n\u00ed policistu bylo st\u00e1tn\u00edm z\u00e1stupcem z M\u011bstsk\u00e9ho st\u00e1tn\u00edho zastupitelstv\u00ed v Praze celkem t\u0159ikr\u00e1t zastaveno ve shod\u011b s n\u00e1vrhem Gener\u00e1ln\u00ed inspekce bezpe\u010dnostn\u00edch sbor\u016f. Rozhodnut\u00ed v\u0161ak bylo poka\u017ed\u00e9 zru\u0161eno nad\u0159\u00edzen\u00fdm vrchn\u00edm st\u00e1tn\u00edm zastupitelstv\u00edm, na kter\u00e9 se obr\u00e1til po\u0161kozen\u00fd motork\u00e1\u0159 se st\u00ed\u017enost\u00ed.<\/p>\n<p>O p\u0159\u00edpadu informovala m\u00e9dia kup\u0159\u00edkladu <a href=\"http:\/\/praha.idnes.cz\/policista-dostal-podminku-za-zbiti-zraneneho-motorkare-p2j-\/praha-zpravy.aspx?c=A151006_114940_praha-zpravy_nub\">zde<\/a>, <a href=\"http:\/\/www.ceskatelevize.cz\/ct24\/domaci\/1569485-policista-nese-vinu-za-zbiti-motorkare-trest-ale-nedostal\">zde<\/a>\u00a0 nebo <a href=\"https:\/\/www.novinky.cz\/krimi\/426437-policista-bude-muset-za-srazeni-motorkare-pri-honicce-k-soudu.html\">zde<\/a>.<\/p>\n","protected":false},"excerpt":{"rendered":"<p>Policejn\u00ed hl\u00eddka n\u011bkolik metr\u016f pron\u00e1sledovala motork\u00e1\u0159e, pak do n\u011bj policejn\u00edm vozem najela a kdy\u017e zran\u011bn\u00fd mu\u017e le\u017eel na zemi, jeden z\u00a0policist\u016f mu u\u0161t\u011bd\u0159il kopanec a n\u011bkolik ran p\u011bst\u00ed do hlavy. V\u00a0srpnu 2014 cht\u011bli policist\u00e9 zkontrolovat technick\u00fd stav motorky, dvacetilet\u00fd mu\u017e v\u0161ak za\u010dal p\u0159ed policejn\u00ed hl\u00eddkou uj\u00ed\u017ed\u011bt. Policist\u00e9 vyrazili za n\u00edm. Po n\u011bkolika metrech si motork\u00e1\u0159 [&hellip;]<\/p>\n","protected":false},"author":2,"featured_media":0,"parent":54,"menu_order":0,"comment_status":"closed","ping_status":"closed","template":"","meta":{"_et_pb_use_builder":"","_et_pb_old_content":"","_et_gb_content_width":"","footnotes":""},"class_list":["post-655","page","type-page","status-publish","hentry"],"yoast_head":"<!-- This site is optimized with the Yoast SEO plugin v27.4 - https:\/\/yoast.com\/product\/yoast-seo-wordpress\/ -->\n<title>Motork\u00e1\u0159 byl sra\u017een policejn\u00edm vozem, zran\u011bn\u00e9ho mu\u017ee pak policista brut\u00e1ln\u011b napadl - F\u00e9rov\u00e9 vy\u0161et\u0159ov\u00e1n\u00ed<\/title>\n<meta name=\"robots\" content=\"index, follow, max-snippet:-1, max-image-preview:large, max-video-preview:-1\" \/>\n<link rel=\"canonical\" href=\"https:\/\/llp.cz\/ferove-vysetrovani\/pripady\/motorkar-srazen-policejnim-vozem-zraneneho-muze-pak-policista-brutalne-napadl\/\" \/>\n<meta property=\"og:locale\" content=\"cs_CZ\" \/>\n<meta property=\"og:type\" content=\"article\" \/>\n<meta property=\"og:title\" content=\"Motork\u00e1\u0159 byl sra\u017een policejn\u00edm vozem, zran\u011bn\u00e9ho mu\u017ee pak policista brut\u00e1ln\u011b napadl - F\u00e9rov\u00e9 vy\u0161et\u0159ov\u00e1n\u00ed\" \/>\n<meta property=\"og:description\" content=\"Policejn\u00ed hl\u00eddka n\u011bkolik metr\u016f pron\u00e1sledovala motork\u00e1\u0159e, pak do n\u011bj policejn\u00edm vozem najela a kdy\u017e zran\u011bn\u00fd mu\u017e le\u017eel na zemi, jeden z\u00a0policist\u016f mu u\u0161t\u011bd\u0159il kopanec a n\u011bkolik ran p\u011bst\u00ed do hlavy. V\u00a0srpnu 2014 cht\u011bli policist\u00e9 zkontrolovat technick\u00fd stav motorky, dvacetilet\u00fd mu\u017e v\u0161ak za\u010dal p\u0159ed policejn\u00ed hl\u00eddkou uj\u00ed\u017ed\u011bt. Policist\u00e9 vyrazili za n\u00edm. Po n\u011bkolika metrech si motork\u00e1\u0159 [&hellip;]\" \/>\n<meta property=\"og:url\" content=\"https:\/\/llp.cz\/ferove-vysetrovani\/pripady\/motorkar-srazen-policejnim-vozem-zraneneho-muze-pak-policista-brutalne-napadl\/\" \/>\n<meta property=\"og:site_name\" content=\"F\u00e9rov\u00e9 vy\u0161et\u0159ov\u00e1n\u00ed\" \/>\n<meta property=\"article:modified_time\" content=\"2017-03-27T17:05:19+00:00\" \/>\n<meta name=\"twitter:card\" content=\"summary_large_image\" \/>\n<meta name=\"twitter:label1\" content=\"Odhadovan\u00e1 doba \u010dten\u00ed\" \/>\n\t<meta name=\"twitter:data1\" content=\"2 minuty\" \/>\n<script type=\"application\/ld+json\" class=\"yoast-schema-graph\">{\"@context\":\"https:\\\/\\\/schema.org\",\"@graph\":[{\"@type\":\"WebPage\",\"@id\":\"https:\\\/\\\/llp.cz\\\/ferove-vysetrovani\\\/pripady\\\/motorkar-srazen-policejnim-vozem-zraneneho-muze-pak-policista-brutalne-napadl\\\/\",\"url\":\"https:\\\/\\\/llp.cz\\\/ferove-vysetrovani\\\/pripady\\\/motorkar-srazen-policejnim-vozem-zraneneho-muze-pak-policista-brutalne-napadl\\\/\",\"name\":\"Motork\u00e1\u0159 byl sra\u017een policejn\u00edm vozem, zran\u011bn\u00e9ho mu\u017ee pak policista brut\u00e1ln\u011b napadl - F\u00e9rov\u00e9 vy\u0161et\u0159ov\u00e1n\u00ed\",\"isPartOf\":{\"@id\":\"https:\\\/\\\/llp.cz\\\/ferove-vysetrovani\\\/#website\"},\"datePublished\":\"2017-03-26T20:52:40+00:00\",\"dateModified\":\"2017-03-27T17:05:19+00:00\",\"breadcrumb\":{\"@id\":\"https:\\\/\\\/llp.cz\\\/ferove-vysetrovani\\\/pripady\\\/motorkar-srazen-policejnim-vozem-zraneneho-muze-pak-policista-brutalne-napadl\\\/#breadcrumb\"},\"inLanguage\":\"cs\",\"potentialAction\":[{\"@type\":\"ReadAction\",\"target\":[\"https:\\\/\\\/llp.cz\\\/ferove-vysetrovani\\\/pripady\\\/motorkar-srazen-policejnim-vozem-zraneneho-muze-pak-policista-brutalne-napadl\\\/\"]}]},{\"@type\":\"BreadcrumbList\",\"@id\":\"https:\\\/\\\/llp.cz\\\/ferove-vysetrovani\\\/pripady\\\/motorkar-srazen-policejnim-vozem-zraneneho-muze-pak-policista-brutalne-napadl\\\/#breadcrumb\",\"itemListElement\":[{\"@type\":\"ListItem\",\"position\":1,\"name\":\"Dom\u016f\",\"item\":\"https:\\\/\\\/llp.cz\\\/ferove-vysetrovani\\\/\"},{\"@type\":\"ListItem\",\"position\":2,\"name\":\"P\u0159\u00edpady\",\"item\":\"https:\\\/\\\/llp.cz\\\/ferove-vysetrovani\\\/pripady\\\/\"},{\"@type\":\"ListItem\",\"position\":3,\"name\":\"Motork\u00e1\u0159 byl sra\u017een policejn\u00edm vozem, zran\u011bn\u00e9ho mu\u017ee pak policista brut\u00e1ln\u011b napadl\"}]},{\"@type\":\"WebSite\",\"@id\":\"https:\\\/\\\/llp.cz\\\/ferove-vysetrovani\\\/#website\",\"url\":\"https:\\\/\\\/llp.cz\\\/ferove-vysetrovani\\\/\",\"name\":\"F\u00e9rov\u00e9 vy\u0161et\u0159ov\u00e1n\u00ed\",\"description\":\"\",\"potentialAction\":[{\"@type\":\"SearchAction\",\"target\":{\"@type\":\"EntryPoint\",\"urlTemplate\":\"https:\\\/\\\/llp.cz\\\/ferove-vysetrovani\\\/?s={search_term_string}\"},\"query-input\":{\"@type\":\"PropertyValueSpecification\",\"valueRequired\":true,\"valueName\":\"search_term_string\"}}],\"inLanguage\":\"cs\"}]}<\/script>\n<!-- \/ Yoast SEO plugin. -->","yoast_head_json":{"title":"Motork\u00e1\u0159 byl sra\u017een policejn\u00edm vozem, zran\u011bn\u00e9ho mu\u017ee pak policista brut\u00e1ln\u011b napadl - F\u00e9rov\u00e9 vy\u0161et\u0159ov\u00e1n\u00ed","robots":{"index":"index","follow":"follow","max-snippet":"max-snippet:-1","max-image-preview":"max-image-preview:large","max-video-preview":"max-video-preview:-1"},"canonical":"https:\/\/llp.cz\/ferove-vysetrovani\/pripady\/motorkar-srazen-policejnim-vozem-zraneneho-muze-pak-policista-brutalne-napadl\/","og_locale":"cs_CZ","og_type":"article","og_title":"Motork\u00e1\u0159 byl sra\u017een policejn\u00edm vozem, zran\u011bn\u00e9ho mu\u017ee pak policista brut\u00e1ln\u011b napadl - F\u00e9rov\u00e9 vy\u0161et\u0159ov\u00e1n\u00ed","og_description":"Policejn\u00ed hl\u00eddka n\u011bkolik metr\u016f pron\u00e1sledovala motork\u00e1\u0159e, pak do n\u011bj policejn\u00edm vozem najela a kdy\u017e zran\u011bn\u00fd mu\u017e le\u017eel na zemi, jeden z\u00a0policist\u016f mu u\u0161t\u011bd\u0159il kopanec a n\u011bkolik ran p\u011bst\u00ed do hlavy. V\u00a0srpnu 2014 cht\u011bli policist\u00e9 zkontrolovat technick\u00fd stav motorky, dvacetilet\u00fd mu\u017e v\u0161ak za\u010dal p\u0159ed policejn\u00ed hl\u00eddkou uj\u00ed\u017ed\u011bt. Policist\u00e9 vyrazili za n\u00edm. Po n\u011bkolika metrech si motork\u00e1\u0159 [&hellip;]","og_url":"https:\/\/llp.cz\/ferove-vysetrovani\/pripady\/motorkar-srazen-policejnim-vozem-zraneneho-muze-pak-policista-brutalne-napadl\/","og_site_name":"F\u00e9rov\u00e9 vy\u0161et\u0159ov\u00e1n\u00ed","article_modified_time":"2017-03-27T17:05:19+00:00","twitter_card":"summary_large_image","twitter_misc":{"Odhadovan\u00e1 doba \u010dten\u00ed":"2 minuty"},"schema":{"@context":"https:\/\/schema.org","@graph":[{"@type":"WebPage","@id":"https:\/\/llp.cz\/ferove-vysetrovani\/pripady\/motorkar-srazen-policejnim-vozem-zraneneho-muze-pak-policista-brutalne-napadl\/","url":"https:\/\/llp.cz\/ferove-vysetrovani\/pripady\/motorkar-srazen-policejnim-vozem-zraneneho-muze-pak-policista-brutalne-napadl\/","name":"Motork\u00e1\u0159 byl sra\u017een policejn\u00edm vozem, zran\u011bn\u00e9ho mu\u017ee pak policista brut\u00e1ln\u011b napadl - F\u00e9rov\u00e9 vy\u0161et\u0159ov\u00e1n\u00ed","isPartOf":{"@id":"https:\/\/llp.cz\/ferove-vysetrovani\/#website"},"datePublished":"2017-03-26T20:52:40+00:00","dateModified":"2017-03-27T17:05:19+00:00","breadcrumb":{"@id":"https:\/\/llp.cz\/ferove-vysetrovani\/pripady\/motorkar-srazen-policejnim-vozem-zraneneho-muze-pak-policista-brutalne-napadl\/#breadcrumb"},"inLanguage":"cs","potentialAction":[{"@type":"ReadAction","target":["https:\/\/llp.cz\/ferove-vysetrovani\/pripady\/motorkar-srazen-policejnim-vozem-zraneneho-muze-pak-policista-brutalne-napadl\/"]}]},{"@type":"BreadcrumbList","@id":"https:\/\/llp.cz\/ferove-vysetrovani\/pripady\/motorkar-srazen-policejnim-vozem-zraneneho-muze-pak-policista-brutalne-napadl\/#breadcrumb","itemListElement":[{"@type":"ListItem","position":1,"name":"Dom\u016f","item":"https:\/\/llp.cz\/ferove-vysetrovani\/"},{"@type":"ListItem","position":2,"name":"P\u0159\u00edpady","item":"https:\/\/llp.cz\/ferove-vysetrovani\/pripady\/"},{"@type":"ListItem","position":3,"name":"Motork\u00e1\u0159 byl sra\u017een policejn\u00edm vozem, zran\u011bn\u00e9ho mu\u017ee pak policista brut\u00e1ln\u011b napadl"}]},{"@type":"WebSite","@id":"https:\/\/llp.cz\/ferove-vysetrovani\/#website","url":"https:\/\/llp.cz\/ferove-vysetrovani\/","name":"F\u00e9rov\u00e9 vy\u0161et\u0159ov\u00e1n\u00ed","description":"","potentialAction":[{"@type":"SearchAction","target":{"@type":"EntryPoint","urlTemplate":"https:\/\/llp.cz\/ferove-vysetrovani\/?s={search_term_string}"},"query-input":{"@type":"PropertyValueSpecification","valueRequired":true,"valueName":"search_term_string"}}],"inLanguage":"cs"}]}},"_links":{"self":[{"href":"https:\/\/llp.cz\/ferove-vysetrovani\/wp-json\/wp\/v2\/pages\/655","targetHints":{"allow":["GET"]}}],"collection":[{"href":"https:\/\/llp.cz\/ferove-vysetrovani\/wp-json\/wp\/v2\/pages"}],"about":[{"href":"https:\/\/llp.cz\/ferove-vysetrovani\/wp-json\/wp\/v2\/types\/page"}],"author":[{"embeddable":true,"href":"https:\/\/llp.cz\/ferove-vysetrovani\/wp-json\/wp\/v2\/users\/2"}],"replies":[{"embeddable":true,"href":"https:\/\/llp.cz\/ferove-vysetrovani\/wp-json\/wp\/v2\/comments?post=655"}],"version-history":[{"count":1,"href":"https:\/\/llp.cz\/ferove-vysetrovani\/wp-json\/wp\/v2\/pages\/655\/revisions"}],"predecessor-version":[{"id":656,"href":"https:\/\/llp.cz\/ferove-vysetrovani\/wp-json\/wp\/v2\/pages\/655\/revisions\/656"}],"up":[{"embeddable":true,"href":"https:\/\/llp.cz\/ferove-vysetrovani\/wp-json\/wp\/v2\/pages\/54"}],"wp:attachment":[{"href":"https:\/\/llp.cz\/ferove-vysetrovani\/wp-json\/wp\/v2\/media?parent=655"}],"curies":[{"name":"wp","href":"https:\/\/api.w.org\/{rel}","templated":true}]}}