{"id":643,"date":"2017-03-26T21:17:19","date_gmt":"2017-03-26T19:17:19","guid":{"rendered":"http:\/\/llp.cz\/ferove-vysetrovani\/?page_id=643"},"modified":"2017-03-26T21:18:27","modified_gmt":"2017-03-26T19:18:27","slug":"straznik-mestske-policie-uderil-pesti-opile-muze","status":"publish","type":"page","link":"https:\/\/llp.cz\/ferove-vysetrovani\/straznik-mestske-policie-uderil-pesti-opile-muze\/","title":{"rendered":"Str\u00e1\u017en\u00edk m\u011bstsk\u00e9 policie ude\u0159il p\u011bst\u00ed opil\u00e9 mu\u017ee"},"content":{"rendered":"<p><strong><em>Str\u00e1\u017en\u00edk m\u011bstsk\u00e9 policie byl odsouzen za sp\u00e1ch\u00e1n\u00ed trestn\u00e9ho \u010dinu zneu\u017eit\u00ed pravomoci \u00fa\u0159edn\u00ed osoby kv\u016fli tomu, \u017ee ve dvou p\u0159\u00edpadech fyzicky napadl mu\u017ee v\u00a0podnapil\u00e9m stavu. <\/em><\/strong><\/p>\n<p>Prvn\u00ed incident se odehr\u00e1l v\u00a0dubnu roku 2011 v Jarom\u011b\u0159i. Hl\u00eddka str\u00e1\u017en\u00edk\u016f se na ulici dom\u00e1hala p\u0159edlo\u017een\u00ed ob\u010dansk\u00e9ho pr\u016fkazu od opil\u00e9ho mu\u017ee, kter\u00fd se dopou\u0161t\u011bl v\u00fdtr\u017enost\u00ed<\/p>\n<p>v jednom z\u00a0okolit\u00fdch panel\u00e1k\u016f. Pot\u00e9, co mu\u017e odm\u00edtl ob\u010dansk\u00fd pr\u016fkaz p\u0159edlo\u017eit, slovn\u011b str\u00e1\u017en\u00edky ur\u00e1\u017eel a vyhro\u017eoval jim str\u00e1\u017en\u00edci v\u016f\u010di n\u011bmu pou\u017eili donucovac\u00ed prost\u0159edky &#8211; \u00a0hmaty a chvaty a nasadil mu pouta. Str\u00e1\u017en\u00edci cht\u011bli mu\u017ee odv\u00e9zt na obvodn\u00ed odd\u011blen\u00ed policie, proto ho nalo\u017eili do policejn\u00edho vozidla. Kdy\u017e byl mu\u017ee ve vozidle, jeden ze str\u00e1\u017en\u00edk\u016f ho fyzicky napadl tak, \u017ee ho bez jak\u00e9hokoliv opr\u00e1vn\u011bn\u00ed a zjevn\u00e9 p\u0159\u00ed\u010diny opakovan\u011b ude\u0159il p\u011bst\u00ed a loktem do obli\u010deje i p\u0159esto, \u017ee byl mu\u017e ji\u017e omezen na osobn\u00ed svobod\u011b, byl spout\u00e1n a prakticky bez mo\u017enosti kladen\u00ed jak\u00e9hokoliv odporu.<\/p>\n<p>Ke druh\u00e9mu p\u0159\u00edpadu do\u0161lo v\u00a0listopadu roku 2011, kdy str\u00e1\u017en\u00edci zastavili jin\u00e9ho mu\u017ee v\u00a0podnapil\u00e9m stavu, kter\u00fd cht\u011bl jez na kole po silnici. Doty\u010dn\u00fd str\u00e1\u017en\u00edk mu na\u0159\u00eddil, aby si odmontoval ventilky od du\u0161\u00ed j\u00edzdn\u00edho kola, a kdy\u017e to ud\u011blal, tak mu je vyrazil z ruky , a d\u00e1le ho zcela bezd\u016fvodn\u011b fyzicky napadl tak, \u017ee ho rukou ude\u0159il do obli\u010deje, \u010d\u00edm\u017e mu zp\u016fsobil poran\u011bn\u00ed nosu, ze kter\u00e9ho mu tekla krev.<\/p>\n<p>Za toto jedn\u00e1n\u00ed byl str\u00e1\u017en\u00edk odsouzen ze sp\u00e1ch\u00e1n\u00ed trestn\u00e9ho \u010dinu zneu\u017eit\u00ed pravomoci \u00fa\u0159edn\u00ed osoby k\u00a0podm\u00edne\u010dn\u011b odlo\u017een\u00e9mu trestu odn\u011bt\u00ed svobody v trv\u00e1n\u00ed dvou let a z\u00e1kazu \u010dinnosti &#8211; v\u00fdkonu funkce \u201e\u010dlena str\u00e1\u017en\u00edka obecn\u00ed policie a jin\u00e9ho ozbrojen\u00e9ho sboru\u201c na dobu t\u0159\u00ed let. Odvol\u00e1n\u00ed odsouzen\u00e9ho bylo zam\u00edtnuto a n\u00e1sledn\u011b neusp\u011bl ani s\u00a0dovol\u00e1n\u00edm u Nejvy\u0161\u0161\u00edho soudu.<\/p>\n<p>Rozsudek Nejvy\u0161\u0161\u00edho soudu je dostupn\u00fd <a href=\"http:\/\/www.zakony.cz\/soudni-rozhodnuti\/nejvyssi-soud\/2016\/1101\/judikat-ns-3-Tdo-290-2016-GNS20161125\/\">zde<\/a><\/p>\n<p>O p\u0159\u00edpadu informovala i m\u00e9dia kup\u0159\u00edkladu <a href=\"http:\/\/hradec.idnes.cz\/soud-potrestal-straznika-z-jaromere-dva-\/hradec-zpravy.aspx?c=A140619_145040_hradec-zpravy_kvi\">zde<\/a><\/p>\n","protected":false},"excerpt":{"rendered":"<p>Str\u00e1\u017en\u00edk m\u011bstsk\u00e9 policie byl odsouzen za sp\u00e1ch\u00e1n\u00ed trestn\u00e9ho \u010dinu zneu\u017eit\u00ed pravomoci \u00fa\u0159edn\u00ed osoby kv\u016fli tomu, \u017ee ve dvou p\u0159\u00edpadech fyzicky napadl mu\u017ee v\u00a0podnapil\u00e9m stavu. Prvn\u00ed incident se odehr\u00e1l v\u00a0dubnu roku 2011 v Jarom\u011b\u0159i. Hl\u00eddka str\u00e1\u017en\u00edk\u016f se na ulici dom\u00e1hala p\u0159edlo\u017een\u00ed ob\u010dansk\u00e9ho pr\u016fkazu od opil\u00e9ho mu\u017ee, kter\u00fd se dopou\u0161t\u011bl v\u00fdtr\u017enost\u00ed v jednom z\u00a0okolit\u00fdch panel\u00e1k\u016f. Pot\u00e9, co [&hellip;]<\/p>\n","protected":false},"author":2,"featured_media":0,"parent":0,"menu_order":0,"comment_status":"closed","ping_status":"closed","template":"","meta":{"_et_pb_use_builder":"","_et_pb_old_content":"","_et_gb_content_width":"","footnotes":""},"class_list":["post-643","page","type-page","status-publish","hentry"],"yoast_head":"<!-- This site is optimized with the Yoast SEO plugin v27.5 - https:\/\/yoast.com\/product\/yoast-seo-wordpress\/ -->\n<title>Str\u00e1\u017en\u00edk m\u011bstsk\u00e9 policie ude\u0159il p\u011bst\u00ed opil\u00e9 mu\u017ee - F\u00e9rov\u00e9 vy\u0161et\u0159ov\u00e1n\u00ed<\/title>\n<meta name=\"robots\" content=\"index, follow, max-snippet:-1, max-image-preview:large, max-video-preview:-1\" \/>\n<link rel=\"canonical\" href=\"https:\/\/llp.cz\/ferove-vysetrovani\/straznik-mestske-policie-uderil-pesti-opile-muze\/\" \/>\n<meta property=\"og:locale\" content=\"cs_CZ\" \/>\n<meta property=\"og:type\" content=\"article\" \/>\n<meta property=\"og:title\" content=\"Str\u00e1\u017en\u00edk m\u011bstsk\u00e9 policie ude\u0159il p\u011bst\u00ed opil\u00e9 mu\u017ee - F\u00e9rov\u00e9 vy\u0161et\u0159ov\u00e1n\u00ed\" \/>\n<meta property=\"og:description\" content=\"Str\u00e1\u017en\u00edk m\u011bstsk\u00e9 policie byl odsouzen za sp\u00e1ch\u00e1n\u00ed trestn\u00e9ho \u010dinu zneu\u017eit\u00ed pravomoci \u00fa\u0159edn\u00ed osoby kv\u016fli tomu, \u017ee ve dvou p\u0159\u00edpadech fyzicky napadl mu\u017ee v\u00a0podnapil\u00e9m stavu. Prvn\u00ed incident se odehr\u00e1l v\u00a0dubnu roku 2011 v Jarom\u011b\u0159i. Hl\u00eddka str\u00e1\u017en\u00edk\u016f se na ulici dom\u00e1hala p\u0159edlo\u017een\u00ed ob\u010dansk\u00e9ho pr\u016fkazu od opil\u00e9ho mu\u017ee, kter\u00fd se dopou\u0161t\u011bl v\u00fdtr\u017enost\u00ed v jednom z\u00a0okolit\u00fdch panel\u00e1k\u016f. Pot\u00e9, co [&hellip;]\" \/>\n<meta property=\"og:url\" content=\"https:\/\/llp.cz\/ferove-vysetrovani\/straznik-mestske-policie-uderil-pesti-opile-muze\/\" \/>\n<meta property=\"og:site_name\" content=\"F\u00e9rov\u00e9 vy\u0161et\u0159ov\u00e1n\u00ed\" \/>\n<meta property=\"article:modified_time\" content=\"2017-03-26T19:18:27+00:00\" \/>\n<meta name=\"twitter:card\" content=\"summary_large_image\" \/>\n<meta name=\"twitter:label1\" content=\"Odhadovan\u00e1 doba \u010dten\u00ed\" \/>\n\t<meta name=\"twitter:data1\" content=\"2 minuty\" \/>\n<script type=\"application\/ld+json\" class=\"yoast-schema-graph\">{\"@context\":\"https:\\\/\\\/schema.org\",\"@graph\":[{\"@type\":\"WebPage\",\"@id\":\"https:\\\/\\\/llp.cz\\\/ferove-vysetrovani\\\/straznik-mestske-policie-uderil-pesti-opile-muze\\\/\",\"url\":\"https:\\\/\\\/llp.cz\\\/ferove-vysetrovani\\\/straznik-mestske-policie-uderil-pesti-opile-muze\\\/\",\"name\":\"Str\u00e1\u017en\u00edk m\u011bstsk\u00e9 policie ude\u0159il p\u011bst\u00ed opil\u00e9 mu\u017ee - F\u00e9rov\u00e9 vy\u0161et\u0159ov\u00e1n\u00ed\",\"isPartOf\":{\"@id\":\"https:\\\/\\\/llp.cz\\\/ferove-vysetrovani\\\/#website\"},\"datePublished\":\"2017-03-26T19:17:19+00:00\",\"dateModified\":\"2017-03-26T19:18:27+00:00\",\"breadcrumb\":{\"@id\":\"https:\\\/\\\/llp.cz\\\/ferove-vysetrovani\\\/straznik-mestske-policie-uderil-pesti-opile-muze\\\/#breadcrumb\"},\"inLanguage\":\"cs\",\"potentialAction\":[{\"@type\":\"ReadAction\",\"target\":[\"https:\\\/\\\/llp.cz\\\/ferove-vysetrovani\\\/straznik-mestske-policie-uderil-pesti-opile-muze\\\/\"]}]},{\"@type\":\"BreadcrumbList\",\"@id\":\"https:\\\/\\\/llp.cz\\\/ferove-vysetrovani\\\/straznik-mestske-policie-uderil-pesti-opile-muze\\\/#breadcrumb\",\"itemListElement\":[{\"@type\":\"ListItem\",\"position\":1,\"name\":\"Dom\u016f\",\"item\":\"https:\\\/\\\/llp.cz\\\/ferove-vysetrovani\\\/\"},{\"@type\":\"ListItem\",\"position\":2,\"name\":\"Str\u00e1\u017en\u00edk m\u011bstsk\u00e9 policie ude\u0159il p\u011bst\u00ed opil\u00e9 mu\u017ee\"}]},{\"@type\":\"WebSite\",\"@id\":\"https:\\\/\\\/llp.cz\\\/ferove-vysetrovani\\\/#website\",\"url\":\"https:\\\/\\\/llp.cz\\\/ferove-vysetrovani\\\/\",\"name\":\"F\u00e9rov\u00e9 vy\u0161et\u0159ov\u00e1n\u00ed\",\"description\":\"\",\"potentialAction\":[{\"@type\":\"SearchAction\",\"target\":{\"@type\":\"EntryPoint\",\"urlTemplate\":\"https:\\\/\\\/llp.cz\\\/ferove-vysetrovani\\\/?s={search_term_string}\"},\"query-input\":{\"@type\":\"PropertyValueSpecification\",\"valueRequired\":true,\"valueName\":\"search_term_string\"}}],\"inLanguage\":\"cs\"}]}<\/script>\n<!-- \/ Yoast SEO plugin. -->","yoast_head_json":{"title":"Str\u00e1\u017en\u00edk m\u011bstsk\u00e9 policie ude\u0159il p\u011bst\u00ed opil\u00e9 mu\u017ee - F\u00e9rov\u00e9 vy\u0161et\u0159ov\u00e1n\u00ed","robots":{"index":"index","follow":"follow","max-snippet":"max-snippet:-1","max-image-preview":"max-image-preview:large","max-video-preview":"max-video-preview:-1"},"canonical":"https:\/\/llp.cz\/ferove-vysetrovani\/straznik-mestske-policie-uderil-pesti-opile-muze\/","og_locale":"cs_CZ","og_type":"article","og_title":"Str\u00e1\u017en\u00edk m\u011bstsk\u00e9 policie ude\u0159il p\u011bst\u00ed opil\u00e9 mu\u017ee - F\u00e9rov\u00e9 vy\u0161et\u0159ov\u00e1n\u00ed","og_description":"Str\u00e1\u017en\u00edk m\u011bstsk\u00e9 policie byl odsouzen za sp\u00e1ch\u00e1n\u00ed trestn\u00e9ho \u010dinu zneu\u017eit\u00ed pravomoci \u00fa\u0159edn\u00ed osoby kv\u016fli tomu, \u017ee ve dvou p\u0159\u00edpadech fyzicky napadl mu\u017ee v\u00a0podnapil\u00e9m stavu. Prvn\u00ed incident se odehr\u00e1l v\u00a0dubnu roku 2011 v Jarom\u011b\u0159i. Hl\u00eddka str\u00e1\u017en\u00edk\u016f se na ulici dom\u00e1hala p\u0159edlo\u017een\u00ed ob\u010dansk\u00e9ho pr\u016fkazu od opil\u00e9ho mu\u017ee, kter\u00fd se dopou\u0161t\u011bl v\u00fdtr\u017enost\u00ed v jednom z\u00a0okolit\u00fdch panel\u00e1k\u016f. Pot\u00e9, co [&hellip;]","og_url":"https:\/\/llp.cz\/ferove-vysetrovani\/straznik-mestske-policie-uderil-pesti-opile-muze\/","og_site_name":"F\u00e9rov\u00e9 vy\u0161et\u0159ov\u00e1n\u00ed","article_modified_time":"2017-03-26T19:18:27+00:00","twitter_card":"summary_large_image","twitter_misc":{"Odhadovan\u00e1 doba \u010dten\u00ed":"2 minuty"},"schema":{"@context":"https:\/\/schema.org","@graph":[{"@type":"WebPage","@id":"https:\/\/llp.cz\/ferove-vysetrovani\/straznik-mestske-policie-uderil-pesti-opile-muze\/","url":"https:\/\/llp.cz\/ferove-vysetrovani\/straznik-mestske-policie-uderil-pesti-opile-muze\/","name":"Str\u00e1\u017en\u00edk m\u011bstsk\u00e9 policie ude\u0159il p\u011bst\u00ed opil\u00e9 mu\u017ee - F\u00e9rov\u00e9 vy\u0161et\u0159ov\u00e1n\u00ed","isPartOf":{"@id":"https:\/\/llp.cz\/ferove-vysetrovani\/#website"},"datePublished":"2017-03-26T19:17:19+00:00","dateModified":"2017-03-26T19:18:27+00:00","breadcrumb":{"@id":"https:\/\/llp.cz\/ferove-vysetrovani\/straznik-mestske-policie-uderil-pesti-opile-muze\/#breadcrumb"},"inLanguage":"cs","potentialAction":[{"@type":"ReadAction","target":["https:\/\/llp.cz\/ferove-vysetrovani\/straznik-mestske-policie-uderil-pesti-opile-muze\/"]}]},{"@type":"BreadcrumbList","@id":"https:\/\/llp.cz\/ferove-vysetrovani\/straznik-mestske-policie-uderil-pesti-opile-muze\/#breadcrumb","itemListElement":[{"@type":"ListItem","position":1,"name":"Dom\u016f","item":"https:\/\/llp.cz\/ferove-vysetrovani\/"},{"@type":"ListItem","position":2,"name":"Str\u00e1\u017en\u00edk m\u011bstsk\u00e9 policie ude\u0159il p\u011bst\u00ed opil\u00e9 mu\u017ee"}]},{"@type":"WebSite","@id":"https:\/\/llp.cz\/ferove-vysetrovani\/#website","url":"https:\/\/llp.cz\/ferove-vysetrovani\/","name":"F\u00e9rov\u00e9 vy\u0161et\u0159ov\u00e1n\u00ed","description":"","potentialAction":[{"@type":"SearchAction","target":{"@type":"EntryPoint","urlTemplate":"https:\/\/llp.cz\/ferove-vysetrovani\/?s={search_term_string}"},"query-input":{"@type":"PropertyValueSpecification","valueRequired":true,"valueName":"search_term_string"}}],"inLanguage":"cs"}]}},"_links":{"self":[{"href":"https:\/\/llp.cz\/ferove-vysetrovani\/wp-json\/wp\/v2\/pages\/643","targetHints":{"allow":["GET"]}}],"collection":[{"href":"https:\/\/llp.cz\/ferove-vysetrovani\/wp-json\/wp\/v2\/pages"}],"about":[{"href":"https:\/\/llp.cz\/ferove-vysetrovani\/wp-json\/wp\/v2\/types\/page"}],"author":[{"embeddable":true,"href":"https:\/\/llp.cz\/ferove-vysetrovani\/wp-json\/wp\/v2\/users\/2"}],"replies":[{"embeddable":true,"href":"https:\/\/llp.cz\/ferove-vysetrovani\/wp-json\/wp\/v2\/comments?post=643"}],"version-history":[{"count":3,"href":"https:\/\/llp.cz\/ferove-vysetrovani\/wp-json\/wp\/v2\/pages\/643\/revisions"}],"predecessor-version":[{"id":647,"href":"https:\/\/llp.cz\/ferove-vysetrovani\/wp-json\/wp\/v2\/pages\/643\/revisions\/647"}],"wp:attachment":[{"href":"https:\/\/llp.cz\/ferove-vysetrovani\/wp-json\/wp\/v2\/media?parent=643"}],"curies":[{"name":"wp","href":"https:\/\/api.w.org\/{rel}","templated":true}]}}