{"id":59,"date":"2016-12-01T14:47:35","date_gmt":"2016-12-01T13:47:35","guid":{"rendered":"http:\/\/llp.cz\/ferove-vysetrovani\/?page_id=59"},"modified":"2017-03-28T22:54:42","modified_gmt":"2017-03-28T20:54:42","slug":"policista-versus-straznik","status":"publish","type":"page","link":"https:\/\/llp.cz\/ferove-vysetrovani\/policista-versus-straznik\/","title":{"rendered":"Policista versus str\u00e1\u017en\u00edk"},"content":{"rendered":"<p>[et_pb_section bb_built=&#8220;1&#8243; admin_label=&#8220;section&#8220; transparent_background=&#8220;on&#8220; custom_padding=&#8220;50px||0px|&#8220; padding_mobile=&#8220;off&#8220; custom_padding_last_edited=&#8220;on|desktop&#8220;][et_pb_row admin_label=&#8220;row&#8220; make_fullwidth=&#8220;on&#8220; custom_padding=&#8220;0px|||&#8220; padding_mobile=&#8220;off&#8220; custom_margin=&#8220;0px|||&#8220; background_color=&#8220;#edf000&#8243; column_padding_mobile=&#8220;on&#8220; background_color_1=&#8220;#edf000&#8243; background_color_2=&#8220;#edf000&#8243; padding_top_2=&#8220; &#8220; padding_right_2=&#8220; &#8220; padding_bottom_2=&#8220; &#8220; padding_left_2=&#8220;20px&#8220; module_id=&#8220;policista-versus-straznik&#8220;][et_pb_column type=&#8220;2_3&#8243;][et_pb_text admin_label=&#8220;Text&#8220; custom_margin=&#8220;0px|0px|0px|0px&#8220; custom_padding=&#8220;50px|50px|50px|50px&#8220;]<\/p>\n<h1>POLICISTA <a href=\"#1\">VERSUS<\/a> STR\u00c1\u017dN\u00cdK<\/h1>\n<p>&nbsp;<\/p>\n<h3><em>aneb kdo je kdo, kdy\u017e v\u0161ichni vypadaj\u00ed podobn\u011b<\/em><\/h3>\n<p>&nbsp;<\/p>\n<p><span style=\"color: #000000\">O bezpe\u010dnost osob a jejich majetek a o udr\u017eov\u00e1n\u00ed ve\u0159ejn\u00e9ho po\u0159\u00e1dku se v r\u00e1mci st\u00e1tu mohou starat r\u016fzn\u00e9 org\u00e1ny a instituce ve\u0159ejn\u00e9 spr\u00e1vy. V na\u0161em p\u0159\u00ed\u00adpad\u011b jsou jimi zejm\u00e9na <strong>Policie \u010cesk\u00e9 republiky<\/strong> (&#8222;Policie \u010cR&#8220;) a <strong>obecn\u00ed (m\u011bstsk\u00e1) policie<\/strong>. V n\u011bkter\u00fdch p\u0159\u00edpadech mohou b\u00fdt postaven\u00ed a pravomoci t\u011bchto org\u00e1n\u016f pom\u011brn\u011b odli\u0161n\u00e9. Proje\u010fte si n\u00e1sleduj\u00edc\u00ed \u0159\u00e1dky a objevte alespo\u0148 z\u00e1kladn\u00ed rysy a rozd\u00edly t\u011bchto dvou sbor\u016f.<\/span><\/p>\n<p>[\/et_pb_text][\/et_pb_column][et_pb_column type=&#8220;1_3&#8243;][et_pb_divider admin_label=&#8220;Odd\u011blova\u010d&#8220; height=&#8220;10&#8243; \/][et_pb_sidebar admin_label=&#8220;Postrann\u00ed panel&#8220; area=&#8220;et_pb_widget_area_2&#8243; body_font=&#8220;Open Sans Light||on||on&#8220; body_font_size=&#8220;22px&#8220; body_text_color=&#8220;#000000&#8243; \/][\/et_pb_column][\/et_pb_row][et_pb_row admin_label=&#8220;row&#8220; make_fullwidth=&#8220;on&#8220; custom_padding=&#8220;20px|50px|15px|50px&#8220; custom_margin=&#8220;50px|||&#8220; background_color=&#8220;#edf000&#8243; column_padding_mobile=&#8220;on&#8220; module_id=&#8220;policie-cr-a-obecni-policie&#8220;][et_pb_column type=&#8220;4_4&#8243;][et_pb_text admin_label=&#8220;Text&#8220; custom_margin=&#8220;|||&#8220; custom_padding=&#8220;|||&#8220;]<\/p>\n<h1 style=\"text-align: left\">POLICIE \u010cR A OBECN\u00cd POLICIE<\/h1>\n<p>[\/et_pb_text][\/et_pb_column][\/et_pb_row][et_pb_row admin_label=&#8220;row&#8220; make_fullwidth=&#8220;on&#8220; custom_padding=&#8220;|50px|50px|0px&#8220; padding_mobile=&#8220;off&#8220; custom_margin=&#8220;|||&#8220; background_color=&#8220;#ffffff&#8220; column_padding_mobile=&#8220;on&#8220;][et_pb_column type=&#8220;1_2&#8243;][et_pb_text admin_label=&#8220;Text&#8220; custom_padding=&#8220;25px|||50px&#8220;]<\/p>\n<h3 style=\"background-color: #ffffff;text-align: left\">Policie \u010cR<\/h3>\n<p>Policie \u010cesk\u00e9 republiky je \u201ejednotn\u00fd ozbrojen\u00fd bezpe\u010dnostn\u00ed sbor\u201c \u010cesk\u00e9 republiky.\u00a0To znamen\u00e1, \u017ee\u00a0p\u016fsob\u00ed na \u00fazem\u00ed cel\u00e9 republiky, na rozd\u00edl od obecn\u00ed policie, a je pouze jedna pro celou republiku. Jej\u00edm \u00fakolem je p\u0159edev\u0161\u00edm ochrana va\u0161\u00ed bezpe\u010dnosti a majetku, ochrana ve\u0159ejn\u00e9ho po\u0159\u00e1dku a prevence a vy\u0161et\u0159ov\u00e1n\u00ed trestn\u00fdch \u010din\u016f.<\/p>\n<p>P\u0159i pln\u011bn\u00ed t\u011bchto \u00fakol\u016f \u2013 pokud je to t\u0159eba \u2013 mohou policist\u00e9\u00a0vyu\u017e\u00edvat i donucovac\u00ed prost\u0159edky, jako jsou nap\u0159\u00edklad pouta, obu\u0161ky nebo r\u016fzn\u00e9 hmaty a chvaty, nebo zbra\u0148.<\/p>\n<p>Policie \u010cR se n\u011bkdy ozna\u010duje taky jako \u201est\u00e1tn\u00ed policie\u201c \u010di pouze \u201epolicie\u201c.<\/p>\n<p>[\/et_pb_text][\/et_pb_column][et_pb_column type=&#8220;1_2&#8243;][et_pb_text admin_label=&#8220;Text&#8220; custom_padding=&#8220;25px|||&#8220;]<\/p>\n<h3 style=\"text-align: left\">Obecn\u00ed policie<\/h3>\n<p>Obecn\u00ed policie je org\u00e1nem obce. Na rozd\u00edl od Policie \u010cesk\u00e9 republiky se obecn\u00ed policie z\u0159izuje v\u00a0jednotliv\u00fdch obc\u00edch a pro tyto obce. Hlavn\u00edm \u00fakolem obecn\u00ed policie je tzv. <strong>zabezpe\u010dov\u00e1n\u00ed m\u00edstn\u00edch z\u00e1le\u017eitost\u00ed ve\u0159ejn\u00e9ho po\u0159\u00e1dku<\/strong>. Obecn\u00ed policie nevy\u0161et\u0159uje trestn\u00e9 \u010diny jako Policie \u010cR, i kdy\u017e se samoz\u0159ejm\u011b sna\u017e\u00ed trestn\u00fdm \u010din\u016fm p\u0159edch\u00e1zet \u2013 typicky p\u0159i sv\u00fdch poch\u016fzk\u00e1ch. Obecn\u00ed policie tak\u00e9 odhaluje a <strong>pro\u0161et\u0159uje n\u011bkter\u00e9 p\u0159estupky<\/strong> a jin\u00e9 spr\u00e1vn\u00ed delikty.<\/p>\n<p>Za b\u011b\u017en\u00fdch okolnost\u00ed p\u016fsob\u00ed obecn\u00ed policie v\u017edy jenom ve sv\u00e9 &#8222;domovsk\u00e9&#8220; obci, ne na \u00fazem\u00ed jin\u00fdch obc\u00ed.<\/p>\n<p>Pokud obecn\u00ed policii z\u0159\u00edd\u00ed m\u011bsto, naz\u00fdv\u00e1 se potom tento org\u00e1n \u201em\u011bstsk\u00e1 policie\u201c.<\/p>\n<p>[\/et_pb_text][et_pb_toggle admin_label=&#8220;P\u0159ep\u00edna\u010d&#8220; title=&#8220;Jak v praxi snadno rozli\u0161it policisty od str\u00e1\u017en\u00edk\u016f obecn\u00ed policie?&#8220; icon_color=&#8220;#000000&#8243; title_font_size=&#8220;18&#8243; custom_padding=&#8220;|||&#8220;]<\/p>\n<p>Policist\u00e9 a str\u00e1\u017en\u00edci se v praxi \u010dasto li\u0161\u00ed i vzhledem. Jejich nejjednodu\u0161\u0161\u00edm pozn\u00e1vac\u00edm znamen\u00edm jsou jejich <strong>uniformy<\/strong>. Zat\u00edmco v\u0161ichni policist\u00e9 po cel\u00e9 republice maj\u00ed p\u0159edepsan\u00e9 jednotn\u00e9 uniformy, stejnokroje obecn\u00edch polici\u00ed se mohou li\u0161it &#8211; nap\u0159\u00edklad mohou pou\u017e\u00edvat r\u016fzn\u00e9 barevn\u00e9 kombinace (\u010dern\u00e9, modr\u00e9 a \u017elut\u00e9 barvy).<\/p>\n<p><strong>Uniforma Policie \u010cR<\/strong> mus\u00ed obsahovat:<\/p>\n<ul>\n<li>velk\u00fd st\u00e1tn\u00ed znak \u010cR se slovem &#8222;POLICIE&#8220; na lev\u00e9m ruk\u00e1vu,<\/li>\n<li>n\u00e1pis &#8222;POLICIE&#8220; na lev\u00e9 stran\u011b hrudi nebo na z\u00e1dech a<\/li>\n<li><strong>identifika\u010dn\u00ed \u010d\u00edslo<\/strong> policisty <strong>na lev\u00e9 stran\u011b hrudi<\/strong> &#8211; jedn\u00e1 se o \u0161estim\u00edstn\u00e9 \u010d\u00edslo, um\u00edstn\u011bn\u00e9 v\u011bt\u0161inou na spodn\u00edm okraji kovov\u00e9ho symbolu policie na prsou policisty.<\/li>\n<\/ul>\n<p><strong>Uniforma str\u00e1\u017en\u00edka obecn\u00ed policie<\/strong> mus\u00ed obsahovat:<\/p>\n<ul>\n<li>odznak obecn\u00ed policie s n\u00e1pisem &#8222;OBECN\u00cd POLICIE&#8220; (&#8222;M\u011aSTSK\u00c1 POLICIE&#8220;) a velk\u00fdm st\u00e1tn\u00edm znakem \u010cR nebo znakem obce na prav\u00e9 stran\u011b hrudi,<\/li>\n<li>ozna\u010den\u00ed &#8222;OBECN\u00cd POLICIE&#8220; (&#8222;M\u011aSTSK\u00c1 POLICIE&#8220;) v horn\u00ed \u010d\u00e1sti uniformy (vep\u0159edu nebo vzdadu) a<\/li>\n<li><strong>identifika\u010dn\u00ed \u010d\u00edslo<\/strong> str\u00e1\u017en\u00edka <strong>na prav\u00e9 stran\u011b hrudi<\/strong> pod odznakem obecn\u00ed policie.<\/li>\n<\/ul>\n<p>Str\u00e1\u017en\u00edky m\u016f\u017eete \u010dasto poznat i podle toho, \u017ee na sv\u00fdch uniform\u00e1ch (\u010depic\u00edch) \u010dasto maj\u00ed tzv. <strong>\u0161achovnicovou p\u00e1sku<\/strong>.<\/p>\n<p>[\/et_pb_toggle][et_pb_toggle admin_label=&#8220;P\u0159ep\u00edna\u010d&#8220; title=&#8220;M\u016f\u017ee b\u00fdt obec bez obecn\u00ed policie?&#8220; icon_color=&#8220;#000000&#8243; title_font_size=&#8220;18&#8243; body_line_height=&#8220;1.4em&#8220;]<\/p>\n<p>Ano. Ka\u017ed\u00e1 obec se m\u016f\u017ee <strong>rozhodnout sama<\/strong>, <strong>jestli chce m\u00edt svoji obecn\u00ed policii, nebo n<\/strong>e. O tom rozhoduje zastupitelstvo obce. Pokud si obec nez\u0159\u00edd\u00ed svou &#8222;vlastn\u00ed&#8220; obecn\u00ed policii, m\u016f\u017ee pln\u011bn\u00edm jej\u00edch \u00fakol\u016f pov\u011b\u0159it:<\/p>\n<ul>\n<li>n\u011bkter\u00e9ho zam\u011bstnance obecn\u00edho \u00fa\u0159adu nebo<\/li>\n<li>obecn\u00ed policii jin\u00e9 obce, a to na z\u00e1klad\u011b dohody s touto jinou obc\u00ed.<\/li>\n<\/ul>\n<p>T\u0159et\u00ed mo\u017enost\u00ed je, aby starosta obce alespo\u0148 v n\u011bkter\u00fdch z\u00e1le\u017eitostech po\u017e\u00e1dal o spolupr\u00e1ci p\u0159\u00edmo Policii \u010cR.<\/p>\n<p>[\/et_pb_toggle][et_pb_button admin_label=&#8220;Tla\u010d\u00edtko&#8220; button_url=&#8220;#policista-versus-straznik&#8220; button_text=&#8220;zp\u011bt na za\u010d\u00e1tek&#8220; button_alignment=&#8220;center&#8220; custom_button=&#8220;on&#8220; button_use_icon=&#8220;on&#8220; button_icon=&#8220;d&#8220; custom_css_main_element=&#8220;||margin-bottom: -10px;&#8220; background_color=&#8220;#eeee22&#8243; \/][\/et_pb_column][\/et_pb_row][et_pb_row admin_label=&#8220;row&#8220; make_fullwidth=&#8220;on&#8220; custom_padding=&#8220;20px|50px|15px|50px&#8220; custom_margin=&#8220;50px||0px|&#8220; background_color=&#8220;#edf000&#8243; column_padding_mobile=&#8220;on&#8220; module_id=&#8220;ukoly-policie&#8220;][et_pb_column type=&#8220;4_4&#8243;][et_pb_text admin_label=&#8220;Text&#8220; custom_margin=&#8220;|||&#8220; custom_padding=&#8220;|||&#8220;]<\/p>\n<h1 style=\"text-align: left\">\u00daKOLY POLICIE<\/h1>\n<p>[\/et_pb_text][\/et_pb_column][\/et_pb_row][et_pb_row admin_label=&#8220;row&#8220; make_fullwidth=&#8220;on&#8220; custom_padding=&#8220;|50px|50px|50px&#8220; padding_mobile=&#8220;off&#8220; custom_margin=&#8220;|||&#8220; background_color=&#8220;#ffffff&#8220; column_padding_mobile=&#8220;on&#8220;][et_pb_column type=&#8220;1_2&#8243;][et_pb_text admin_label=&#8220;Text&#8220; custom_padding=&#8220;25px|||&#8220;]<\/p>\n<h3 style=\"background-color: #ffffff;text-align: left\">Policie \u010cR<\/h3>\n<p>Hlavn\u00ed \u00fakoly Policie \u010cR vymezuje z\u00e1kon o Policii \u010cR, kter\u00fd obecn\u011b upravuje jej\u00ed postaven\u00ed. Podle jeho \u00a7 2 jsou jimi:<\/p>\n<ul>\n<li>ochrana bezpe\u010dnosti osob a majetku,<\/li>\n<li>ochrana ve\u0159ejn\u00e9ho po\u0159\u00e1dku,<\/li>\n<li>p\u0159edch\u00e1zen\u00ed trestn\u00e9 \u010dinnosti,<\/li>\n<li>pln\u011bn\u00ed \u00fakoly podle trestn\u00edho \u0159\u00e1du a<\/li>\n<li>dal\u0161\u00ed \u00fakoly p\u0159i p\u00e9\u010di o dodr\u017eov\u00e1n\u00ed po\u0159\u00e1dku a bezpe\u010dnosti v \u010cesk\u00e9 republice podle r\u016fzn\u00fdch pr\u00e1vn\u00edch p\u0159edpis\u016f.<\/li>\n<\/ul>\n<p>P\u0159i pln\u011bn\u00ed sv\u00fdch \u00fakol\u016f Policie \u010cR p\u016fsob\u00ed na \u00fazem\u00ed cel\u00e9ho st\u00e1tu.<\/p>\n<p>[\/et_pb_text][\/et_pb_column][et_pb_column type=&#8220;1_2&#8243;][et_pb_text admin_label=&#8220;Text&#8220; custom_padding=&#8220;25px|||&#8220;]<\/p>\n<h3 style=\"text-align: left\">Obecn\u00ed policie<\/h3>\n<p>Obecn\u00ed policie je org\u00e1nem obce, ne org\u00e1nem st\u00e1tu. Proto z\u00e1sadn\u011b p\u016fsob\u00ed jen na \u00fazem\u00ed sv\u00e9 &#8222;domovsk\u00e9&#8220; obce. V n\u00ed se star\u00e1 o hlavn\u011b o tzv. zabezpe\u010dov\u00e1n\u00ed m\u00edstn\u00edch z\u00e1le\u017eitost\u00ed ve\u0159ejn\u00e9ho po\u0159\u00e1dku, kter\u00e9 jsou v p\u016fsobnosti obce.<\/p>\n<p>Konkr\u00e9tn\u00ed \u00fakoly obecn\u00ed policie zahrnuj\u00ed zejm\u00e9na:<\/p>\n<ul>\n<li>dohled nad dodr\u017eov\u00e1n\u00edm obecn\u011b z\u00e1vazn\u00fdch vyhl\u00e1\u0161ek a na\u0159\u00edzen\u00ed obce, pravidel ob\u010dansk\u00e9ho sou\u017eit\u00ed, \u010distoty na ve\u0159ejn\u00fdch prostranstv\u00edch, dopravn\u00edch pravidel v obci,<\/li>\n<li>p\u0159isp\u00edv\u00e1n\u00ed k ochran\u011b a bezpe\u010dnosti osob a majetku a k prevenci kriminality v obci a<\/li>\n<li>odhalov\u00e1n\u00ed a postih n\u011bkter\u00fdch p\u0159estupk\u016f a jin\u00fdch spr\u00e1vn\u00edch delikt\u016f.<\/li>\n<\/ul>\n<p>N\u011bkter\u00e9 \u00fakoly obecn\u00ed policie se tedy podobaj\u00ed \u00fakol\u016fm Policie \u010cR, ale obecn\u00ed policie je pln\u00ed z\u00e1sadn\u011b jen na \u00fazem\u00ed sv\u00e9 vlastn\u00ed obce; zat\u00edmco Policie \u010cR je celost\u00e1tn\u00ed. Obecn\u011b m\u00e1 Policie \u010cR nav\u00edc na rozd\u00edl od obecn\u00ed policie mnohem \u0161ir\u0161\u00ed pravomoci p\u0159i pln\u011bn\u00ed sv\u00fdch \u00fakol\u016f.<\/p>\n<p>[\/et_pb_text][et_pb_toggle admin_label=&#8220;P\u0159ep\u00edna\u010d&#8220; title=&#8220;Kdo pln\u00ed \u00fakoly obecn\u00ed policie, kdy\u017e ji obec nez\u0159\u00edd\u00ed?&#8220; icon_color=&#8220;#000000&#8243; title_font_size=&#8220;18&#8243; custom_padding=&#8220;|||&#8220;]<\/p>\n<p>Pokud se obec rozhodne nez\u0159\u00eddit svou vlastn\u00ed obecn\u00ed policii, m\u00e1 n\u011bkolik mo\u017enost\u00ed:<\/p>\n<ul>\n<li>Pln\u011bn\u00edm \u00fakol\u016f obecn\u00ed policie m\u016f\u017ee pov\u011b\u0159it n\u011bkter\u00e9ho\u00a0zam\u011bstnance obecn\u00edho \u00fa\u0159adu.<\/li>\n<li>M\u016f\u017ee uzav\u0159\u00edt dohodu s jinou obc\u00ed, aby\u00a0obecn\u00ed policie\u00a0t\u00e9to\u00a0jin\u00e9 obce p\u016fsobila i v obci, kter\u00e1 obecn\u00ed policii nez\u0159\u00eddila.<\/li>\n<li>V n\u011bkter\u00fdch z\u00e1le\u017eitostech m\u016f\u017ee po\u017eadovat i spolupr\u00e1ci po\u00a0Policii \u010cR.<\/li>\n<\/ul>\n<p>[\/et_pb_toggle][et_pb_button admin_label=&#8220;Tla\u010d\u00edtko&#8220; button_url=&#8220;#policista-versus-straznik&#8220; button_text=&#8220;zp\u011bt na za\u010d\u00e1tek&#8220; button_alignment=&#8220;center&#8220; custom_button=&#8220;on&#8220; button_use_icon=&#8220;on&#8220; button_icon=&#8220;d&#8220; custom_css_main_element=&#8220;||margin-bottom: -10px;&#8220; background_color=&#8220;#eeee22&#8243; \/][\/et_pb_column][\/et_pb_row][et_pb_row admin_label=&#8220;row&#8220; make_fullwidth=&#8220;on&#8220; custom_padding=&#8220;20px|50px|15px|&#8220; custom_margin=&#8220;50px||0px|&#8220; background_color=&#8220;#edf000&#8243; column_padding_mobile=&#8220;on&#8220; module_id=&#8220;kdo-tam-pracuje-a-jak-ho-poznate&#8220;][et_pb_column type=&#8220;4_4&#8243;][et_pb_text admin_label=&#8220;Text&#8220; custom_margin=&#8220;|||&#8220; custom_padding=&#8220;|||50px&#8220;]<\/p>\n<h1 style=\"text-align: left\">KDO TAM PRACUJE A JAK HO POZN\u00c1TE<\/h1>\n<p>[\/et_pb_text][\/et_pb_column][\/et_pb_row][et_pb_row admin_label=&#8220;row&#8220; make_fullwidth=&#8220;on&#8220; custom_padding=&#8220;|50px|50px|50px&#8220; padding_mobile=&#8220;off&#8220; custom_margin=&#8220;|||&#8220; background_color=&#8220;#ffffff&#8220; column_padding_mobile=&#8220;on&#8220;][et_pb_column type=&#8220;1_2&#8243;][et_pb_text admin_label=&#8220;Text&#8220; custom_padding=&#8220;25px|||&#8220;]<\/p>\n<h3 style=\"background-color: #ffffff;text-align: left\">Policie \u010cR<\/h3>\n<p>\u00dakoly policie \u010cR pln\u00ed p\u0159edev\u0161\u00edm\u00a0policist\u00e9. Ti jsou ve slu\u017eebn\u00edm pom\u011bru ke st\u00e1tu a z\u00e1kony jim p\u0159izn\u00e1vaj\u00ed docela \u0161irok\u00e9 pravomoci k tomu, aby efektivn\u011b mohli vykon\u00e1vat sv\u00e9 povol\u00e1n\u00ed.<\/p>\n<p>Na \u010dinnosti Policie \u010cR se ale krom\u011b policist\u016f pod\u00edlej\u00ed i tzv.\u00a0ob\u010dan\u0161t\u00ed zam\u011bstnanci (zam\u011bstnanci policie). Ti jsou na rozd\u00edl od policist\u016f v pracovn\u00edm pom\u011bru ke st\u00e1tu, respektive Policii \u010cR a jejich pravomoci jsou u\u017e\u0161\u00ed. \u010casto vykon\u00e1vaj\u00ed r\u016fzn\u00e9 pomocn\u00e9, organiza\u010dn\u00ed, administrativn\u00ed a technick\u00e9 \u00fakoly &#8211; tedy tzv. kancel\u00e1\u0159sk\u00e9 pr\u00e1ce. Krom nich ale mohou v\u00e9st t\u0159eba i spr\u00e1vn\u00ed \u0159\u00edzen\u00ed, kter\u00e1 prob\u00edhaj\u00ed u Policie \u010cR.<\/p>\n<p>Z\u00e1kladn\u00ed povinnosti podle z\u00e1kona o Policii \u010cR plat\u00ed jak pro policisty, tak pro ob\u010dansk\u00e9 zam\u011bstnance.<\/p>\n<p><strong>Policista\u00a0<\/strong>se prokazuje:<\/p>\n<ul>\n<li>uniformou (slu\u017eebn\u00edm stejnokrojem),<\/li>\n<li>slu\u017eebn\u00edm pr\u016fkazem nebo odznakem policie, p\u0159\u00edpadn\u011b<\/li>\n<li>\u00fastn\u00edm prohl\u00e1\u0161en\u00edm &#8222;policie&#8220;.<\/li>\n<\/ul>\n<p>Na uniform\u011b i slu\u017eebn\u00edm pr\u016fkazu nebo odznaku policisty mus\u00ed b\u00fdt z\u0159eteln\u011b viditeln\u00e9 jeho identifika\u010dn\u00ed \u010d\u00edslo.<\/p>\n<h1><\/h1>\n<p>[\/et_pb_text][et_pb_toggle admin_label=&#8220;P\u0159ep\u00edna\u010d&#8220; title=&#8220;Co mus\u00edte spl\u0148ovat, abyste se stali policistou?&#8220; icon_color=&#8220;#000000&#8243; title_font_size=&#8220;18&#8243; custom_padding=&#8220;|||&#8220;]<\/p>\n<p>Po\u017eadavky na v\u00fdkon policejn\u00edho povol\u00e1n\u00ed stanovuje z\u00e1kon.<\/p>\n<p>Policista mus\u00ed:<\/p>\n<ul>\n<li>b\u00fdt ob\u010danem \u010cR,<\/li>\n<li>b\u00fdt star\u0161\u00ed 18 let,<\/li>\n<li>m\u00edt alespo\u0148 st\u0159edo\u0161kolsk\u00e9 vzd\u011bl\u00e1n\u00ed s maturitou,<\/li>\n<li>b\u00fdt bez\u00fahonn\u00fd (tj. nedopustit se trestn\u00e9ho jedn\u00e1n\u00ed ani spr\u00e1vn\u00edho deliktu, jak ur\u010duje z\u00e1kon, neb\u00fdt z\u00e1visl\u00fd na alkoholu apod.),<\/li>\n<li>b\u00fdt fyzicky zp\u016fsobil\u00fd (t\u011blesn\u011b zdatn\u00fd) k v\u00fdkonu sv\u00e9 slu\u017eby, stejn\u011b jako zp\u016fsobil\u00fd zdravotn\u011b a osobnostn\u011b (tedy po psychologick\u00e9 str\u00e1nce),<\/li>\n<li>neb\u00fdt \u010dlenem politick\u00e9 strany ani hnut\u00ed,<\/li>\n<li>nevykon\u00e1vat v\u00fdd\u011ble\u010dnou \u010dinnost a neb\u00fdt ani zapojen\u00fd do podnik\u00e1n\u00ed, jak vy\u017eaduje z\u00e1kon.<\/li>\n<\/ul>\n<p>[\/et_pb_toggle][et_pb_toggle admin_label=&#8220;P\u0159ep\u00edna\u010d&#8220; title=&#8220;Co si ke mn\u011b m\u016f\u017ee dovolit ob\u010dansk\u00fd zam\u011bstnanec Policie \u010cR a co jen policista?&#8220; icon_color=&#8220;#000000&#8243; title_font_size=&#8220;18&#8243; custom_padding=&#8220;|||&#8220;]<\/p>\n<p>Ob\u010dan\u0161t\u00ed zam\u011bstnanci maj\u00ed u\u017e\u0161\u00ed pravomoci ne\u017e policist\u00e9. Proto tam, kde z\u00e1kon stanovuje, \u017ee n\u011bco \u010din\u00ed policie, m\u016f\u017ee takovou aktivitu vykon\u00e1vat jak ob\u010dansk\u00fd zam\u011bstnanec, tak policista. \u010casto ale z\u00e1kon v\u00fdslovn\u011b ur\u010duje, \u017ee n\u011bjak\u00e9 pr\u00e1vo nebo povinnost n\u00e1le\u017e\u00ed jen policist\u016fm. Takov\u00e9 \u010dinnosti pak ob\u010dan\u0161t\u00ed zam\u011bstnanci vykon\u00e1vat nemohou.<\/p>\n<p>Nap\u0159\u00edklad: Jen policist\u00e9 mohou prov\u00e1d\u011bt z\u00e1kroky &#8211; tedy pou\u017e\u00edvat i s\u00edlu, zbran\u011b a donucovac\u00ed prost\u0159edky &#8211; zat\u00edmco ostatn\u00ed \u00fakony mohou b\u011b\u017en\u011b vykon\u00e1vat jak policist\u00e9, tak ob\u010dan\u0161t\u00ed zam\u011bstnanci v pracovn\u00ed dob\u011b. Kup\u0159\u00edkladu i policista, i ob\u010dansk\u00fd zam\u011bstnanec s v\u00e1mi mohou sepsat z\u00e1znam o pod\u00e1n\u00ed vysv\u011btlen\u00ed.<\/p>\n<p>[\/et_pb_toggle][\/et_pb_column][et_pb_column type=&#8220;1_2&#8243;][et_pb_text admin_label=&#8220;Text&#8220; custom_padding=&#8220;25px|||&#8220;]<\/p>\n<h3 style=\"text-align: left\">Obecn\u00ed policie<\/h3>\n<p>V obecn\u00ed policii pracuj\u00ed zam\u011bstnanci troj\u00edho typu:<\/p>\n<ul>\n<li>str\u00e1\u017en\u00edci,<\/li>\n<li>\u010dekatel\u00e9\u00a0a<\/li>\n<li>ostatn\u00ed zam\u011bstnanci.<\/li>\n<\/ul>\n<p>V\u0161ichni pat\u0159\u00ed mezi zam\u011bstnance obce. Str\u00e1\u017en\u00edci z nich maj\u00ed nej\u0161ir\u0161\u00ed pravomoci, a tak n\u011bkter\u00e1 pr\u00e1va a povinnosti stanovuje z\u00e1kon jen pro n\u011b. Naopak pro \u010dekatele i ostatn\u00ed zam\u011bstnance plat\u00ed pr\u00e1va a povinnosti, kter\u00e9 jsou stanoveny obecn\u00ed policii obecn\u011b.<\/p>\n<p><strong>Str\u00e1\u017en\u00edk<\/strong>\u00a0se prokazuje podobn\u011b jako policista, tedy:<\/p>\n<ul>\n<li>uniformou s odznakem obecn\u00ed policie, identifika\u010dn\u00edm \u010d\u00edslem a n\u00e1zvem obce,<\/li>\n<li>pr\u016fkazem obecn\u00ed policie, p\u0159\u00edpadn\u011b<\/li>\n<li>\u00fastn\u00edm prohl\u00e1\u0161en\u00edm &#8222;obecn\u00ed policie&#8220; (&#8222;m\u011bstsk\u00e1 policie&#8220;).<\/li>\n<\/ul>\n<p>[\/et_pb_text][et_pb_toggle admin_label=&#8220;P\u0159ep\u00edna\u010d&#8220; title=&#8220;Jak se li\u0161\u00ed uniformy policist\u016f a str\u00e1\u017en\u00edk\u016f?&#8220; icon_color=&#8220;#000000&#8243; title_font_size=&#8220;18&#8243; custom_padding=&#8220;|||&#8220;]<\/p>\n<p>Uniforma m\u016f\u017ee slou\u017eit jako pozn\u00e1vac\u00ed znak policisty nebo str\u00e1\u017en\u00edka. Proto je dobr\u00e9 v\u011bd\u011bt, jak vypadaj\u00ed a \u010d\u00edm se li\u0161\u00ed.<\/p>\n<p>Ob\u011b uniformy m\u016f\u017eete snadno rozli\u0161it podle\u00a0<strong>um\u00edst\u011bn\u00ed<\/strong>\u00a0symbol\u016f, n\u00e1pis\u016f a identifika\u010dn\u00edho \u010d\u00edsla:<\/p>\n<ul>\n<li><strong>Policejn\u00ed<\/strong> <strong>uniformy<\/strong>\u00a0je maj\u00ed\u00a0<strong>nalevo<\/strong>\u00a0(jedn\u00e1 se o velk\u00fd st\u00e1tn\u00ed znak \u010cR se slovem &#8222;POLICIE&#8220;, n\u00e1pis &#8222;POLICIE&#8220;, symbol policie s identifika\u010dn\u00edm \u010d\u00edslem).<\/li>\n<li><strong>Uniformy<\/strong> <strong>str\u00e1\u017en\u00edk\u016f<\/strong>\u00a0je maj\u00ed\u00a0<strong>napravo<\/strong>\u00a0(jedn\u00e1 se o odznak obecn\u00ed policie s n\u00e1pisem &#8222;OBECN\u00cd POLICIE&#8220; a velk\u00fdm st\u00e1tn\u00edm znakem \u010cR nebo znakem obce a identifika\u010dn\u00ed \u010d\u00edslo).<\/li>\n<\/ul>\n<p>Dal\u0161\u00edm pozn\u00e1vac\u00edm znamen\u00edm m\u016f\u017ee b\u00fdt\u00a0<strong>barva<\/strong>\u00a0uniforem:<\/p>\n<ul>\n<li><strong>Policejn\u00ed<\/strong> <strong>uniformy<\/strong>\u00a0jsou nej\u010dast\u011bji \u010dern\u00e9, p\u0159\u00edpadn\u011b \u0161ed\u00e9 a do nich se nos\u00ed modr\u00e1 (nebo b\u00edl\u00e1) ko\u0161ile.<\/li>\n<li><strong>Uniformy<\/strong> <strong>str\u00e1\u017en\u00edk\u016f<\/strong>\u00a0ale nejsou jednotn\u00e9 &#8211; z\u00e1le\u017e\u00ed na ka\u017ed\u00e9 obci. Mohou v\u0161ak pou\u017e\u00edvat jenom \u010dernou, modrou nebo \u017elutou barvu, v\u010detn\u011b jejich kombinace. Str\u00e1\u017en\u00edci obecn\u00ed policie taky \u010dasto pou\u017e\u00edvaj\u00ed tzv.\u00a0<strong>\u0161achovnicovou<\/strong> <strong>p\u00e1sku<\/strong>.<\/li>\n<\/ul>\n<p>[\/et_pb_toggle][et_pb_toggle admin_label=&#8220;P\u0159ep\u00edna\u010d&#8220; title=&#8220;Jak\u00fd je rozd\u00edl mezi slu\u017eebn\u00edm pr\u016fkazem, odznakem policie a pr\u016fkazem obecn\u00ed policie?&#8220; icon_color=&#8220;#000000&#8243; title_font_size=&#8220;18&#8243; custom_padding=&#8220;|||&#8220;]<\/p>\n<p>Slu\u017eebn\u00ed pr\u016fkaz nebo odznak policie a pr\u016fkaz obecn\u00ed policie jsou prost\u0159edky, pomoc\u00ed kter\u00fdch se policist\u00e9 a str\u00e1\u017en\u00edci mohou\u00a0prokazovat. Kdy\u017e v\u00e1m je ale ukazuj\u00ed, nesm\u00ed je pustit z ruky, d\u00e1vaj\u00ed v\u00e1m jen nahl\u00e9dnout na jejich p\u0159edn\u00ed stranu.<\/p>\n<p><strong>Slu\u017eebn\u00ed<\/strong> <strong>pr\u016fkaz<\/strong>\u00a0policisty obsahuje na p\u0159edn\u00ed stran\u011b fotografii policisty i jeho identifika\u010dn\u00ed \u010d\u00edslo. Mohou ho nosit i policist\u00e9 v civilu.<\/p>\n<p><strong>Odznak<\/strong> <strong>policie<\/strong>\u00a0pou\u017e\u00edvaj\u00ed policist\u00e9 ze slu\u017eby krimin\u00e1ln\u00ed policie a vy\u0161et\u0159ov\u00e1n\u00ed (m\u00edsto slu\u017eebn\u00edho pr\u016fkazu). Na jeho p\u0159edn\u00ed stran\u011b je tak\u00e9 fotografie policisy a jeho identifika\u010dn\u00ed \u010d\u00edslo.<\/p>\n<p><strong>Pr\u016fkaz obecn\u00ed policie<\/strong>\u00a0pou\u017e\u00edvaj\u00ed str\u00e1\u017en\u00edci mimo pracovn\u00ed dobu k prok\u00e1z\u00e1n\u00ed sv\u00e9 p\u0159\u00edslu\u0161nosti k obecn\u00ed policii. Je na n\u011bm um\u00edst\u011bna jak fotografie str\u00e1\u017en\u00edka a jeho identifika\u010dn\u00ed \u010d\u00edslo, tak cel\u00e9 jm\u00e9no str\u00e1\u017en\u00edka, n\u00e1zev obce a podpis starosty. Pr\u016fkaz je jako &#8222;PR\u016eKAZ OBECN\u00cd POLICIE&#8220; ozna\u010den.<\/p>\n<p>[\/et_pb_toggle][et_pb_toggle admin_label=&#8220;P\u0159ep\u00edna\u010d&#8220; title=&#8220;Kdy sta\u010d\u00ed \u00fastn\u00ed prohl\u00e1\u0161en\u00ed %22policie%22 nebo %22obecn\u00ed policie%22?&#8220; icon_color=&#8220;#000000&#8243; title_font_size=&#8220;18&#8243; custom_padding=&#8220;|||&#8220;]<\/p>\n<p>\u00dastn\u00ed prohl\u00e1\u0161en\u00ed je jenom\u00a0v\u00fdjime\u010dn\u00fdm zp\u016fsobem, jak se m\u016f\u017ee policista nebo str\u00e1\u017en\u00edk prok\u00e1zat.<\/p>\n<p>Oba mohou takov\u00e9 \u00fastn\u00ed prohl\u00e1\u0161en\u00ed pou\u017e\u00edt jenom tehdy, kdy nen\u00ed mo\u017en\u00e9 se prok\u00e1zat jin\u00fdmi zp\u016fsoby (viz v\u00fd\u0161e). Jsou to krajn\u00ed p\u0159\u00edpady, situace, kdy je t\u0159eba rychle, okam\u017eit\u011b, bez zdr\u017eov\u00e1n\u00ed zas\u00e1hnout.<\/p>\n<p>V t\u011bch nejkrajn\u011bj\u0161\u00edch p\u0159\u00edpadech se\u00a0policista\u00a0dokonce nemus\u00ed prokazovat ani takto \u00fastn\u011b. Ov\u0161em hned jak takov\u00e9 okolnosti pominou, mus\u00ed se prok\u00e1zat \u0159\u00e1dn\u00fdm zp\u016fsobem.<\/p>\n<p>Str\u00e1\u017en\u00edk\u00a0se mus\u00ed prok\u00e1zat \u0159\u00e1dn\u00fdm zp\u016fsobem hned, jak je to mo\u017en\u00e9, i kdy\u017e prve pou\u017eije \u00fastn\u00ed prohl\u00e1\u0161en\u00ed &#8222;obecn\u00ed policie&#8220;. Str\u00e1\u017en\u00edci se tedy na rozd\u00edl od policist\u016f mus\u00ed prok\u00e1zat (alespo\u0148 \u00fastn\u011b) \u00fapln\u011b v\u017edy, kdy\u017e jednaj\u00ed.<\/p>\n<p>[\/et_pb_toggle][et_pb_button admin_label=&#8220;Tla\u010d\u00edtko&#8220; button_url=&#8220;#policista-versus-straznik&#8220; button_text=&#8220;zp\u011bt na za\u010d\u00e1tek&#8220; button_alignment=&#8220;center&#8220; custom_button=&#8220;on&#8220; button_use_icon=&#8220;on&#8220; button_icon=&#8220;d&#8220; custom_css_main_element=&#8220;||margin-bottom: -10px;&#8220; background_color=&#8220;#eeee22&#8243; \/][\/et_pb_column][\/et_pb_row][et_pb_row admin_label=&#8220;row&#8220; make_fullwidth=&#8220;on&#8220; custom_padding=&#8220;20px|50px|15px|50px&#8220; custom_margin=&#8220;50px||0px|&#8220; background_color=&#8220;#edf000&#8243; column_padding_mobile=&#8220;on&#8220; module_id=&#8220;zakladni-povinnosti-policistu-a-strazniku&#8220;][et_pb_column type=&#8220;4_4&#8243;][et_pb_text admin_label=&#8220;Text&#8220; module_id=&#8220;zakladni-povinnosti-policistu-a-strazniku&#8220; custom_margin=&#8220;|||&#8220; custom_padding=&#8220;|||&#8220;]<\/p>\n<h1>Z\u00c1KLADN\u00cd POVINNOSTI POLICIST\u016e A STR\u00c1\u017dN\u00cdK\u016e<\/h1>\n<p>[\/et_pb_text][\/et_pb_column][\/et_pb_row][et_pb_row admin_label=&#8220;row&#8220; make_fullwidth=&#8220;on&#8220; custom_padding=&#8220;50px|50px|50px|&#8220; background_color=&#8220;#ffffff&#8220; column_padding_mobile=&#8220;on&#8220;][et_pb_column type=&#8220;1_2&#8243;][et_pb_text admin_label=&#8220;Text&#8220; custom_padding=&#8220;|||50px&#8220; background_layout=&#8220;light&#8220; text_orientation=&#8220;left&#8220; use_border_color=&#8220;off&#8220; border_color=&#8220;#ffffff&#8220; border_style=&#8220;solid&#8220;]<\/p>\n<p>Policist\u00e9 i str\u00e1\u017en\u00edci pat\u0159\u00ed mezi\u00a0<strong>vykonavatele ve\u0159ejn\u00e9 moci,<\/strong> a proto nemohou d\u011blat, co se jim zrovna zamane. Nejz\u00e1kladn\u011bj\u0161\u00ed pravidlo pro chov\u00e1n\u00ed policist\u016f a str\u00e1\u017en\u00edk\u016f jako p\u0159edstavitel\u016f st\u00e1tn\u00ed moci &#8211; oproti ob\u010dan\u016fm &#8211; \u0159\u00edk\u00e1:<\/p>\n<p>&#8222;<strong>St\u00e1tn\u00ed moc lze uplat\u0148ovat jen v p\u0159\u00edpadech a v mez\u00edch stanoven\u00fdch z\u00e1konem, a to zp\u016fsobem, kter\u00fd z\u00e1kon stanov\u00ed.<\/strong>&#8220;<\/p>\n<p>A naopak pro ob\u010dany plat\u00ed:\u00a0&#8222;<strong>Ka\u017ed\u00fd m\u016f\u017ee \u010dinit, co nen\u00ed z\u00e1konem zak\u00e1z\u00e1no, a nikdo nesm\u00ed b\u00fdt nucen \u010dinit, co z\u00e1kon neukl\u00e1d\u00e1<\/strong>.&#8220;<\/p>\n<p>To znamen\u00e1, \u017ee vy jako ob\u010dan se m\u016f\u017eete chovat, jak chcete, pokud neporu\u0161ujete z\u00e1kon. Z\u00e1kon tedy stanovuje meze pro va\u0161e chov\u00e1n\u00ed, kter\u00e9 nesm\u00edte p\u0159ekro\u010dit. Pro st\u00e1tn\u00ed \u00fa\u0159ady, instituce a jin\u00e9 org\u00e1ny st\u00e1tu &#8211; v\u010detn\u011b policist\u016f nebo str\u00e1\u017en\u00edk\u016f &#8211; ale plat\u00ed \u00fapln\u00fd opak: mohou \u010dinit jen to, co jim z\u00e1kon v\u00fdslovn\u011b povol\u00ed a umo\u017en\u00ed. Ka\u017ed\u00e9 jejich jedn\u00e1n\u00ed jedn\u00e1n\u00ed mus\u00ed m\u00edt oporu v z\u00e1kon\u011b.<\/p>\n<p>Z\u00e1kon p\u0159itom policist\u016fm stanovuje spoustu konkr\u00e9tn\u00edch opr\u00e1vn\u011bn\u00ed i povinnost\u00ed, kter\u00e9 jsou rozebr\u00e1ny v dal\u0161\u00edch \u010dl\u00e1nc\u00edch na tomto webu. Krom\u011b toho jim v\u0161ak na\u0159izuje i n\u011bkolik z\u00e1kladn\u00edch, obecn\u00fdch povinnost\u00ed, kter\u00e9 policist\u00e9 a str\u00e1\u017en\u00edci mus\u00ed dodr\u017eovat v\u017edy, p\u0159i pln\u011bn\u00ed jak\u00e9hokoli \u00fakolu.<\/p>\n<p>[\/et_pb_text][\/et_pb_column][et_pb_column type=&#8220;1_2&#8243;][et_pb_text admin_label=&#8220;Text&#8220;]<\/p>\n<p>T\u011bmito povinnostmi jsou:<\/p>\n<p>[\/et_pb_text][et_pb_toggle admin_label=&#8220;P\u0159ep\u00edna\u010d&#8220; title=&#8220;Povinnost zdvo\u0159ilosti&#8220; icon_color=&#8220;#000000&#8243; title_font_size=&#8220;18&#8243; custom_padding=&#8220;|||&#8220;]<\/p>\n<p>Povinnost zdvo\u0159ilosti znamen\u00e1, \u017ee by s v\u00e1mi policist\u00e9 i str\u00e1\u017en\u00edci m\u011bli v\u017edy jednat\u00a0<strong>slu\u0161n\u011b, s \u00factou\u00a0<\/strong>k va\u0161\u00ed osobnosti, d\u016fstojnosti, cti. Nem\u011bli by v\u00e1m nap\u0159\u00edklad tykat a nem\u011bli by se chovat diskrimina\u010dn\u011b. M\u011bli by respektovat rovnost v\u0161ech lid\u00ed bez rozd\u00edlu.<\/p>\n<p>P\u0159i takov\u00e9m jedn\u00e1n\u00ed toti\u017e policist\u00e9 a str\u00e1\u017en\u00edci neprojevuj\u00ed \u00factu jen k v\u00e1m, ale vlastn\u011b i ke sv\u00e9mu povol\u00e1n\u00ed; podporuj\u00ed tak v\u00e1\u017enost, d\u016fstojnost a respekt ve spole\u010dnosti pro v\u0161echny sv\u00e9 kolegy.<\/p>\n<p>[\/et_pb_toggle][et_pb_toggle admin_label=&#8220;P\u0159ep\u00edna\u010d&#8220; title=&#8220;Povinnost zas\u00e1hnout (iniciativy)&#8220; icon_color=&#8220;#000000&#8243; title_font_size=&#8220;18&#8243; custom_padding=&#8220;|||&#8220;]<\/p>\n<p><strong>Policista<\/strong>\u00a0mus\u00ed zas\u00e1hnout &#8211; to znamen\u00e1 prov\u00e9st \u00fakon, z\u00e1krok nebo jin\u00e9 opat\u0159en\u00ed &#8211; pokud doch\u00e1z\u00ed k\u00a0<strong>naru\u0161ov\u00e1n\u00ed vnit\u0159n\u00edho po\u0159\u00e1dku nebo bezpe\u010dnosti<\/strong>. Nap\u0159\u00edklad pokud n\u011bkdo ohro\u017euje jin\u00e9 na ulici \u010di podobn\u011b. Povinnost zas\u00e1hnout na policistu dopad\u00e1 nejen, kdy\u017e je ve slu\u017eb\u011b, ale n\u011bkdy i kdy\u017e nen\u00ed. To plat\u00ed v p\u0159\u00edpadech bezprost\u0159edn\u00edho ohro\u017een\u00ed majetku nebo \u017eivota, zdrav\u00ed nebo svobody n\u011bjak\u00e9 osoby.<\/p>\n<p>Podobnou povinnost zas\u00e1hnout m\u00e1 i\u00a0<strong>str\u00e1\u017en\u00edk<\/strong>.<\/p>\n<p>Na druhou stranu nen\u00ed mo\u017en\u00e9 po policistech (nebo str\u00e1\u017en\u00edc\u00edch) vy\u017eadovat, aby zasahovali za ka\u017ed\u00fdch okolnost\u00ed &#8211; nap\u0159\u00edklad pokud prov\u00e1d\u011bj\u00ed n\u011bjak\u00fd d\u016fle\u017eit\u011bj\u0161\u00ed \u00fakol, pokud jsou zran\u011bn\u00ed, pokud nemaj\u00ed pot\u0159ebn\u00fd v\u00fdcvik, atd.<\/p>\n<p>Povinnost zas\u00e1hnout se n\u011bkdy ozna\u010duje jako &#8222;povinnost (nebo z\u00e1sada) iniciativy&#8220; \u010di &#8222;inicia\u010dn\u00ed povinnost&#8220;.<\/p>\n<p>[\/et_pb_toggle][et_pb_toggle admin_label=&#8220;P\u0159ep\u00edna\u010d&#8220; title=&#8220;Povinnost p\u0159im\u011b\u0159enosti&#8220; icon_color=&#8220;#000000&#8243; title_font_size=&#8220;18&#8243; custom_padding=&#8220;|||&#8220;]<\/p>\n<p>P\u0159im\u011b\u0159en\u00fd postup je takov\u00fd, kdy policista nebo str\u00e1\u017en\u00edk zva\u017euj\u00ed\u00a0<strong>v\u0161echny<\/strong> <strong>okolnosti<\/strong>\u00a0situace, a podle toho se posl\u00e9ze rozhoduj\u00ed. Neaplikuj\u00ed slep\u011b z\u00e1kon nebo jedno jeho ustanoven\u00ed, ale mysl\u00ed i na to, aby nezp\u016fsobili &#8222;v\u00edc \u0161kody ne\u017e u\u017eitku&#8220; &#8211; nap\u0159\u00edklad aby nepou\u017e\u00edvali n\u00e1sil\u00ed v\u00edc, ne\u017e je nutn\u00e9. Maj\u00ed se vyvarovat vzniku tzv.\u00a0<strong>bezd\u016fvodn\u00e9 \u00fajmy<\/strong><strong>,<\/strong> tedy zbyte\u010dn\u00e9 \u00fajmy nebo \u0161kody. Samoz\u0159ejm\u011b se v\u017edy mus\u00ed pohybovat v mez\u00edch z\u00e1kona; ten jim v\u0161ak v\u011bt\u0161inou d\u00e1v\u00e1 i ur\u010dit\u00fd prostor pro uv\u00e1\u017een\u00ed, co je v konkr\u00e9tn\u00ed situaci nejlep\u0161\u00ed u\u010dinit, nebo naopak neu\u010dinit.<\/p>\n<p>[\/et_pb_toggle][et_pb_toggle admin_label=&#8220;P\u0159ep\u00edna\u010d&#8220; title=&#8220;Povinnost pou\u010dovac\u00ed&#8220; icon_color=&#8220;#000000&#8243; title_font_size=&#8220;18&#8243; custom_padding=&#8220;|||&#8220;]<\/p>\n<p>Policista v\u00e1s m\u00e1 v\u017edy pou\u010dit o\u00a0d\u016fvodech \u00fakonu, kter\u00fd v\u016f\u010di v\u00e1m prov\u00e1d\u00ed &#8211; pro\u010d po v\u00e1s n\u011bco \u017e\u00e1d\u00e1, pro\u010d v\u00e1s k n\u011b\u010demu vyz\u00fdv\u00e1. Kdy\u017e n\u011bjak zasahuje do va\u0161ich pr\u00e1v a svobod (nap\u0159\u00edklad kdy\u017e v\u00e1s zaji\u0161\u0165uje, a tak omezuje va\u0161i osobn\u00ed svobodu), mus\u00ed v\u00e1s pou\u010dit i o\u00a0va\u0161ich pr\u00e1vech a povinnostech.<\/p>\n<p>I str\u00e1\u017en\u00edk v\u00e1s mus\u00ed pou\u010dit o va\u0161ich pr\u00e1vech a povinnostech, zasahuje-li do sf\u00e9ry va\u0161ich pr\u00e1v a svobod.<\/p>\n<p>Takov\u00e9 pou\u010den\u00ed se prov\u00e1d\u00ed je\u0161t\u011b\u00a0p\u0159edt\u00edm, ne\u017e policista nebo str\u00e1\u017en\u00edk p\u0159istoup\u00ed k dan\u00e9mu \u00fakonu, o kter\u00e9m v\u00e1s pou\u010duj\u00ed. Jenom v\u00fdjime\u010dn\u011b se stane, \u017ee v\u00e1s nen\u00ed mo\u017en\u00e9 pou\u010dit p\u0159edem, a tak se to provede dodate\u010dn\u011b.<\/p>\n<p>Nem\u011blo by se ale st\u00e1vat, aby policista nebo str\u00e1\u017en\u00edk pou\u010den\u00ed \u00fapln\u011b vynechal nebo \u010dekal, a\u017e se na n\u011bj p\u0159\u00edpadn\u011b zept\u00e1te sami.<\/p>\n<p>[\/et_pb_toggle][et_pb_toggle admin_label=&#8220;P\u0159ep\u00edna\u010d&#8220; title=&#8220;Povinnost prok\u00e1zat se&#8220; icon_color=&#8220;#000000&#8243; title_font_size=&#8220;18&#8243; custom_padding=&#8220;|||&#8220;]<\/p>\n<p>Policista i str\u00e1\u017en\u00edk se v\u00e1m samoz\u0159ejm\u011b mus\u00ed prok\u00e1zat\u00a0<strong>v\u017edy, kdy\u017e po v\u00e1s n\u011bco cht\u011bj\u00ed<\/strong>,\u00a0k n\u011b\u010demu\u00a0<strong>vyz\u00fdvaj\u00ed<\/strong>. M\u011bli byste v\u011bd\u011bt, \u017ee to jsou opravdu p\u0159\u00edslu\u0161n\u00edci policie nebo obecn\u00ed policie, abyste pak s nimi jako s takov\u00fdmi mohli jednat a t\u0159eba plnit jejich pokyny.<\/p>\n<p>V\u00fdjime\u010dn\u011b se ale m\u016f\u017ee st\u00e1t, \u017ee okolnosti konkr\u00e9tn\u00ed situace zkr\u00e1tka neumo\u017e\u0148uj\u00ed, aby se zasahuj\u00edc\u00ed policista n\u011bjak\u00fdm z\u00e1konn\u00fdm zp\u016fsobem prok\u00e1zal &#8211; je pot\u0159eba zas\u00e1hnout rychle, neztr\u00e1cet \u010das. V takov\u00fdm p\u0159\u00edpadech je potom mo\u017en\u00e9, aby se policista prok\u00e1zal dodate\u010dn\u011b.<\/p>\n<p>Krom toho existuj\u00ed i p\u0159\u00edpady, kdy policista svou p\u0159\u00edslu\u0161nost\u00a0opr\u00e1vn\u011bn\u011b zast\u00edr\u00e1(nap\u0159\u00edklad kdy\u017e vystupuje jako agent). V tom p\u0159\u00edpad\u011b ale v\u016f\u010di v\u00e1m jako policista ani nem\u016f\u017ee vystupovat, dokud se pat\u0159i\u010dn\u011b neprok\u00e1\u017ee.<\/p>\n<p>K tomu, jak se policist\u00e9 a str\u00e1\u017en\u00edci prokazuj\u00ed, viz\u00a0<span style=\"text-decoration: underline\"><span style=\"color: #000000\"><a style=\"color: #000000;text-decoration: underline\" href=\"#kdo-tam-pracuje-a-jak-ho-poznate\">zde<\/a><\/span><\/span>.<\/p>\n<p>[\/et_pb_toggle][et_pb_text admin_label=&#8220;Text&#8220;]<\/p>\n<p>Pro str\u00e1\u017en\u00edky je nav\u00edc stanoven\u00e1 i obecn\u00e1<strong>\u00a0povinnost poskytnout pomoc<\/strong>.<\/p>\n<p>Policist\u00e9 se nadto mus\u00ed \u0159\u00eddit taky\u00a0<strong>Etick\u00fdm kodexem Policie \u010cesk\u00e9 republiky<\/strong>. Ten pat\u0159\u00ed mezi vnit\u0159n\u00ed p\u0159edpisy Policie \u010cR a p\u0159i jeho poru\u0161en\u00ed se policist\u00e9 mohou dopustit k\u00e1ze\u0148sk\u00e9ho p\u0159estupku.<\/p>\n<p>[\/et_pb_text][et_pb_toggle admin_label=&#8220;P\u0159ep\u00edna\u010d&#8220; title=&#8220;Kdy se m\u00e1 zvolat %22Jm\u00e9nem z\u00e1kona!%22?&#8220; icon_color=&#8220;#000000&#8243; title_font_size=&#8220;18&#8243; custom_padding=&#8220;|||&#8220;]<\/p>\n<p>Zvol\u00e1n\u00ed &#8222;Jm\u00e9nem z\u00e1kona&#8220; maj\u00ed policist\u00e9 i str\u00e1\u017en\u00edci pou\u017e\u00edt v\u017edycky, kdy\u017e p\u0159i prov\u00e1d\u011bn\u00ed n\u011bjak\u00e9ho \u00fakonu\u00a0<strong>pou\u017e\u00edvaj\u00ed s\u00edlu<\/strong>\u00a0nebo pou\u017eit\u00edm s\u00edly hroz\u00ed. V takov\u00fdch situac\u00edch maj\u00ed zvolat\u00a0&#8222;<strong>Jm\u00e9nem z\u00e1kona<\/strong>&#8220;\u00a0a p\u0159idat\u00a0<strong>odpov\u00eddaj\u00edc\u00ed v\u00fdzvu<\/strong>\u00a0(co vlastn\u011b m\u00e1te nebo nem\u00e1te ud\u011blat), a to je\u0161t\u011b p\u0159edt\u00edm, ne\u017e takov\u00fd \u00fakon provedou.<\/p>\n<p>Samoz\u0159ejm\u011b se ale mohou objevit situace, kdy na takov\u00e9 zvol\u00e1n\u00ed nebude \u010das nebo ho nebude mo\u017en\u00e9 prov\u00e9st z jin\u00e9ho d\u016fvodu. To jsou v\u0161ak v\u00fdjime\u010dn\u00e9 situace.<\/p>\n<p>[\/et_pb_toggle][et_pb_button admin_label=&#8220;Tla\u010d\u00edtko&#8220; button_url=&#8220;#policista-versus-straznik&#8220; button_text=&#8220;zp\u011bt na za\u010d\u00e1tek&#8220; button_alignment=&#8220;center&#8220; custom_button=&#8220;on&#8220; button_use_icon=&#8220;on&#8220; button_icon=&#8220;d&#8220; custom_css_main_element=&#8220;||margin-bottom: -10px;&#8220; background_color=&#8220;#eeee22&#8243; \/][\/et_pb_column][\/et_pb_row][et_pb_row admin_label=&#8220;row&#8220; make_fullwidth=&#8220;on&#8220; custom_padding=&#8220;20px|50px|15px|50px&#8220; custom_margin=&#8220;50px||0px|&#8220; background_color=&#8220;#edf000&#8243; column_padding_mobile=&#8220;on&#8220; module_id=&#8220;specialni-policiste-a-podobne-profese&#8220;][et_pb_column type=&#8220;4_4&#8243;][et_pb_text admin_label=&#8220;Text&#8220; module_id=&#8220;zakladni-povinnosti-policistu-a-strazniku&#8220; custom_margin=&#8220;|||&#8220; custom_padding=&#8220;|||&#8220;]<\/p>\n<h1>&#8222;SPECI\u00c1LN\u00cd&#8220; POLICIST\u00c9 A PODOBN\u00c9 PROFESE<\/h1>\n<p>[\/et_pb_text][\/et_pb_column][\/et_pb_row][et_pb_row admin_label=&#8220;row&#8220; make_fullwidth=&#8220;on&#8220; custom_padding=&#8220;0px|50px|50px|0px&#8220; custom_margin=&#8220;0px|||&#8220; background_color=&#8220;#ffffff&#8220; column_padding_mobile=&#8220;on&#8220; custom_padding_last_edited=&#8220;on|desktop&#8220;][et_pb_column type=&#8220;1_2&#8243;][et_pb_text admin_label=&#8220;Text&#8220; custom_padding=&#8220;25px|||50px&#8220;]<\/p>\n<p>Ve sv\u011bt\u011b okolo n\u00e1s se objevuje \u010d\u00edm d\u00e1l t\u00edm v\u00edc osob v uniform\u00e1ch. Je tak velmi lehk\u00e9 ztratit se v tom, kdo je vlastn\u011b kdo a kdo co m\u016f\u017ee. P\u0159itom bychom nem\u011bli rozli\u0161ovat jen mezi policisty a str\u00e1\u017en\u00edky, ale i mezi dal\u0161\u00edmi mu\u017ei a \u017eenami v uniform\u00e1ch. Takov\u00e9 uniformovan\u00e9 osoby mohou pat\u0159it &#8211; podobn\u011b jako policie &#8211; mezi st\u00e1tn\u00ed org\u00e1ny a \u00fa\u0159edn\u00ed osoby.\u00a0 To jsou nap\u0159\u00edklad\u00a0<strong>celn\u00edci<\/strong>.<\/p>\n<p>Stejn\u011b tak to ale mohou b\u00fdt t\u0159eba\u00a0<strong>soukrom\u00e9 osoby<\/strong>, kter\u00e9 samy poskytuj\u00ed r\u016fzn\u00e9\u00a0<strong>bezpe\u010dnostn\u00ed slu\u017eby<\/strong>\u00a0nebo pracuj\u00ed pro zam\u011bstnavatele, kter\u00fd je poskytuje. Takov\u00e9 soukrom\u00e9 osoby ale zdaleka nemaj\u00ed tak \u0161irok\u00e1 opr\u00e1vn\u011bn\u00ed jako policist\u00e9 nebo str\u00e1\u017en\u00edci, naopak jejich postaven\u00ed je podle pr\u00e1va rovn\u00e9 s t\u00edm va\u0161\u00edm.<\/p>\n<p>&nbsp;<\/p>\n<p>[\/et_pb_text][\/et_pb_column][et_pb_column type=&#8220;1_2&#8243;][et_pb_text admin_label=&#8220;Text&#8220; custom_padding=&#8220;25px|||50px&#8220;]<\/p>\n<p>Na druhou stranu, kolem n\u00e1s nejsou jen &#8222;ne-policist\u00e9&#8220;, kte\u0159\u00ed nos\u00ed uniformy, ale i policist\u00e9, kte\u0159\u00ed naopak uniformu pravideln\u011b nemaj\u00ed. To jsou tzv.\u00a0<strong>tajn\u00ed policist\u00e9<\/strong>\u00a0a tak\u00e9\u00a0<strong>policejn\u00ed agenti<\/strong>.<\/p>\n<p>Kone\u010dn\u011b mezi &#8222;speci\u00e1ln\u00edmi&#8220; policisty, kte\u0159\u00ed vykon\u00e1vaj\u00ed n\u011bjak\u00e9 zvl\u00e1\u0161tn\u00ed funkce, mus\u00edme zm\u00ednit i\u00a0<strong>antikonfliktn\u00ed t\u00fdm<\/strong>\u00a0a jeho \u010dleny. S t\u011bmi se \u010dasto m\u016f\u017eete setkat nap\u0159\u00edklad na &#8222;vyost\u0159en\u011bj\u0161\u00edch&#8220; demonstrac\u00edch.<\/p>\n<p>[\/et_pb_text][et_pb_button admin_label=&#8220;Tla\u010d\u00edtko&#8220; button_url=&#8220;#policista-versus-straznik&#8220; button_text=&#8220;zp\u011bt na za\u010d\u00e1tek&#8220; button_alignment=&#8220;center&#8220; custom_button=&#8220;on&#8220; button_use_icon=&#8220;on&#8220; button_icon=&#8220;d&#8220; custom_css_main_element=&#8220;||margin-bottom: -10px;&#8220; background_color=&#8220;#eeee22&#8243; \/][\/et_pb_column][\/et_pb_row][\/et_pb_section]<\/p>\n","protected":false},"excerpt":{"rendered":"<p>POLICISTA VERSUS STR\u00c1\u017dN\u00cdK &nbsp; aneb kdo je kdo, kdy\u017e v\u0161ichni vypadaj\u00ed podobn\u011b &nbsp; O bezpe\u010dnost osob a jejich majetek a o udr\u017eov\u00e1n\u00ed ve\u0159ejn\u00e9ho po\u0159\u00e1dku se v r\u00e1mci st\u00e1tu mohou starat r\u016fzn\u00e9 org\u00e1ny a instituce ve\u0159ejn\u00e9 spr\u00e1vy. V na\u0161em p\u0159\u00ed\u00adpad\u011b jsou jimi zejm\u00e9na Policie \u010cesk\u00e9 republiky (&#8222;Policie \u010cR&#8220;) a obecn\u00ed (m\u011bstsk\u00e1) policie. V n\u011bkter\u00fdch p\u0159\u00edpadech mohou [&hellip;]<\/p>\n","protected":false},"author":2,"featured_media":0,"parent":0,"menu_order":0,"comment_status":"closed","ping_status":"closed","template":"","meta":{"_et_pb_use_builder":"on","_et_pb_old_content":"","_et_gb_content_width":"","footnotes":""},"class_list":["post-59","page","type-page","status-publish","hentry"],"yoast_head":"<!-- This site is optimized with the Yoast SEO plugin v27.4 - https:\/\/yoast.com\/product\/yoast-seo-wordpress\/ -->\n<title>Policista versus str\u00e1\u017en\u00edk - F\u00e9rov\u00e9 vy\u0161et\u0159ov\u00e1n\u00ed<\/title>\n<meta name=\"robots\" content=\"index, follow, max-snippet:-1, max-image-preview:large, max-video-preview:-1\" \/>\n<link rel=\"canonical\" href=\"https:\/\/llp.cz\/ferove-vysetrovani\/policista-versus-straznik\/\" \/>\n<meta property=\"og:locale\" content=\"cs_CZ\" \/>\n<meta property=\"og:type\" content=\"article\" \/>\n<meta property=\"og:title\" content=\"Policista versus str\u00e1\u017en\u00edk - F\u00e9rov\u00e9 vy\u0161et\u0159ov\u00e1n\u00ed\" \/>\n<meta property=\"og:description\" content=\"POLICISTA VERSUS STR\u00c1\u017dN\u00cdK &nbsp; aneb kdo je kdo, kdy\u017e v\u0161ichni vypadaj\u00ed podobn\u011b &nbsp; O bezpe\u010dnost osob a jejich majetek a o udr\u017eov\u00e1n\u00ed ve\u0159ejn\u00e9ho po\u0159\u00e1dku se v r\u00e1mci st\u00e1tu mohou starat r\u016fzn\u00e9 org\u00e1ny a instituce ve\u0159ejn\u00e9 spr\u00e1vy. V na\u0161em p\u0159\u00ed\u00adpad\u011b jsou jimi zejm\u00e9na Policie \u010cesk\u00e9 republiky (&quot;Policie \u010cR&quot;) a obecn\u00ed (m\u011bstsk\u00e1) policie. V n\u011bkter\u00fdch p\u0159\u00edpadech mohou [&hellip;]\" \/>\n<meta property=\"og:url\" content=\"https:\/\/llp.cz\/ferove-vysetrovani\/policista-versus-straznik\/\" \/>\n<meta property=\"og:site_name\" content=\"F\u00e9rov\u00e9 vy\u0161et\u0159ov\u00e1n\u00ed\" \/>\n<meta property=\"article:modified_time\" content=\"2017-03-28T20:54:42+00:00\" \/>\n<meta name=\"twitter:card\" content=\"summary_large_image\" \/>\n<meta name=\"twitter:label1\" content=\"Odhadovan\u00e1 doba \u010dten\u00ed\" \/>\n\t<meta name=\"twitter:data1\" content=\"24 minut\" \/>\n<script type=\"application\/ld+json\" class=\"yoast-schema-graph\">{\"@context\":\"https:\\\/\\\/schema.org\",\"@graph\":[{\"@type\":\"WebPage\",\"@id\":\"https:\\\/\\\/llp.cz\\\/ferove-vysetrovani\\\/policista-versus-straznik\\\/\",\"url\":\"https:\\\/\\\/llp.cz\\\/ferove-vysetrovani\\\/policista-versus-straznik\\\/\",\"name\":\"Policista versus str\u00e1\u017en\u00edk - F\u00e9rov\u00e9 vy\u0161et\u0159ov\u00e1n\u00ed\",\"isPartOf\":{\"@id\":\"https:\\\/\\\/llp.cz\\\/ferove-vysetrovani\\\/#website\"},\"datePublished\":\"2016-12-01T13:47:35+00:00\",\"dateModified\":\"2017-03-28T20:54:42+00:00\",\"breadcrumb\":{\"@id\":\"https:\\\/\\\/llp.cz\\\/ferove-vysetrovani\\\/policista-versus-straznik\\\/#breadcrumb\"},\"inLanguage\":\"cs\",\"potentialAction\":[{\"@type\":\"ReadAction\",\"target\":[\"https:\\\/\\\/llp.cz\\\/ferove-vysetrovani\\\/policista-versus-straznik\\\/\"]}]},{\"@type\":\"BreadcrumbList\",\"@id\":\"https:\\\/\\\/llp.cz\\\/ferove-vysetrovani\\\/policista-versus-straznik\\\/#breadcrumb\",\"itemListElement\":[{\"@type\":\"ListItem\",\"position\":1,\"name\":\"Dom\u016f\",\"item\":\"https:\\\/\\\/llp.cz\\\/ferove-vysetrovani\\\/\"},{\"@type\":\"ListItem\",\"position\":2,\"name\":\"Policista versus str\u00e1\u017en\u00edk\"}]},{\"@type\":\"WebSite\",\"@id\":\"https:\\\/\\\/llp.cz\\\/ferove-vysetrovani\\\/#website\",\"url\":\"https:\\\/\\\/llp.cz\\\/ferove-vysetrovani\\\/\",\"name\":\"F\u00e9rov\u00e9 vy\u0161et\u0159ov\u00e1n\u00ed\",\"description\":\"\",\"potentialAction\":[{\"@type\":\"SearchAction\",\"target\":{\"@type\":\"EntryPoint\",\"urlTemplate\":\"https:\\\/\\\/llp.cz\\\/ferove-vysetrovani\\\/?s={search_term_string}\"},\"query-input\":{\"@type\":\"PropertyValueSpecification\",\"valueRequired\":true,\"valueName\":\"search_term_string\"}}],\"inLanguage\":\"cs\"}]}<\/script>\n<!-- \/ Yoast SEO plugin. -->","yoast_head_json":{"title":"Policista versus str\u00e1\u017en\u00edk - F\u00e9rov\u00e9 vy\u0161et\u0159ov\u00e1n\u00ed","robots":{"index":"index","follow":"follow","max-snippet":"max-snippet:-1","max-image-preview":"max-image-preview:large","max-video-preview":"max-video-preview:-1"},"canonical":"https:\/\/llp.cz\/ferove-vysetrovani\/policista-versus-straznik\/","og_locale":"cs_CZ","og_type":"article","og_title":"Policista versus str\u00e1\u017en\u00edk - F\u00e9rov\u00e9 vy\u0161et\u0159ov\u00e1n\u00ed","og_description":"POLICISTA VERSUS STR\u00c1\u017dN\u00cdK &nbsp; aneb kdo je kdo, kdy\u017e v\u0161ichni vypadaj\u00ed podobn\u011b &nbsp; O bezpe\u010dnost osob a jejich majetek a o udr\u017eov\u00e1n\u00ed ve\u0159ejn\u00e9ho po\u0159\u00e1dku se v r\u00e1mci st\u00e1tu mohou starat r\u016fzn\u00e9 org\u00e1ny a instituce ve\u0159ejn\u00e9 spr\u00e1vy. V na\u0161em p\u0159\u00ed\u00adpad\u011b jsou jimi zejm\u00e9na Policie \u010cesk\u00e9 republiky (\"Policie \u010cR\") a obecn\u00ed (m\u011bstsk\u00e1) policie. V n\u011bkter\u00fdch p\u0159\u00edpadech mohou [&hellip;]","og_url":"https:\/\/llp.cz\/ferove-vysetrovani\/policista-versus-straznik\/","og_site_name":"F\u00e9rov\u00e9 vy\u0161et\u0159ov\u00e1n\u00ed","article_modified_time":"2017-03-28T20:54:42+00:00","twitter_card":"summary_large_image","twitter_misc":{"Odhadovan\u00e1 doba \u010dten\u00ed":"24 minut"},"schema":{"@context":"https:\/\/schema.org","@graph":[{"@type":"WebPage","@id":"https:\/\/llp.cz\/ferove-vysetrovani\/policista-versus-straznik\/","url":"https:\/\/llp.cz\/ferove-vysetrovani\/policista-versus-straznik\/","name":"Policista versus str\u00e1\u017en\u00edk - F\u00e9rov\u00e9 vy\u0161et\u0159ov\u00e1n\u00ed","isPartOf":{"@id":"https:\/\/llp.cz\/ferove-vysetrovani\/#website"},"datePublished":"2016-12-01T13:47:35+00:00","dateModified":"2017-03-28T20:54:42+00:00","breadcrumb":{"@id":"https:\/\/llp.cz\/ferove-vysetrovani\/policista-versus-straznik\/#breadcrumb"},"inLanguage":"cs","potentialAction":[{"@type":"ReadAction","target":["https:\/\/llp.cz\/ferove-vysetrovani\/policista-versus-straznik\/"]}]},{"@type":"BreadcrumbList","@id":"https:\/\/llp.cz\/ferove-vysetrovani\/policista-versus-straznik\/#breadcrumb","itemListElement":[{"@type":"ListItem","position":1,"name":"Dom\u016f","item":"https:\/\/llp.cz\/ferove-vysetrovani\/"},{"@type":"ListItem","position":2,"name":"Policista versus str\u00e1\u017en\u00edk"}]},{"@type":"WebSite","@id":"https:\/\/llp.cz\/ferove-vysetrovani\/#website","url":"https:\/\/llp.cz\/ferove-vysetrovani\/","name":"F\u00e9rov\u00e9 vy\u0161et\u0159ov\u00e1n\u00ed","description":"","potentialAction":[{"@type":"SearchAction","target":{"@type":"EntryPoint","urlTemplate":"https:\/\/llp.cz\/ferove-vysetrovani\/?s={search_term_string}"},"query-input":{"@type":"PropertyValueSpecification","valueRequired":true,"valueName":"search_term_string"}}],"inLanguage":"cs"}]}},"_links":{"self":[{"href":"https:\/\/llp.cz\/ferove-vysetrovani\/wp-json\/wp\/v2\/pages\/59","targetHints":{"allow":["GET"]}}],"collection":[{"href":"https:\/\/llp.cz\/ferove-vysetrovani\/wp-json\/wp\/v2\/pages"}],"about":[{"href":"https:\/\/llp.cz\/ferove-vysetrovani\/wp-json\/wp\/v2\/types\/page"}],"author":[{"embeddable":true,"href":"https:\/\/llp.cz\/ferove-vysetrovani\/wp-json\/wp\/v2\/users\/2"}],"replies":[{"embeddable":true,"href":"https:\/\/llp.cz\/ferove-vysetrovani\/wp-json\/wp\/v2\/comments?post=59"}],"version-history":[{"count":81,"href":"https:\/\/llp.cz\/ferove-vysetrovani\/wp-json\/wp\/v2\/pages\/59\/revisions"}],"predecessor-version":[{"id":841,"href":"https:\/\/llp.cz\/ferove-vysetrovani\/wp-json\/wp\/v2\/pages\/59\/revisions\/841"}],"wp:attachment":[{"href":"https:\/\/llp.cz\/ferove-vysetrovani\/wp-json\/wp\/v2\/media?parent=59"}],"curies":[{"name":"wp","href":"https:\/\/api.w.org\/{rel}","templated":true}]}}