{"id":54,"date":"2016-12-01T14:39:19","date_gmt":"2016-12-01T13:39:19","guid":{"rendered":"http:\/\/llp.cz\/ferove-vysetrovani\/?page_id=54"},"modified":"2017-03-30T14:26:02","modified_gmt":"2017-03-30T12:26:02","slug":"pripady","status":"publish","type":"page","link":"https:\/\/llp.cz\/ferove-vysetrovani\/pripady\/","title":{"rendered":"P\u0159\u00edpady"},"content":{"rendered":"<p>[et_pb_section bb_built=&#8220;1&#8243; admin_label=&#8220;section&#8220;][et_pb_row admin_label=&#8220;\u0158\u00e1dek&#8220; make_fullwidth=&#8220;off&#8220; use_custom_width=&#8220;off&#8220; width_unit=&#8220;on&#8220; use_custom_gutter=&#8220;off&#8220; background_color=&#8220;#edf000&#8243; allow_player_pause=&#8220;off&#8220; parallax=&#8220;off&#8220; parallax_method=&#8220;on&#8220; make_equal=&#8220;off&#8220; parallax_1=&#8220;off&#8220; parallax_method_1=&#8220;off&#8220;][et_pb_column type=&#8220;4_4&#8243;][et_pb_text admin_label=&#8220;Text&#8220; background_layout=&#8220;light&#8220; text_orientation=&#8220;left&#8220; use_border_color=&#8220;off&#8220; border_color=&#8220;#ffffff&#8220; border_style=&#8220;solid&#8220; custom_padding=&#8220;|||25px&#8220;]<\/p>\n<p>Tady naleznete nejr\u016fzn\u011bj\u0161\u00ed p\u0159\u00edpady z policejn\u00edho sv\u011bta &#8211; \u0159e\u0161en\u00e9 Ligou i jin\u00e9. Mrkn\u011bte se na n\u011b a zjist\u011bte, k \u010demu v praxi skute\u010dn\u011b doch\u00e1z\u00ed a jak pr\u00e1vn\u011b reagovat na p\u0159ekra\u010dov\u00e1n\u00ed pravomoc\u00ed ze strany policie nebo obecn\u00ed policie.<\/p>\n<p>[\/et_pb_text][\/et_pb_column][\/et_pb_row][et_pb_row admin_label=&#8220;row&#8220;][et_pb_column type=&#8220;4_4&#8243;][et_pb_toggle admin_label=&#8220;P\u0159ep\u00edna\u010d&#8220; title=&#8220;Ned\u016fstojn\u00e9 p\u0159ipout\u00e1n\u00ed v policejn\u00ed cele&#8220; open=&#8220;on&#8220; use_border_color=&#8220;off&#8220; border_color=&#8220;#ffffff&#8220; border_style=&#8220;solid&#8220;]<\/p>\n<div><em>\u017dena v\u00a0podnapil\u00e9m stavu byla policisty zaji\u0161t\u011bna a p\u0159evezena na policejn\u00ed slu\u017eebnu, kde po jej\u00edm um\u00edst\u011bn\u00ed do policejn\u00ed cely byla za sv\u00e9 vulg\u00e1rn\u00ed chov\u00e1n\u00ed v\u016f\u010di policist\u016fm potrest\u00e1na p\u0159ipout\u00e1n\u00edm v\u00a0cele poni\u017euj\u00edc\u00edm a ned\u016fstojn\u00fdm zp\u016fsobem. Pr\u00e1vn\u00edci Ligy lidsk\u00fdch pr\u00e1v zastupovali po\u0161kozenou v\u00a0trestn\u00edm \u0159\u00edzen\u00ed veden\u00e9m proti policist\u016fm.<\/em><\/div>\n<div><\/div>\n<div class=\"gm-style-iw\">\n<div>\n<div>\n<div class=\"infowindow\">\n<p><strong><a href=\"http:\/\/llp.cz\/ferove-vysetrovani\/pripady\/nedustojne-pripoutani-policejni-cele\/\">Cel\u00fd p\u0159\u00edpad<\/a><\/strong><\/p>\n<\/div>\n<\/div>\n<\/div>\n<\/div>\n<p>[\/et_pb_toggle][et_pb_toggle admin_label=&#8220;P\u0159ep\u00edna\u010d&#8220; title=&#8220; Mu\u017e vypadl z okna policejn\u00ed slu\u017eebny&#8220; open=&#8220;on&#8220; use_border_color=&#8220;off&#8220; border_color=&#8220;#ffffff&#8220; border_style=&#8220;solid&#8220;]<\/p>\n<div class=\"infowindow\">\n<p><em>T\u0159iadvacetilet\u00fd Vladim\u00edr Pecha obvin\u011bn\u00fd z\u00a0kr\u00e1de\u017ee vypadl z\u00a0okna policejn\u00ed slu\u017eebny a\u00a0zem\u0159el. Policejn\u00ed org\u00e1ny rozhodly, \u017ee se jednalo o\u00a0sebevra\u017edu a\u00a0vy\u0161et\u0159ov\u00e1n\u00ed odlo\u017eily. S\u00a0t\u00edm v\u0161ak nesouhlasili poz\u016fstal\u00ed, podle nich\u017e se jednalo o\u00a0vra\u017edu ze strany policist\u016f. P\u0159\u00edpad se dostal a\u017e p\u0159ed Evropsk\u00fd soud pro lidsk\u00e1 pr\u00e1va ve \u0160trasburku, kter\u00fd rozhodl,\u00a0\u017ee \u010desk\u00e9 org\u00e1ny pro\u0161et\u0159ily okolnosti \u00famrt\u00ed mu\u017ee\u00a0nedostate\u010dn\u011b.<\/em><strong><br \/>\n<\/strong><\/p>\n<p><strong><a href=\"http:\/\/llp.cz\/pripady\/smrt-muze-na-policejni-stanici-nebyla-radne-prosetrena-strasbursky-soud-uznal-rodine-odskodneni\/\">Cel\u00fd p\u0159\u00edpad<\/a><\/strong><\/p>\n<\/div>\n<p>[\/et_pb_toggle][et_pb_toggle admin_label=&#8220;P\u0159ep\u00edna\u010d&#8220; title=&#8220;Policejn\u00ed z\u00e1sah proti blok\u00e1d\u011b na \u0160umav\u011b&#8220; open=&#8220;on&#8220; use_border_color=&#8220;off&#8220; border_color=&#8220;#ffffff&#8220; border_style=&#8220;solid&#8220;]<\/p>\n<div class=\"infowindow\">\n<p><em>St\u011b\u017eovatel se \u00fa\u010dastnil blok\u00e1dy proti neleg\u00e1ln\u00ed t\u011b\u017eb\u011b d\u0159eva v N\u00e1rodn\u00edm parku \u0160umava, kdy 2. srpna 2011 do\u0161lo ze strany policie v\u016f\u010di jeho osob\u011b k nelidsk\u00e9mu a poni\u017euj\u00edc\u00edmu zach\u00e1zen\u00ed, kdy\u017e svoji p\u0159\u00edtomnost\u00ed v z\u00f3n\u011b vyhrazen\u00e9 pro k\u00e1cen\u00ed d\u0159eva upozor\u0148oval na nez\u00e1konnou t\u011b\u017ebu a postup t\u011b\u017ea\u0159\u016f.<\/em><\/p>\n<p><strong><a href=\"http:\/\/llp.cz\/ferove-vysetrovani\/pripady\/policejni-zasah-blokade-sumave\/\">Cel\u00fd p\u0159\u00edpad<\/a><\/strong><\/p>\n<\/div>\n<p>[\/et_pb_toggle][et_pb_toggle admin_label=&#8220;P\u0159ep\u00edna\u010d&#8220; title=&#8220;Str\u00e1\u017en\u00edci zadr\u017eeli seniora a znemo\u017enili mu vyj\u00e1d\u0159it se na zastupitelstvu&#8220; open=&#8220;on&#8220; use_border_color=&#8220;off&#8220; border_color=&#8220;#ffffff&#8220; border_style=&#8220;solid&#8220;]<\/p>\n<div class=\"infowindow\">\n<p><em>Znojemsk\u00fd senior\u00a0cht\u011bl na zased\u00e1n\u00ed m\u011bstsk\u00fdch zastupitel\u016f vyj\u00e1d\u0159it sv\u016fj negativn\u00ed n\u00e1zor na \u010dinnost radn\u00edch. To mu v\u0161ak znemo\u017enili str\u00e1\u017en\u00edci, kte\u0159\u00ed jej ztoto\u017enili a\u00a0p\u0159edvedli na policejn\u00ed stanici. Ne\u017e se v\u0161e vyjasnilo, sch\u016fze skon\u010dila. Pr\u00e1vn\u00edci Ligy se p\u0159\u00edpadu ujali pot\u00e9, co radn\u00ed podali na seniora trestn\u00ed ozn\u00e1men\u00ed pro pomluvu. Vzhledem k\u00a0tomu, \u017ee do\u0161lo k\u00a0z\u00e1sahu do cel\u00e9 \u0159ady pr\u00e1v seniora (pr\u00e1vo na osobn\u00ed svobodu, na svobodu projevu, na lidskou d\u016fstojnost), pom\u00e1h\u00e1 mu Liga dom\u00e1hat se omluvy a\u00a0finan\u010dn\u00edho zadostiu\u010din\u011bn\u00ed.<\/em><\/p>\n<p><strong><a href=\"http:\/\/llp.cz\/pripady\/straznici-zadrzeli-duchodce-a-znemoznili-mu-vyjadrit-se-na-zastupitelstvu\/\">Cel\u00fd p\u0159\u00edpad<\/a><\/strong><\/p>\n<\/div>\n<p>[\/et_pb_toggle][et_pb_toggle admin_label=&#8220;P\u0159ep\u00edna\u010d&#8220; title=&#8220;Policist\u00e9 zav\u0159eli mu\u017ee do cely, kde ho spoutali a zbili&#8220; open=&#8220;on&#8220; use_border_color=&#8220;off&#8220; border_color=&#8220;#ffffff&#8220; border_style=&#8220;solid&#8220;]<\/p>\n<div class=\"infowindow\">\n<p><em>Mu\u017ee vracej\u00edc\u00edho se z baru v no\u010dn\u00edch hodin\u00e1ch dom\u016f zastavila hl\u00eddka m\u011bstsk\u00e9 policie a odvezla jej na policejn\u00ed stanici. Tam si jej p\u0159evzali policist\u00e9, kte\u0159\u00ed jej zav\u0159eli do cely, kde musel sn\u00e1\u0161et jejich n\u00e1siln\u00e9 jedn\u00e1n\u00ed. Pr\u00e1vn\u00edci Ligy se p\u0159\u00edpadem zab\u00fdvali nejen kv\u016fli hrub\u00e9mu a protiz\u00e1konn\u00e9mu jedn\u00e1n\u00ed policie, ale i proto, \u017ee Inspekce policie odm\u00edtla p\u0159\u00edpad \u0159\u00e1dn\u011b vy\u0161et\u0159it.<\/em><\/p>\n<p><strong><a href=\"http:\/\/llp.cz\/pripady\/policiste-zavreli-muze-do-cely-kde-ho-spoutali-a-zbili\/\">Cel\u00fd p\u0159\u00edpad<\/a><\/strong><\/p>\n<\/div>\n<p>[\/et_pb_toggle][et_pb_toggle admin_label=&#8220;P\u0159ep\u00edna\u010d&#8220; title=&#8220;Str\u00e1\u017en\u00edk m\u011bstsk\u00e9 policie ude\u0159il p\u011bst\u00ed opil\u00e9 mu\u017ee &#8220; open=&#8220;on&#8220; use_border_color=&#8220;off&#8220; border_color=&#8220;#ffffff&#8220; border_style=&#8220;solid&#8220;]<\/p>\n<div class=\"infowindow\">\n<p><em>Str\u00e1\u017en\u00edk m\u011bstsk\u00e9 policie byl odsouzen za sp\u00e1ch\u00e1n\u00ed trestn\u00e9ho \u010dinu zneu\u017eit\u00ed pravomoci \u00fa\u0159edn\u00ed osoby kv\u016fli tomu, \u017ee ve dvou p\u0159\u00edpadech fyzicky napadl mu\u017ee v\u00a0podnapil\u00e9m stavu.<\/em><\/p>\n<p><strong><a href=\"http:\/\/llp.cz\/ferove-vysetrovani\/straznik-mestske-policie-uderil-pesti-opile-muze\/\">Cel\u00fd p\u0159\u00edpad<\/a><\/strong><\/p>\n<\/div>\n<p>[\/et_pb_toggle][et_pb_toggle admin_label=&#8220;P\u0159ep\u00edna\u010d&#8220; title=&#8220;Poni\u017euj\u00edc\u00ed zach\u00e1zen\u00ed p\u0159i realizaci vyho\u0161t\u011bn\u00ed cizince&#8220; open=&#8220;on&#8220; use_border_color=&#8220;off&#8220; border_color=&#8220;#ffffff&#8220; border_style=&#8220;solid&#8220;]<\/p>\n<div class=\"infowindow\">\n<div class=\"infowindow\">\n<p><em>St\u011b\u017eovatel um\u00edst\u011bn v\u00a0detenci se br\u00e1nil realizaci spr\u00e1vn\u00edho vyho\u0161t\u011bn\u00ed, v\u00a0d\u016fsledku \u010deho\u017e byl vystaven poni\u017euj\u00edc\u00edmu zach\u00e1zen\u00ed ze strany policist\u016f, spo\u010d\u00edvaj\u00edc\u00edmu p\u0159edev\u0161\u00edm ve v\u010dasn\u00e9m neozn\u00e1men\u00ed pl\u00e1novan\u00e9ho odletu, pou\u017eit\u00ed nep\u0159im\u011b\u0159en\u00fdch donucovac\u00edch prost\u0159edk\u016f a bolestiv\u00e9m nasazen\u00ed pout p\u0159i p\u0159evozu a zach\u00e1zen\u00ed na leti\u0161ti. GIBS n\u00e1sledn\u011b neprovedla efektivn\u00ed vy\u0161et\u0159ov\u00e1n\u00ed p\u0159\u00edpadu a pochyben\u00ed musel konstatovat a\u017e \u00dastavn\u00ed soud.<\/em><\/p>\n<\/div>\n<p><a href=\"http:\/\/llp.cz\/ferove-vysetrovani\/pripady\/ponizujici-zachazeni-pri-realizaci-vyhosteni-cizince\/\"><strong>Cel\u00fd p\u0159\u00edpad<\/strong><\/a><\/p>\n<\/div>\n<p>[\/et_pb_toggle][et_pb_toggle admin_label=&#8220;P\u0159ep\u00edna\u010d&#8220; title=&#8220;Policejn\u00ed z\u00e1sah na squatu Milada &#8220; open=&#8220;on&#8220; use_border_color=&#8220;off&#8220; border_color=&#8220;#ffffff&#8220; border_style=&#8220;solid&#8220;]<\/p>\n<div class=\"infowindow\">\n<p><em>Na za\u010d\u00e1tku l\u00e9ta v roce 2012 p\u0159\u00edznivci squattingu uspo\u0159\u00e1dali vzpom\u00ednkovou a protestn\u00ed akci v objektu b\u00fdval\u00e9ho squatu Milada, kter\u00fd st\u00e1t po jeho vyklizen\u00ed nechal zch\u00e1trat. Policie na to reagovala monstr\u00f3zn\u00ed protiakc\u00ed se zapojen\u00edm vrtuln\u00edku a des\u00edtek t\u011b\u017ekood\u011bnc\u016f a nakonec vnikla do budovy. P\u0159esto\u017ee nikdo z \u00fa\u010dastn\u00edk\u016f akce nekladl odpor, policist\u00e9 vytvo\u0159ili \u201ebic\u00ed uli\u010dku\u201c a ka\u017edou vyv\u00e1d\u011bnou osobu \u010dekalo kop\u00e1n\u00ed a bit\u00ed p\u011bstmi a obu\u0161ky. N\u011bkolik lid\u00ed muselo b\u00fdt o\u0161et\u0159eno v nemocnici. Policist\u00e9 taky zni\u010dili hudebn\u00ed aparaturu a gramofonov\u00e9 desky.<\/em><\/p>\n<p><strong><a href=\"http:\/\/llp.cz\/ferove-vysetrovani\/pripady\/squatt-milada\/\">Cel\u00fd p\u0159\u00edpad<\/a><\/strong><\/p>\n<\/div>\n<p>[\/et_pb_toggle][et_pb_toggle admin_label=&#8220;P\u0159ep\u00edna\u010d&#8220; title=&#8220;Motork\u00e1\u0159 byl sra\u017een policejn\u00edm vozem, zran\u011bn\u00e9ho mu\u017ee pak policista brut\u00e1ln\u011b napadl&#8220; open=&#8220;on&#8220; use_border_color=&#8220;off&#8220; border_color=&#8220;#ffffff&#8220; border_style=&#8220;solid&#8220;]<\/p>\n<div class=\"infowindow\">\n<p><em>Policejn\u00ed hl\u00eddka n\u011bkolik metr\u016f pron\u00e1sledovala motork\u00e1\u0159e, pak do n\u011bj policejn\u00edm vozem najela a kdy\u017e zran\u011bn\u00fd mu\u017e le\u017eel na zemi, jeden z\u00a0policist\u016f mu u\u0161t\u011bd\u0159il kopanec a n\u011bkolik ran p\u011bst\u00ed do hlavy. <\/em><\/p>\n<p><strong><a href=\"http:\/\/llp.cz\/ferove-vysetrovani\/pripady\/motorkar-srazen-policejnim-vozem-zraneneho-muze-pak-policista-brutalne-napadl\/\">Cel\u00fd p\u0159\u00edpad<\/a><\/strong><\/p>\n<\/div>\n<p>[\/et_pb_toggle][et_pb_toggle admin_label=&#8220;P\u0159ep\u00edna\u010d&#8220; title=&#8220;Policie se pomstila p\u0159\u00edznivc\u016fm squattingu&#8220; open=&#8220;on&#8220; use_border_color=&#8220;off&#8220; border_color=&#8220;#ffffff&#8220; border_style=&#8220;solid&#8220;]<\/p>\n<div class=\"infowindow\">\n<p><em>Mlad\u00ed lid\u00e9 se spont\u00e1nn\u011b shrom\u00e1\u017edili na podporu squattersk\u00e9ho zp\u016fsobu \u017eivota. Policie proti nim hrub\u011b zas\u00e1hla, ani\u017e by \u00fa\u010dastn\u00edci ud\u011blali cokoliv protiz\u00e1konn\u00e9ho. Na policejn\u00ed stanici byli vystaveni ot\u0159esn\u00fdm a\u00a0poni\u017euj\u00edc\u00edm podm\u00ednk\u00e1m. Pr\u00e1vn\u00edci Ligy vyhodnotili, \u017ee policist\u00e9 pochybili a\u00a0poru\u0161ili \u0159adu pr\u00e1v zadr\u017een\u00fdch.<\/em><\/p>\n<p><strong><a href=\"http:\/\/llp.cz\/pripady\/policie_se_pomstila_priznivcum_squattingu\/\">Cel\u00fd p\u0159\u00edpad<\/a><\/strong><\/p>\n<\/div>\n<p>[\/et_pb_toggle][et_pb_toggle admin_label=&#8220;P\u0159ep\u00edna\u010d&#8220; title=&#8220;Poni\u017euj\u00edc\u00ed zach\u00e1zen\u00ed na policejn\u00ed stanici &#8220; open=&#8220;on&#8220; use_border_color=&#8220;off&#8220; border_color=&#8220;#ffffff&#8220; border_style=&#8220;solid&#8220;]<\/p>\n<div class=\"infowindow\">\n<p><em>\u017dena byla zat\u010dena kv\u016fli konfliktu s\u00a0barmanem, k\u00a0n\u011bmu\u017e do\u0161lo kdy\u017e byla pod vlivem alkoholu. Na policejn\u00ed stanici pak \u010delila vulg\u00e1rn\u00edm a sexistick\u00fdm nar\u00e1\u017ek\u00e1m policist\u016f a hrub\u00e9mu zach\u00e1zen\u00ed, kter\u00e9 na jej\u00edm t\u011ble zanechalo n\u011bkolik viditeln\u00fdch zran\u011bn\u00ed. P\u0159\u00edslu\u0161n\u00e9 policejn\u00ed org\u00e1ny v\u0161ak v\u011bc odm\u00edtli pro\u0161et\u0159it. P\u0159\u00edpad se dostal a\u017e k\u00a0Evropsk\u00e9mu soudu pro lidsk\u00e1 pr\u00e1va. <\/em><\/p>\n<p><strong><a href=\"http:\/\/llp.cz\/ferove-vysetrovani\/pripady\/ponizujici-zachazeni-policejni-stanici\/\">Cel\u00fd p\u0159\u00edpad<\/a><\/strong><\/p>\n<\/div>\n<p>[\/et_pb_toggle][\/et_pb_column][\/et_pb_row][\/et_pb_section]<\/p>\n","protected":false},"excerpt":{"rendered":"<p>Tady naleznete nejr\u016fzn\u011bj\u0161\u00ed p\u0159\u00edpady z policejn\u00edho sv\u011bta &#8211; \u0159e\u0161en\u00e9 Ligou i jin\u00e9. Mrkn\u011bte se na n\u011b a zjist\u011bte, k \u010demu v praxi skute\u010dn\u011b doch\u00e1z\u00ed a jak pr\u00e1vn\u011b reagovat na p\u0159ekra\u010dov\u00e1n\u00ed pravomoc\u00ed ze strany policie nebo obecn\u00ed policie. \u017dena v\u00a0podnapil\u00e9m stavu byla policisty zaji\u0161t\u011bna a p\u0159evezena na policejn\u00ed slu\u017eebnu, kde po jej\u00edm um\u00edst\u011bn\u00ed do policejn\u00ed cely [&hellip;]<\/p>\n","protected":false},"author":2,"featured_media":0,"parent":0,"menu_order":0,"comment_status":"closed","ping_status":"closed","template":"","meta":{"_et_pb_use_builder":"on","_et_pb_old_content":"","_et_gb_content_width":"","footnotes":""},"class_list":["post-54","page","type-page","status-publish","hentry"],"yoast_head":"<!-- This site is optimized with the Yoast SEO plugin v27.4 - https:\/\/yoast.com\/product\/yoast-seo-wordpress\/ -->\n<title>P\u0159\u00edpady - F\u00e9rov\u00e9 vy\u0161et\u0159ov\u00e1n\u00ed<\/title>\n<meta name=\"robots\" content=\"index, follow, max-snippet:-1, max-image-preview:large, max-video-preview:-1\" \/>\n<link rel=\"canonical\" href=\"https:\/\/llp.cz\/ferove-vysetrovani\/pripady\/\" \/>\n<meta property=\"og:locale\" content=\"cs_CZ\" \/>\n<meta property=\"og:type\" content=\"article\" \/>\n<meta property=\"og:title\" content=\"P\u0159\u00edpady - F\u00e9rov\u00e9 vy\u0161et\u0159ov\u00e1n\u00ed\" \/>\n<meta property=\"og:description\" content=\"Tady naleznete nejr\u016fzn\u011bj\u0161\u00ed p\u0159\u00edpady z policejn\u00edho sv\u011bta - \u0159e\u0161en\u00e9 Ligou i jin\u00e9. Mrkn\u011bte se na n\u011b a zjist\u011bte, k \u010demu v praxi skute\u010dn\u011b doch\u00e1z\u00ed a jak pr\u00e1vn\u011b reagovat na p\u0159ekra\u010dov\u00e1n\u00ed pravomoc\u00ed ze strany policie nebo obecn\u00ed policie. \u017dena v\u00a0podnapil\u00e9m stavu byla policisty zaji\u0161t\u011bna a p\u0159evezena na policejn\u00ed slu\u017eebnu, kde po jej\u00edm um\u00edst\u011bn\u00ed do policejn\u00ed cely [&hellip;]\" \/>\n<meta property=\"og:url\" content=\"https:\/\/llp.cz\/ferove-vysetrovani\/pripady\/\" \/>\n<meta property=\"og:site_name\" content=\"F\u00e9rov\u00e9 vy\u0161et\u0159ov\u00e1n\u00ed\" \/>\n<meta property=\"article:modified_time\" content=\"2017-03-30T12:26:02+00:00\" \/>\n<meta name=\"twitter:card\" content=\"summary_large_image\" \/>\n<meta name=\"twitter:label1\" content=\"Odhadovan\u00e1 doba \u010dten\u00ed\" \/>\n\t<meta name=\"twitter:data1\" content=\"7 minut\" \/>\n<script type=\"application\/ld+json\" class=\"yoast-schema-graph\">{\"@context\":\"https:\\\/\\\/schema.org\",\"@graph\":[{\"@type\":\"WebPage\",\"@id\":\"https:\\\/\\\/llp.cz\\\/ferove-vysetrovani\\\/pripady\\\/\",\"url\":\"https:\\\/\\\/llp.cz\\\/ferove-vysetrovani\\\/pripady\\\/\",\"name\":\"P\u0159\u00edpady - F\u00e9rov\u00e9 vy\u0161et\u0159ov\u00e1n\u00ed\",\"isPartOf\":{\"@id\":\"https:\\\/\\\/llp.cz\\\/ferove-vysetrovani\\\/#website\"},\"datePublished\":\"2016-12-01T13:39:19+00:00\",\"dateModified\":\"2017-03-30T12:26:02+00:00\",\"breadcrumb\":{\"@id\":\"https:\\\/\\\/llp.cz\\\/ferove-vysetrovani\\\/pripady\\\/#breadcrumb\"},\"inLanguage\":\"cs\",\"potentialAction\":[{\"@type\":\"ReadAction\",\"target\":[\"https:\\\/\\\/llp.cz\\\/ferove-vysetrovani\\\/pripady\\\/\"]}]},{\"@type\":\"BreadcrumbList\",\"@id\":\"https:\\\/\\\/llp.cz\\\/ferove-vysetrovani\\\/pripady\\\/#breadcrumb\",\"itemListElement\":[{\"@type\":\"ListItem\",\"position\":1,\"name\":\"Dom\u016f\",\"item\":\"https:\\\/\\\/llp.cz\\\/ferove-vysetrovani\\\/\"},{\"@type\":\"ListItem\",\"position\":2,\"name\":\"P\u0159\u00edpady\"}]},{\"@type\":\"WebSite\",\"@id\":\"https:\\\/\\\/llp.cz\\\/ferove-vysetrovani\\\/#website\",\"url\":\"https:\\\/\\\/llp.cz\\\/ferove-vysetrovani\\\/\",\"name\":\"F\u00e9rov\u00e9 vy\u0161et\u0159ov\u00e1n\u00ed\",\"description\":\"\",\"potentialAction\":[{\"@type\":\"SearchAction\",\"target\":{\"@type\":\"EntryPoint\",\"urlTemplate\":\"https:\\\/\\\/llp.cz\\\/ferove-vysetrovani\\\/?s={search_term_string}\"},\"query-input\":{\"@type\":\"PropertyValueSpecification\",\"valueRequired\":true,\"valueName\":\"search_term_string\"}}],\"inLanguage\":\"cs\"}]}<\/script>\n<!-- \/ Yoast SEO plugin. -->","yoast_head_json":{"title":"P\u0159\u00edpady - F\u00e9rov\u00e9 vy\u0161et\u0159ov\u00e1n\u00ed","robots":{"index":"index","follow":"follow","max-snippet":"max-snippet:-1","max-image-preview":"max-image-preview:large","max-video-preview":"max-video-preview:-1"},"canonical":"https:\/\/llp.cz\/ferove-vysetrovani\/pripady\/","og_locale":"cs_CZ","og_type":"article","og_title":"P\u0159\u00edpady - F\u00e9rov\u00e9 vy\u0161et\u0159ov\u00e1n\u00ed","og_description":"Tady naleznete nejr\u016fzn\u011bj\u0161\u00ed p\u0159\u00edpady z policejn\u00edho sv\u011bta - \u0159e\u0161en\u00e9 Ligou i jin\u00e9. Mrkn\u011bte se na n\u011b a zjist\u011bte, k \u010demu v praxi skute\u010dn\u011b doch\u00e1z\u00ed a jak pr\u00e1vn\u011b reagovat na p\u0159ekra\u010dov\u00e1n\u00ed pravomoc\u00ed ze strany policie nebo obecn\u00ed policie. \u017dena v\u00a0podnapil\u00e9m stavu byla policisty zaji\u0161t\u011bna a p\u0159evezena na policejn\u00ed slu\u017eebnu, kde po jej\u00edm um\u00edst\u011bn\u00ed do policejn\u00ed cely [&hellip;]","og_url":"https:\/\/llp.cz\/ferove-vysetrovani\/pripady\/","og_site_name":"F\u00e9rov\u00e9 vy\u0161et\u0159ov\u00e1n\u00ed","article_modified_time":"2017-03-30T12:26:02+00:00","twitter_card":"summary_large_image","twitter_misc":{"Odhadovan\u00e1 doba \u010dten\u00ed":"7 minut"},"schema":{"@context":"https:\/\/schema.org","@graph":[{"@type":"WebPage","@id":"https:\/\/llp.cz\/ferove-vysetrovani\/pripady\/","url":"https:\/\/llp.cz\/ferove-vysetrovani\/pripady\/","name":"P\u0159\u00edpady - F\u00e9rov\u00e9 vy\u0161et\u0159ov\u00e1n\u00ed","isPartOf":{"@id":"https:\/\/llp.cz\/ferove-vysetrovani\/#website"},"datePublished":"2016-12-01T13:39:19+00:00","dateModified":"2017-03-30T12:26:02+00:00","breadcrumb":{"@id":"https:\/\/llp.cz\/ferove-vysetrovani\/pripady\/#breadcrumb"},"inLanguage":"cs","potentialAction":[{"@type":"ReadAction","target":["https:\/\/llp.cz\/ferove-vysetrovani\/pripady\/"]}]},{"@type":"BreadcrumbList","@id":"https:\/\/llp.cz\/ferove-vysetrovani\/pripady\/#breadcrumb","itemListElement":[{"@type":"ListItem","position":1,"name":"Dom\u016f","item":"https:\/\/llp.cz\/ferove-vysetrovani\/"},{"@type":"ListItem","position":2,"name":"P\u0159\u00edpady"}]},{"@type":"WebSite","@id":"https:\/\/llp.cz\/ferove-vysetrovani\/#website","url":"https:\/\/llp.cz\/ferove-vysetrovani\/","name":"F\u00e9rov\u00e9 vy\u0161et\u0159ov\u00e1n\u00ed","description":"","potentialAction":[{"@type":"SearchAction","target":{"@type":"EntryPoint","urlTemplate":"https:\/\/llp.cz\/ferove-vysetrovani\/?s={search_term_string}"},"query-input":{"@type":"PropertyValueSpecification","valueRequired":true,"valueName":"search_term_string"}}],"inLanguage":"cs"}]}},"_links":{"self":[{"href":"https:\/\/llp.cz\/ferove-vysetrovani\/wp-json\/wp\/v2\/pages\/54","targetHints":{"allow":["GET"]}}],"collection":[{"href":"https:\/\/llp.cz\/ferove-vysetrovani\/wp-json\/wp\/v2\/pages"}],"about":[{"href":"https:\/\/llp.cz\/ferove-vysetrovani\/wp-json\/wp\/v2\/types\/page"}],"author":[{"embeddable":true,"href":"https:\/\/llp.cz\/ferove-vysetrovani\/wp-json\/wp\/v2\/users\/2"}],"replies":[{"embeddable":true,"href":"https:\/\/llp.cz\/ferove-vysetrovani\/wp-json\/wp\/v2\/comments?post=54"}],"version-history":[{"count":14,"href":"https:\/\/llp.cz\/ferove-vysetrovani\/wp-json\/wp\/v2\/pages\/54\/revisions"}],"predecessor-version":[{"id":924,"href":"https:\/\/llp.cz\/ferove-vysetrovani\/wp-json\/wp\/v2\/pages\/54\/revisions\/924"}],"wp:attachment":[{"href":"https:\/\/llp.cz\/ferove-vysetrovani\/wp-json\/wp\/v2\/media?parent=54"}],"curies":[{"name":"wp","href":"https:\/\/api.w.org\/{rel}","templated":true}]}}