{"id":525,"date":"2017-03-16T12:01:42","date_gmt":"2017-03-16T11:01:42","guid":{"rendered":"http:\/\/llp.cz\/ferove-vysetrovani\/?page_id=525"},"modified":"2017-03-31T19:05:36","modified_gmt":"2017-03-31T17:05:36","slug":"soukromi-a-ochrana-osobnich-udaju","status":"publish","type":"page","link":"https:\/\/llp.cz\/ferove-vysetrovani\/soukromi-a-ochrana-osobnich-udaju\/","title":{"rendered":"Soukrom\u00ed a ochrana osobn\u00edch \u00fadaj\u016f"},"content":{"rendered":"<p>[et_pb_section fb_built=&#8220;1&#8243; transparent_background=&#8220;on&#8220; custom_padding=&#8220;50px||0px|&#8220; padding_mobile=&#8220;off&#8220; admin_label=&#8220;section&#8220; custom_padding_last_edited=&#8220;on|desktop&#8220;][et_pb_row make_fullwidth=&#8220;on&#8220; custom_padding=&#8220;0px|||&#8220; padding_mobile=&#8220;off&#8220; custom_margin=&#8220;0px|||&#8220; background_color=&#8220;#edf000&#8243; column_padding_mobile=&#8220;on&#8220; background_color_1=&#8220;#edf000&#8243; background_color_2=&#8220;#edf000&#8243; padding_top_2=&#8220; &#8220; padding_right_2=&#8220; &#8220; padding_bottom_2=&#8220; &#8220; padding_left_2=&#8220;20px&#8220; admin_label=&#8220;row&#8220; module_id=&#8220;policista-versus-straznik&#8220;][et_pb_column type=&#8220;2_3&#8243; background_color=&#8220;#edf000&#8243; parallax=&#8220;off&#8220; parallax_method=&#8220;on&#8220; column_padding_mobile=&#8220;on&#8220;][et_pb_text admin_label=&#8220;Text&#8220; custom_margin=&#8220;0px|0px|0px|0px&#8220; custom_padding=&#8220;50px|50px|50px|50px&#8220;]<\/p>\n<h1>SOUKROM&Iacute; A OCHRANA OSOBN&Iacute;CH &Uacute;DAJ\u016e<\/h1>\n<\/p>\n<h4><em>aneb co v&scaron;echno o v&aacute;s v&iacute; policist&eacute;, co ani vy sami nev&iacute;te<\/em><\/h4>\n<\/p>\n<p>Kontakt s lidmi je nezbytnou sou\u010d&aacute;st&iacute; ka\u017edodenn&iacute; pr&aacute;ce policist\u016f i str&aacute;\u017en&iacute;k\u016f. P\u0159i n\u011bm se samoz\u0159ejm\u011b dozv&iacute;daj&iacute; r\u016fzn&eacute; &uacute;daje a informace o t\u011bchto osob&aacute;ch, n\u011bkdy i &uacute;daje velmi osobn&iacute; nebo soukrom&eacute;. Bez nich by ov&scaron;em svou pr&aacute;ci mohli t\u011b\u017eko \u0159&aacute;dn\u011b vykon&aacute;vat. Na druhou stranu pat\u0159&iacute; <strong>pr&aacute;vo na ochranu osobn&iacute;ch &uacute;daj\u016f a soukrom&iacute;<\/strong> mezi z&aacute;kladn&iacute; lidsk&aacute; pr&aacute;va. Podle Listiny z&aacute;kladn&iacute;ch pr&aacute;v a svobod m&aacute; ka\u017ed&yacute; pr&aacute;vo na to, aby:<\/p>\n<ul>\n<li>byla zachov&aacute;na jeho lidsk&aacute; d\u016fstojnost, osobn&iacute; \u010dest, dobr&aacute; pov\u011bst,<\/li>\n<li>bylo chr&aacute;n\u011bno jeho jm&eacute;no, soukrom&yacute; a rodinn&yacute; \u017eivot p\u0159ed neopr&aacute;vn\u011bn&yacute;m zasaho-v&aacute;n&iacute;m,<\/li>\n<li>byl chr&aacute;n\u011bn p\u0159ed neopr&aacute;vn\u011bn&yacute;m shroma\u017e\u010fov&aacute;n&iacute;m, zve\u0159ej\u0148ov&aacute;n&iacute;m nebo jin&yacute;m zneu\u017e&iacute;v&aacute;n&iacute;m &uacute;daj\u016f o sv&eacute; osob\u011b.<\/li>\n<\/ul>\n<p>A proto p\u0159i pr&aacute;ci s osobn&iacute;mi &uacute;daji mus&iacute; policie dodr\u017eovat <strong>pravidla, kter&aacute; stanov&iacute; z&aacute;kon<\/strong>. Ten ur\u010duje, jak&eacute; informace a jak&yacute;m zp\u016fsobem mohou policist&eacute; z&iacute;sk&aacute;vat, jak s nimi maj&iacute; nakl&aacute;dat, kdy je mus&iacute; zlikvidovat, i postup a sankce p\u0159i zneu\u017eit&iacute; z&iacute;skan&yacute;ch osobn&iacute;ch &uacute;daj\u016f.<\/p>\n<p>Situace, kdy policist&eacute; z&iacute;sk&aacute;vaj&iacute; va&scaron;e osobn&iacute; &uacute;daje, jsou r\u016fzn&eacute; &ndash; nap\u0159&iacute;klad&nbsp; p\u0159i:<\/p>\n<ul>\n<li>nat&aacute;\u010den&iacute; z&aacute;znam\u016f na videokameru nebo fotografov&aacute;n&iacute;,<\/li>\n<li>odeb&iacute;r&aacute;n&iacute; vzork\u016f DNA,<\/li>\n<li>osobn&iacute; prohl&iacute;dce,<\/li>\n<li>zji&scaron;\u0165ov&aacute;n&iacute; &uacute;daj\u016f z jin&yacute;ch evidenc&iacute;, atd.<\/li>\n<\/ul>\n<p>[\/et_pb_text][\/et_pb_column][et_pb_column type=&#8220;1_3&#8243; background_color=&#8220;#edf000&#8243; padding_bottom=&#8220; &#8220; padding_left=&#8220;20px&#8220; padding_right=&#8220; &#8220; padding_top=&#8220; &#8220; parallax=&#8220;off&#8220; parallax_method=&#8220;on&#8220; column_padding_mobile=&#8220;on&#8220;][et_pb_divider height=&#8220;10&#8243; admin_label=&#8220;Odd\u011blova\u010d&#8220;][\/et_pb_divider][et_pb_sidebar area=&#8220;et_pb_widget_area_9&#8243; admin_label=&#8220;Postrann\u00ed panel&#8220; body_font=&#8220;Open Sans Light||on||on&#8220; body_font_size=&#8220;22px&#8220; body_text_color=&#8220;#000000&#8243;][\/et_pb_sidebar][\/et_pb_column][\/et_pb_row][et_pb_row make_fullwidth=&#8220;on&#8220; custom_padding=&#8220;20px|50px|15px|50px&#8220; custom_margin=&#8220;50px|||&#8220; background_color=&#8220;#edf000&#8243; column_padding_mobile=&#8220;on&#8220; admin_label=&#8220;row&#8220; module_id=&#8220;osobni-udaje&#8220;][et_pb_column type=&#8220;4_4&#8243; parallax=&#8220;off&#8220; parallax_method=&#8220;on&#8220; column_padding_mobile=&#8220;on&#8220;][et_pb_text admin_label=&#8220;Text&#8220; custom_margin=&#8220;|||&#8220; custom_padding=&#8220;|||&#8220;]<\/p>\n<h1 style=\"text-align: left\">OSOBN\u00cd \u00daDAJE<\/h1>\n<p>[\/et_pb_text][\/et_pb_column][\/et_pb_row][et_pb_row make_fullwidth=&#8220;on&#8220; custom_padding=&#8220;|50px|50px|0px&#8220; padding_mobile=&#8220;off&#8220; custom_margin=&#8220;|||&#8220; background_color=&#8220;#ffffff&#8220; column_padding_mobile=&#8220;on&#8220; admin_label=&#8220;row&#8220;][et_pb_column type=&#8220;1_2&#8243; parallax=&#8220;off&#8220; parallax_method=&#8220;on&#8220; column_padding_mobile=&#8220;on&#8220;][et_pb_text admin_label=&#8220;Text&#8220; custom_padding=&#8220;25px|||50px&#8220;]<\/p>\n<p><strong><span style=\"font-family: OpenSansSemibold, sans-serif\">O<\/span><span style=\"font-family: OpenSansSemibold, sans-serif\">sobn\u00ed \u00fadaj<\/span><\/strong>\u00a0ozna\u010duje jakoukoli informaci, kter\u00e1 se v\u00e1s t\u00fdk\u00e1, pokud je z n\u011bj mo\u017eno ur\u010dit va\u0161i toto\u017enost. Nez\u00e1le\u017e\u00ed p\u0159itom, jestli va\u0161e identita takto m\u016f\u017ee b\u00fdt ur\u010dena p\u0159\u00edmo anebo nep\u0159\u00edmo (prost\u0159ednictv\u00edm n\u011bjak\u00e9 dal\u0161\u00ed informace). Osobn\u00ed \u00fadaje tvo\u0159\u00ed r\u016fzn\u00e1 \u010d\u00edsla, k\u00f3dy, informace o va\u0161\u00ed fyzick\u00e9, fyziologick\u00e9, psychick\u00e9, ekonomick\u00e9, kultrun\u00ed nebo soci\u00e1ln\u00ed charakteristice apod.<\/p>\n<p>N\u011bkter\u00e9 osobn\u00ed \u00fadaje se \u0159ad\u00ed mezi \u00fadaje citliv\u00e9.\u00a0<span style=\"font-family: OpenSansSemibold, sans-serif\">C<strong>itliv\u00e9 \u00fadaje<\/strong><\/span><strong>\u00a0<\/strong>jsou chr\u00e1n\u011bny je\u0161t\u011b siln\u011bji ne\u017e ostatn\u00ed osobn\u00ed \u00fadaje. Mezi citliv\u00e9 \u00fadaje pat\u0159\u00ed: informace o va\u0161em n\u00e1rodnostn\u00edm, rasov\u00e9m nebo etnick\u00e9m p\u016fvodu, politick\u00fdch postoj\u00edch, \u010dlenstv\u00ed v odborov\u00fdch organizac\u00edch, n\u00e1bo\u017eenstv\u00ed a filozick\u00e9m p\u0159esv\u011bd\u010den\u00ed, odsouzen\u00ed za trestn\u00fd \u010din, zdravotn\u00edm stavu a sexu\u00e1ln\u00edm \u017eivot\u011b, va\u0161e genetick\u00e9 \u00fadaje a d\u00e1le tak\u00e9 biometick\u00e9 \u00fadaje, pokud jasn\u011b sm\u011b\u0159uj\u00ed k va\u0161\u00ed osob\u011b.<\/p>\n<p>P\u0159i <strong>nakl\u00e1d\u00e1n\u00ed<\/strong> s va\u0161imi osobn\u00edmi \u00fadaji je nutn\u00e9 dodr\u017eovat pravidla, kter\u00e1 stanovuje z\u00e1kon. P\u0159edev\u0161\u00edm je na za\u010d\u00e1tku v\u017edy pot\u0159eba ur\u010dit <strong>\u00fa\u010del<\/strong>, pro kter\u00fd maj\u00ed b\u00fdt va\u0161e osobn\u00ed \u00fadaje z\u00edsk\u00e1v\u00e1ny a zpracov\u00e1ny, a <strong>prost\u0159edky a zp\u016fsob<\/strong> zpracov\u00e1n\u00ed. Potom nen\u00ed mo\u017en\u00e9 nakl\u00e1dat s jin\u00fdmi osobn\u00edmi \u00fadaji ne\u017e t\u011bmi, kter\u00e9 vyhovouj\u00ed dan\u00e9mu \u00fa\u010delu, prost\u0159edk\u016fm a zp\u016fsobu, a tyto osobn\u00ed \u00fadaje nav\u00edc nemohou b\u00fdt pou\u017eity ani k jin\u00fdm \u00fa\u010del\u016fm, ne\u017e bylo p\u016fvodn\u011b zam\u00fd\u0161leno.<\/p>\n<p>[\/et_pb_text][\/et_pb_column][et_pb_column type=&#8220;1_2&#8243; parallax=&#8220;off&#8220; parallax_method=&#8220;on&#8220; column_padding_mobile=&#8220;on&#8220;][et_pb_text admin_label=&#8220;Text&#8220; custom_margin=&#8220;||10px|&#8220; custom_padding=&#8220;25px|||&#8220;]<\/p>\n<p class=\"\">Pravidlem je tak\u00e9 povinnost vy\u017e\u00e1dat si v\u00e1\u0161 <strong>souhlas<\/strong>, ne\u017e dojde ke zpracov\u00e1n\u00ed va\u0161ich osobn\u00edch \u00fadaj\u016f. V\u00fdjimky z tohoto pravidla jsou stanoveny z\u00e1konem &#8211; pro citliv\u00e9 \u00fadaje jsou tyto v\u00fdjimky je\u0161t\u011b p\u0159\u00edsn\u011bj\u0161\u00ed &#8211; a nen\u00ed mo\u017en\u00e9 pou\u017e\u00edt jin\u00e9 v\u00fdjimky ne\u017e pr\u00e1v\u011b ty, kter\u00e9 uv\u00e1d\u00ed z\u00e1kon. P\u0159ed ud\u011blen\u00edm souhlasu ke zpracov\u00e1n\u00ed sv\u00fdch osobn\u00edch \u00fadaj\u016f mus\u00edte b\u00fdt informov\u00e1ni nejen o \u00fa\u010delu jejich zpracov\u00e1n\u00ed, a o kter\u00e9 \u00fadaje se vlastn\u011b bude jednat, ale tak\u00e9 o tom, kdo je bude spravovat a jak dlouho. Mezi spr\u00e1vce osobn\u00edch \u00fadaj\u016f samoz\u0159ejm\u011b pat\u0159\u00ed i Policie \u010cR a obce (coby z\u0159izovatel\u00e9 obecn\u00edch polici\u00ed). Pro Policii \u010cR p\u0159itom plat\u00ed zvl\u00e1\u0161t\u00ed v\u00fdjimka ohledn\u011b zpracov\u00e1v\u00e1n\u00ed citliv\u00fdch \u00fadaj\u016f, proto\u017ee ona tak m\u016f\u017ee \u010dinit i bez souhlasu dan\u00e9 osoby za podm\u00ednky, \u017ee je to nezbytn\u00e9 pro pln\u011bn\u00ed jej\u00edch \u00fakol\u016f.<\/p>\n<p class=\"\">B\u011bhem zpracov\u00e1v\u00e1n\u00ed va\u0161ich osobn\u00edch \u00fadaj\u016f mus\u00ed b\u00fdt tyto samoz\u0159ejm\u011b pe\u010dliv\u011b\u00a0<span style=\"font-family: OpenSansSemibold, sans-serif\">zabezpe\u010deny<\/span>, aby nemohly b\u00fdt zneu\u017eity. Pokud odpadne \u00fa\u010del jejich zpracov\u00e1n\u00ed anebo pokud o to opr\u00e1vn\u011bn\u011b po\u017e\u00e1d\u00e1te, mus\u00ed b\u00fdt zpracov\u00e1van\u00e9 osobn\u00ed \u00fadaje\u00a0<strong><span style=\"font-family: OpenSansSemibold, sans-serif\">zlikvidov\u00e1ny<\/span><\/strong>.<\/p>\n<p>Na ochranu osobn\u00edch \u00fadaj\u016f obecn\u011b dohl\u00ed\u017e\u00ed\u00a0<strong><span style=\"font-family: OpenSansSemibold, sans-serif\">\u00da\u0159ad pro ochranu osobn\u00edch \u00fadaj\u016f<\/span><\/strong>. Na n\u011bj se m\u016f\u017eete obracet s r\u016fzn\u00fdmi dotazy i st\u00ed\u017enostmi nebo podn\u011bty, pokud m\u00e1te dojem, \u017ee doch\u00e1z\u00ed k poru\u0161ov\u00e1n\u00ed pravidel pro ochranu osobn\u00edch \u00fadaj\u016f.<\/p>\n<p>[\/et_pb_text][et_pb_button button_url=&#8220;#policista-versus-straznik&#8220; button_text=&#8220;zp\u011bt na za\u010d\u00e1tek&#8220; button_alignment=&#8220;center&#8220; admin_label=&#8220;Tla\u010d\u00edtko&#8220; custom_button=&#8220;on&#8220; button_use_icon=&#8220;on&#8220; button_icon=&#8220;d&#8220; custom_css_main_element=&#8220;||margin-bottom: -10px;&#8220; background_color=&#8220;#eeee22&#8243;][\/et_pb_button][\/et_pb_column][\/et_pb_row][et_pb_row make_fullwidth=&#8220;on&#8220; custom_padding=&#8220;20px|50px|16px|50px&#8220; custom_margin=&#8220;50px||0px|&#8220; background_color=&#8220;#edf000&#8243; column_padding_mobile=&#8220;on&#8220; admin_label=&#8220;row&#8220; module_id=&#8220;ziskavani-osobnich-udaju&#8220;][et_pb_column type=&#8220;4_4&#8243; parallax=&#8220;off&#8220; parallax_method=&#8220;on&#8220; column_padding_mobile=&#8220;on&#8220;][et_pb_text admin_label=&#8220;Text&#8220; custom_margin=&#8220;|||&#8220; custom_padding=&#8220;|||&#8220;]<\/p>\n<h1 style=\"text-align: left\">Z\u00cdSK\u00c1V\u00c1N\u00cd OSOBN\u00cdCH \u00daDAJ\u016e<\/h1>\n<p>[\/et_pb_text][\/et_pb_column][\/et_pb_row][et_pb_row make_fullwidth=&#8220;on&#8220; custom_padding=&#8220;|50px|50px|50px&#8220; padding_mobile=&#8220;off&#8220; custom_margin=&#8220;|||&#8220; background_color=&#8220;#ffffff&#8220; column_padding_mobile=&#8220;on&#8220; admin_label=&#8220;row&#8220;][et_pb_column type=&#8220;1_2&#8243; parallax=&#8220;off&#8220; parallax_method=&#8220;on&#8220; column_padding_mobile=&#8220;on&#8220;][et_pb_text admin_label=&#8220;Text&#8220; custom_padding=&#8220;25px|||&#8220;]<\/p>\n<p>Sou\u010d\u00e1st\u00ed pr\u00e1ce Policie \u010cR i obecn\u00ed policie je tak\u00e9 zpracov\u00e1v\u00e1n\u00ed osobn\u00edch \u00fadaj\u016f. K t\u011bmto \u00fadaj\u016fm se ale tyto sbory nejd\u0159\u00edve mus\u00ed n\u011bjak dostat. Osobn\u00ed \u00fadaje mohou z\u00edsk\u00e1v\u00e1t jenom v p\u0159\u00edpadech a zp\u016fsoby, kter\u00e9 stanov\u00ed z\u00e1kon.<\/p>\n<p>Podle z\u00e1kona o Policii \u010cR z\u00edsk\u00e1v\u00e1<strong> policie <\/strong>osobn\u00ed \u00fadaje:<\/p>\n<ul>\n<li>p\u0159i pod\u00e1n\u00ed vysv\u011btlen\u00ed od osob,<\/li>\n<li>p\u0159i po\u0159izov\u00e1n\u00ed fotografi\u00ed a nahr\u00e1vek osob,<\/li>\n<li>p\u0159i prok\u00e1z\u00e1n\u00ed toto\u017enosti osoby,<\/li>\n<li>pro \u00fa\u010dely budouc\u00ed identifikace osoby &#8211; to \u010din\u00ed sejmut\u00edm otisk\u016f prst\u016f, zji\u0161t\u011bn\u00edm t\u011blesn\u00fdch znak\u016f, po\u0159\u00edzen\u00edm fotografi\u00ed, odb\u011brem DNA a dal\u0161\u00edmi zp\u016fsoby,<\/li>\n<li>z r\u016fzn\u00fdch evidenc\u00ed &#8211; nap\u0159\u00edklad z evidence ob\u010dansk\u00fdch pr\u016fkaz\u016f, registru \u0159idi\u010d\u016f atd.,<\/li>\n<li>p\u0159i vy\u0161et\u0159ov\u00e1n\u00ed p\u0159estupk\u016f &#8211; p\u0159i tom mohou policist\u00e9 mimo jin\u00e9 odeb\u00edrat krev, mo\u010d, sliny nebo pot,<\/li>\n<li>p\u0159i p\u00e1tr\u00e1n\u00ed po osob\u00e1ch &#8211; v t\u00e9to souvislosti m\u016f\u017ee policie po\u017eadovat ur\u010dit\u00e9 \u00fadaje i od bank, zdravotn\u00edch poji\u0161\u0165oven nebo provozovatel\u016f telefonn\u00edch \u010di internetov\u00fdch s\u00edt\u00ed,<\/li>\n<li>p\u0159i z\u00edsk\u00e1v\u00e1n\u00ed poznatk\u016f o trestn\u00e9 \u010dinnosti.<\/li>\n<\/ul>\n<p>[\/et_pb_text][\/et_pb_column][et_pb_column type=&#8220;1_2&#8243; parallax=&#8220;off&#8220; parallax_method=&#8220;on&#8220; column_padding_mobile=&#8220;on&#8220;][et_pb_text admin_label=&#8220;Text&#8220; custom_padding=&#8220;25px|||&#8220;]<\/p>\n<p><strong>Obecn\u00ed policie<\/strong> m\u016f\u017ee z\u00edsk\u00e1vat osobn\u00ed \u00fadaje v m\u00e9n\u011b p\u0159\u00edpadech:<\/p>\n<ul>\n<li>p\u0159i pod\u00e1n\u00ed vysv\u011btlen\u00ed od osob,<\/li>\n<li>p\u0159i po\u0159izov\u00e1n\u00ed zvukov\u00fdch, obrazov\u00fdch a jin\u00fdch z\u00e1znam\u016f,<\/li>\n<li>p\u0159i prok\u00e1z\u00e1n\u00ed toto\u017enosti osoby,<\/li>\n<li>&#8222;nep\u0159\u00edmo&#8220; z ur\u010dit\u00fdch informa\u010dn\u00edch syst\u00e9m\u016f, ale jen v rozsahu nezbytn\u00e9m k pln\u011bn\u00ed sv\u00fdch \u00fakol\u016f &#8211; jedn\u00e1 se o n\u011bkter\u00e9 informa\u010dn\u00ed syst\u00e9my policie, obecn\u00edch \u00fa\u0159ad\u016f s roz\u0161\u00ed\u0159enou p\u016fsobnost\u00ed a obecn\u00edch \u00fa\u0159ad\u016f. Obecn\u00ed policie nem\u00e1 p\u0159\u00edm\u00fd p\u0159\u00edstup k t\u011bmto informa\u010dn\u00edm syst\u00e9m\u016fm, ale uveden\u00e9 subjekty j\u00ed sd\u011bluj\u00ed pot\u0159ebn\u00e9 informace na po\u017e\u00e1d\u00e1n\u00ed.<\/li>\n<\/ul>\n<p>[\/et_pb_text][et_pb_button button_url=&#8220;#policista-versus-straznik&#8220; button_text=&#8220;zp\u011bt na za\u010d\u00e1tek&#8220; button_alignment=&#8220;center&#8220; admin_label=&#8220;Tla\u010d\u00edtko&#8220; custom_button=&#8220;on&#8220; button_use_icon=&#8220;on&#8220; button_icon=&#8220;d&#8220; custom_css_main_element=&#8220;||margin-bottom: -10px;&#8220; background_color=&#8220;#eeee22&#8243;][\/et_pb_button][et_pb_text admin_label=&#8220;Text&#8220; custom_margin=&#8220;||10px|&#8220; custom_padding=&#8220;25px|||&#8220;][\/et_pb_text][\/et_pb_column][\/et_pb_row][et_pb_row make_fullwidth=&#8220;on&#8220; custom_padding=&#8220;20px|50px|15px|&#8220; custom_margin=&#8220;50px||0px|&#8220; background_color=&#8220;#edf000&#8243; column_padding_mobile=&#8220;on&#8220; admin_label=&#8220;row&#8220; module_id=&#8220;zpracovavani-osobnich-udaju&#8220;][et_pb_column type=&#8220;4_4&#8243; parallax=&#8220;off&#8220; parallax_method=&#8220;on&#8220; column_padding_mobile=&#8220;on&#8220;][et_pb_text admin_label=&#8220;Text&#8220; custom_margin=&#8220;|||&#8220; custom_padding=&#8220;|||50px&#8220;]<\/p>\n<h1 style=\"text-align: left\">ZPRACOV\u00c1V\u00c1N\u00cd OSOBN\u00cdCH \u00daDAJ\u016e<\/h1>\n<p>[\/et_pb_text][\/et_pb_column][\/et_pb_row][et_pb_row make_fullwidth=&#8220;on&#8220; custom_padding=&#8220;|50px|50px|69px&#8220; custom_margin=&#8220;|||&#8220; background_color=&#8220;#ffffff&#8220; column_padding_mobile=&#8220;on&#8220; admin_label=&#8220;row&#8220;][et_pb_column type=&#8220;1_2&#8243; parallax=&#8220;off&#8220; parallax_method=&#8220;on&#8220; column_padding_mobile=&#8220;on&#8220;][et_pb_text admin_label=&#8220;Text&#8220; custom_padding=&#8220;25px|||&#8220;]<\/p>\n<p><strong>Zpracov\u00e1n\u00edm osobn\u00edch \u00fadaj\u016f <\/strong>se rozum\u00ed nejr\u016fzn\u011bj\u0161\u00ed systematick\u00e9 operace s nimi: jejich shroma\u017e\u010fov\u00e1n\u00ed, ukl\u00e1d\u00e1n\u00ed na nosi\u010de informac\u00ed, zp\u0159\u00edstup\u0148ov\u00e1n\u00ed, \u00faprava nebo pozm\u011b\u0148ov\u00e1n\u00ed, vyhled\u00e1v\u00e1n\u00ed, pou\u017e\u00edv\u00e1n\u00ed, p\u0159ed\u00e1v\u00e1n\u00ed, \u0161\u00ed\u0159en\u00ed, zve\u0159ej\u0148ov\u00e1n\u00ed, uchov\u00e1v\u00e1n\u00ed, v\u00fdm\u011bna, t\u0159\u00edd\u011bn\u00ed nebo kombinov\u00e1n\u00ed, blokov\u00e1n\u00ed i likvidace.<\/p>\n<p>Policie \u010cR i obecn\u00ed policie mohou zpracov\u00e1vat va\u0161e osobn\u00ed \u00fadaje, zejm\u00e9na pokud jim k tomu d\u00e1te <strong>souhlas<\/strong>. Bez va\u0161eho souhlasu tak mohou \u010dinit &#8211; a t\u00edm p\u00e1dem zasahovat do va\u0161eho soukrom\u00ed &#8211; pouze:<\/p>\n<ul>\n<li>na z\u00e1klad\u011b <strong>opr\u00e1vn\u011bn\u00ed v z\u00e1kon\u011b<\/strong> &#8211; p\u0159edev\u0161\u00edm podle z\u00e1kona o ochran\u011b osobn\u00edch \u00fadaj\u016f a z\u00e1kona o Policii \u010cR nebo z\u00e1kona o obecn\u00ed policii, ale tak\u00e9 podle trestn\u00edho \u0159\u00e1du, z\u00e1kona o p\u0159estupc\u00edch, z\u00e1kona o pobytu cizinc\u016f na \u00fazem\u00ed \u010cR a dal\u0161\u00edch p\u0159edpis\u016f; a<\/li>\n<li>v <strong>rozsahu nezbytn\u00e9m<\/strong> pro pln\u011bn\u00ed sv\u00fdch \u00fakol\u016f.<\/li>\n<\/ul>\n<p>[\/et_pb_text][\/et_pb_column][et_pb_column type=&#8220;1_2&#8243; parallax=&#8220;off&#8220; parallax_method=&#8220;on&#8220; column_padding_mobile=&#8220;on&#8220;][et_pb_text admin_label=&#8220;Text&#8220; custom_padding=&#8220;25px|||&#8220;]<\/p>\n<p>Zpracov\u00e1n\u00ed osobn\u00edch \u00fadaj\u016f ze strany Policie \u010cR slou\u017e\u00ed p\u0159edev\u0161\u00edm k:<\/p>\n<ul>\n<li>p\u0159edch\u00e1zen\u00ed, prov\u011b\u0159ov\u00e1n\u00ed a vy\u0161et\u0159ov\u00e1n\u00ed trestn\u00e9 \u010dinnosti, tipov\u00e1n\u00ed pachatel\u016f a prov\u00e1d\u011bn\u00ed kriminalistick\u00fdch anal\u00fdz,<\/li>\n<li>prov\u00e1d\u011bn\u00ed trestn\u00edho a p\u0159estupkov\u00e9ho \u0159\u00edzen\u00ed,<\/li>\n<li>p\u00e1tr\u00e1n\u00ed po hledan\u00fdch a poh\u0159e\u0161ovan\u00fdch osob\u00e1ch,<\/li>\n<li>prov\u00e1d\u011bn\u00ed identifikace osob,<\/li>\n<li>dokumentov\u00e1n\u00ed a koordinaci \u010dinnosti policie.<\/li>\n<\/ul>\n<p>Vzhledem k \u00fakol\u016fm Policie \u010cR a obecn\u00ed policie se na tyto sbory nevztahuj\u00ed v\u0161echny obecn\u00e9 povinnosti spr\u00e1vc\u016f osobn\u00edch \u00fadaj\u016f podle z\u00e1kona o ochran\u011b osobn\u00edch \u00fadaj\u016f &#8211; n\u011bkter\u00e9 se na n\u011b nevztahuj\u00ed v\u016fbec, n\u011bkter\u00e9 jen \u010d\u00e1ste\u010dn\u011b. Policie \u010cR tak kup\u0159\u00edkladu m\u016f\u017ee zpracovav\u00e1t va\u0161e osobn\u00ed \u00fadaje i bez va\u0161eho souhlasu v \u0161ir\u0161\u00edm spektru p\u0159\u00edpad\u016f, ne\u017e je b\u011b\u017en\u00e9 pro jin\u00e9 subjekty. <strong>Zvl\u00e1\u0161tn\u00ed re\u017eim<\/strong> pro ni plat\u00ed i co do doby uchov\u00e1v\u00e1n\u00ed osobn\u00edch \u00fadaj\u016f, jejich anonymizace atd.<\/p>\n<p>[\/et_pb_text][et_pb_button button_url=&#8220;#policista-versus-straznik&#8220; button_text=&#8220;zp\u011bt na za\u010d\u00e1tek&#8220; button_alignment=&#8220;center&#8220; admin_label=&#8220;Tla\u010d\u00edtko&#8220; custom_button=&#8220;on&#8220; button_use_icon=&#8220;on&#8220; button_icon=&#8220;d&#8220; custom_css_main_element=&#8220;||margin-bottom: -10px;&#8220; background_color=&#8220;#eeee22&#8243;][\/et_pb_button][\/et_pb_column][\/et_pb_row][et_pb_row make_fullwidth=&#8220;on&#8220; custom_padding=&#8220;20px|50px|15px|50px&#8220; custom_margin=&#8220;50px||0px|&#8220; background_color=&#8220;#edf000&#8243; column_padding_mobile=&#8220;on&#8220; admin_label=&#8220;row&#8220; module_id=&#8220;zneuziti-osobnich-udaju&#8220;][et_pb_column type=&#8220;4_4&#8243; parallax=&#8220;off&#8220; parallax_method=&#8220;on&#8220; column_padding_mobile=&#8220;on&#8220;][et_pb_text admin_label=&#8220;Text&#8220; module_id=&#8220;zakladni-povinnosti-policistu-a-strazniku&#8220; custom_margin=&#8220;|||&#8220; custom_padding=&#8220;|||&#8220;]<\/p>\n<h1>ZNEU\u017dIT\u00cd OSOBN\u00cdCH \u00daDAJ\u016e<\/h1>\n<p>[\/et_pb_text][\/et_pb_column][\/et_pb_row][et_pb_row make_fullwidth=&#8220;on&#8220; custom_padding=&#8220;|50px|50px|&#8220; padding_mobile=&#8220;off&#8220; background_color=&#8220;#ffffff&#8220; column_padding_mobile=&#8220;on&#8220; admin_label=&#8220;row&#8220;][et_pb_column type=&#8220;1_2&#8243; parallax=&#8220;off&#8220; parallax_method=&#8220;on&#8220; column_padding_mobile=&#8220;on&#8220;][et_pb_text admin_label=&#8220;Text&#8220; custom_padding=&#8220;25px|||50px&#8220;]<\/p>\n<p><strong>Zneu\u017eit\u00edm osobn\u00edch \u00fadaj\u016f<\/strong> se mysl\u00ed v podstat\u011b jak\u00e9koli neopr\u00e1vn\u011bn\u00e9 nakl\u00e1d\u00e1n\u00ed s nimi. Osobn\u00ed \u00fadaje mus\u00ed b\u00fdt <strong>chr\u00e1n\u011bny <\/strong>p\u0159ed zneu\u017eit\u00edm, a\u0165 u\u017e je zpracov\u00e1v\u00e1 kdokoli, Policii \u010cR \u010di obecn\u00ed policii (obec) nevyj\u00edmaje. Oba sbory proto mus\u00ed zpracov\u00e1van\u00e9 informace zabezpe\u010dit a mus\u00ed p\u0159ijmout takov\u00e1 opat\u0159en\u00ed, aby nemohlo doj\u00edt k neopr\u00e1vn\u011bn\u00e9mu nebo nahodil\u00e9mu p\u0159\u00edstupu k osobn\u00edm \u00fadaj\u016fm, k jejich zm\u011bn\u011b, zni\u010den\u00ed, ztr\u00e1t\u011b nebo odcizen\u00ed, k neopr\u00e1vn\u011bn\u00fdm p\u0159enos\u016fm ani k jin\u00e9mu jejich neopr\u00e1vn\u011bn\u00e9mu zpracov\u00e1n\u00ed a zneu\u017eit\u00ed. Tato opat\u0159en\u00ed se projevuj\u00ed i p\u0159i p\u0159ed\u00e1v\u00e1n\u00ed osobn\u00edch \u00fadaj\u016f jin\u00fdm subjekt\u016fm, kdy mus\u00ed b\u00fdt mo\u017en\u00e9 ur\u010dit a ov\u011b\u0159it, komu byly \u00fadaje p\u0159ed\u00e1ny.<\/p>\n<p>Zneu\u017eit\u00ed osobn\u00edch \u00fadaj\u016f ov\u0161em nemus\u00ed hrozit jen zven\u010d\u00ed, ale i zevnit\u0159. Proto plat\u00ed n\u011bkter\u00e9 specifick\u00e9 povinnosti i pro policisty nebo ob\u010dansk\u00e9 zam\u011bstnance Policie \u010cR a zam\u011bstnance za\u0159azen\u00e9 v obecn\u00ed policii, kte\u0159\u00ed re\u00e1ln\u011b p\u0159ich\u00e1zej\u00ed do styku s osobn\u00edmi \u00fadaji. Tito mohou zpracov\u00e1vat osobn\u00ed \u00fadaje jenom za podm\u00ednek a v rozsahu, jak stanov\u00ed jejich zam\u011bstnavatel. Krom toho je v\u00e1\u017ee <strong>povinnost ml\u010denlivosti<\/strong>. Ta dopad\u00e1 jak na samotn\u00e9 osobn\u00ed \u00fadaje, tak na bezpe\u010dnostn\u00ed opat\u0159en\u00ed p\u0159ijat\u00e1 k jejich ochran\u011b. P\u0159itom povinnost ml\u010denlivosti trv\u00e1 i po skon\u010den\u00ed zam\u011bstn\u00e1n\u00ed nebo slu\u017eebn\u00edho pom\u011bru.<\/p>\n<h3>Sankce za zneu\u017eit\u00ed osobn\u00edch \u00fadaj\u016f<\/h3>\n<p>K p\u0159edch\u00e1zen\u00ed zneu\u017eit\u00ed osobn\u00edch \u00fadaj\u016f m\u00e1 napom\u00e1hat i zaveden\u00fd syst\u00e9m sankc\u00ed. Pokud dojde ke zneu\u017eit\u00ed va\u0161ich osobn\u00edch \u00fadaj\u016f, respektive k protipr\u00e1vn\u00edmu nakl\u00e1d\u00e1n\u00ed s nimi, m\u016f\u017ee to zalo\u017eit:<\/p>\n<ul>\n<li>k\u00e1ze\u0148sk\u00fd p\u0159estupek policisty nebo str\u00e1\u017en\u00edka,<\/li>\n<li>p\u0159estupek fyzick\u00e9 osoby,<\/li>\n<li>spr\u00e1vn\u00ed delikt pr\u00e1vnick\u00e9 osoby nebo podnikaj\u00edc\u00ed fyzick\u00e9 osoby,<\/li>\n<li>trestn\u00fd \u010din.<\/li>\n<\/ul>\n<p>Krom toho zneu\u017eit\u00ed va\u0161ich osobn\u00edch \u00fadaj\u016f p\u0159edstavuje i z\u00e1sah do va\u0161ich osobnostn\u00edch pr\u00e1v, proti kter\u00e9mu se m\u016f\u017eete br\u00e1nit i p\u0159ed soudem \u017ealobou na ochranu osobnosti.<\/p>\n<p>[\/et_pb_text][\/et_pb_column][et_pb_column type=&#8220;1_2&#8243; parallax=&#8220;off&#8220; parallax_method=&#8220;on&#8220; column_padding_mobile=&#8220;on&#8220;][et_pb_text admin_label=&#8220;Text&#8220; custom_margin=&#8220;||10px|&#8220; custom_padding=&#8220;25px|||&#8220;]<\/p>\n<h3>Obrana proti zneu\u017eit\u00ed osobn\u00edch \u00fadaj\u016f<\/h3>\n<p>Se stanoven\u00edm syst\u00e9mu sankc\u00ed za zneu\u017eit\u00ed osobn\u00edch \u00fadaj\u016f souvis\u00ed i r\u016fzn\u00e9 mo\u017enosti obrany proti takov\u00e9mu jedn\u00e1n\u00ed.<\/p>\n<p>Pokud se domn\u00edv\u00e1te, \u017ee m\u016f\u017ee doch\u00e1zet k neopr\u00e1vn\u011bn\u00e9mu nakl\u00e1d\u00e1n\u00ed s va\u0161imi osobn\u00edmi \u00fadaji, m\u016f\u017eete <strong>po\u017e\u00e1dat<\/strong> odpov\u011bdn\u00fd org\u00e1n (Policii \u010cR nebo obecn\u00ed policii) <strong>o vysv\u011btlen\u00ed<\/strong> a p\u0159\u00edpadn\u011b i <strong>o odstran\u011bn\u00ed z\u00e1vadn\u00e9ho stavu<\/strong>. V r\u00e1mci odstran\u011bn\u00ed z\u00e1vadn\u00e9ho stavu m\u016f\u017ee doj\u00edt k likvidaci, oprav\u011b nebo dopln\u011bn\u00ed zpracov\u00e1van\u00fdch osobn\u00edch \u00fadaj\u016f, p\u0159\u00edpadn\u011b k jejich znep\u0159\u00edstupn\u011bn\u00ed (blokaci). Pokud je va\u0161e \u017e\u00e1dost opr\u00e1vn\u011bn\u00e1 a odpov\u011bdn\u00fd org\u00e1n j\u00ed neprodlen\u011b nevyhov\u00ed, m\u016f\u017eete se pak obr\u00e1tit na <strong>\u00da\u0159ad pro ochranu osobn\u00edch \u00fadaj\u016f<\/strong>. Ten z va\u0161eho podn\u011btu m\u016f\u017ee zah\u00e1jit i kontroln\u00ed \u0161et\u0159en\u00ed u dan\u00e9ho org\u00e1nu. U \u00da\u0159adu pro ochranu osobn\u00edch \u00fadaj\u016f si ale m\u016f\u017eete st\u011b\u017eovat i rovnou, tedy bez p\u0159edchoz\u00ed \u017e\u00e1dosti o n\u00e1pravu v\u016f\u010di odpov\u011bdn\u00e9mu org\u00e1nu.<\/p>\n<p>D\u00e1le m\u016f\u017eete vyu\u017e\u00edt v\u0161ech prost\u0159edk\u016f pro p\u0159\u00edpady <strong>nez\u00e1konn\u00e9ho jedn\u00e1n\u00ed policist\u016f a str\u00e1\u017en\u00edk\u016f<\/strong>: st\u00ed\u017enosti na policistu nebo str\u00e1\u017en\u00edka \u010di ozn\u00e1men\u00ed jejich p\u0159estupku, trestn\u00edho ozn\u00e1men\u00ed, soudn\u00ed \u017ealoby i \u017e\u00e1dosti o poskytnut\u00ed n\u00e1hrady \u0161kody nebo p\u0159im\u011b\u0159en\u00e9ho zadostiu\u010din\u011bn\u00ed.<\/p>\n<p>[\/et_pb_text][et_pb_button button_url=&#8220;#policista-versus-straznik&#8220; button_text=&#8220;zp\u011bt na za\u010d\u00e1tek&#8220; button_alignment=&#8220;center&#8220; admin_label=&#8220;Tla\u010d\u00edtko&#8220; custom_button=&#8220;on&#8220; button_use_icon=&#8220;on&#8220; button_icon=&#8220;d&#8220; custom_css_main_element=&#8220;||margin-bottom: -10px;&#8220; background_color=&#8220;#eeee22&#8243;][\/et_pb_button][\/et_pb_column][\/et_pb_row][et_pb_row make_fullwidth=&#8220;on&#8220; custom_padding=&#8220;20px|50px|15px|50px&#8220; custom_margin=&#8220;50px||0px|&#8220; background_color=&#8220;#edf000&#8243; column_padding_mobile=&#8220;on&#8220; admin_label=&#8220;row&#8220; module_id=&#8220;zadost-o-informace&#8220;][et_pb_column type=&#8220;4_4&#8243; parallax=&#8220;off&#8220; parallax_method=&#8220;on&#8220; column_padding_mobile=&#8220;on&#8220;][et_pb_text admin_label=&#8220;Text&#8220; module_id=&#8220;zakladni-povinnosti-policistu-a-strazniku&#8220; custom_margin=&#8220;|||&#8220; custom_padding=&#8220;|||&#8220;]<\/p>\n<h1>\u017d\u00c1DOST O INFORMACE<\/h1>\n<p>[\/et_pb_text][\/et_pb_column][\/et_pb_row][et_pb_row make_fullwidth=&#8220;on&#8220; custom_padding=&#8220;|50px|50px|&#8220; padding_mobile=&#8220;off&#8220; background_color=&#8220;#ffffff&#8220; column_padding_mobile=&#8220;on&#8220; admin_label=&#8220;row&#8220;][et_pb_column type=&#8220;1_2&#8243; parallax=&#8220;off&#8220; parallax_method=&#8220;on&#8220; column_padding_mobile=&#8220;on&#8220;][et_pb_text admin_label=&#8220;Text&#8220; custom_padding=&#8220;25px|||50px&#8220;]<\/p>\n<p>Na Policii \u010cR m\u016f\u017eete sm\u011b\u0159ovat dva r\u016fzn\u00e9 typy \u017e\u00e1dost\u00ed:<\/p>\n<ul>\n<li>\u017e\u00e1dost o informov\u00e1n\u00ed o osobn\u00edch \u00fadaj\u00edch, kter\u00e9 o v\u00e1s policie zpracov\u00e1v\u00e1,<\/li>\n<li>obecnou \u017e\u00e1dost o informaci (podle z\u00e1kona o svobodn\u00e9m p\u0159\u00edstupu k informac\u00edm).<\/li>\n<\/ul>\n<h3><\/h3>\n<h3>\u017d\u00e1dost o informov\u00e1n\u00ed o osobn\u00edch \u00fadaj\u00edch<\/h3>\n<p>Pokud chcete zjistit, jak\u00e9 osobn\u00ed \u00fadaje o v\u00e1s policie zpracov\u00e1v\u00e1, m\u016f\u017eete o to p\u00edsemn\u011b po\u017e\u00e1dat <strong>policejn\u00ed prezidium<\/strong>. To v\u00e1m mus\u00ed odpov\u011bd\u011bt bezplatn\u011b do 60 dn\u016f od doru\u010den\u00ed va\u0161\u00ed \u017e\u00e1dosti. Ve sv\u00e9 odpov\u011bdi v\u00e1m policie bu\u010f zcela vyhov\u00ed a sd\u011bl\u00ed, co v\u0161echno o v\u00e1s zpracov\u00e1v\u00e1, anebo v\u00e1m nevyhov\u00ed v\u016fbec nebo jen \u010d\u00e1ste\u010dn\u011b a z\u00e1rove\u0148 v\u00e1s informuje o d\u016fvodech, pro\u010d v\u00e1m nemohla pln\u011b vyhov\u011bt. Policie va\u0161\u00ed \u017e\u00e1dosti pln\u011b<strong> nevyhov\u00ed<\/strong> jenom v p\u0159\u00edpad\u011b, \u017ee by p\u0159i sd\u011blen\u00ed po\u017eadovan\u00fdch \u00fadaj\u016f do\u0161lo k ohro\u017een\u00ed:<\/p>\n<ul>\n<li>pln\u011bn\u00ed \u00fakol\u016f p\u0159i p\u0159edch\u00e1zen\u00ed, vyhled\u00e1v\u00e1n\u00ed a st\u00edh\u00e1n\u00ed trestn\u00e9 \u010dinnosti a zaji\u0161\u0165ov\u00e1n\u00ed bezpe\u010dnosti a ve\u0159ejn\u00e9ho po\u0159\u00e1dku,<\/li>\n<li>utajovan\u00fdch informac\u00ed, nebo<\/li>\n<li>opr\u00e1vn\u011bn\u00fdch z\u00e1jm\u016f t\u0159et\u00ed osoby.<\/li>\n<\/ul>\n<p>Krom\u011b uveden\u00fdch mo\u017enost\u00ed existuje je\u0161t\u011b jedna v\u00fdjimka, kdy v\u00e1s policie m\u016f\u017ee vlastn\u011b tak trochu &#8222;obalamutit&#8220;. Pokud by pravdiv\u00e1 odpov\u011b\u010f na va\u0161i st\u00ed\u017enost &#8211; a\u0165 u\u017e kladn\u00e1, nebo z\u00e1porn\u00e1 &#8211; ohrozila pln\u011bn\u00ed \u00fakol\u016f policie p\u0159i p\u0159edch\u00e1zen\u00ed, vyhled\u00e1v\u00e1n\u00ed a st\u00edh\u00e1n\u00ed trestn\u00e9 \u010dinnosti a zaji\u0161\u0165ov\u00e1n\u00ed bezpe\u010dnosti a ve\u0159ejn\u00e9ho po\u0159\u00e1dku, tak v\u00e1m policie m\u016f\u017ee p\u00edsemn\u011b odpov\u011bd\u011b\u0165 na va\u0161i \u017e\u00e1dost s t\u00edm, \u017ee nezpracov\u00e1v\u00e1 \u017e\u00e1dn\u00e9 va\u0161e osobn\u00ed \u00fadaje (tedy i p\u0159esto, \u017ee je fakticky zpracov\u00e1v\u00e1).<\/p>\n<p>V ka\u017ed\u00e9m p\u0159\u00edpad\u011b v\u00e1s policie mus\u00ed ve sv\u00e9 odpov\u011bdi v\u017edycky pou\u010dit o tom, \u017ee se m\u016f\u017eete <strong>obr\u00e1tit na \u00da\u0159ad pro ochranu osobn\u00edch \u00fadaj\u016f<\/strong>.<\/p>\n<p>Krom\u011b samotn\u00e9ho informov\u00e1n\u00ed o va\u0161ich osobn\u00edch \u00fadaj\u00edch m\u016f\u017eete na policii po\u017eadovat tak\u00e9 <strong>opravu, likvidaci, blokov\u00e1n\u00ed nebo dopln\u011bn\u00ed<\/strong> nepravidv\u00fdch nebo nep\u0159esn\u00fdch osobn\u00edch \u00fadaj\u016f o va\u0161\u00ed osob\u011b.<\/p>\n<p><strong>Vzor \u017e\u00e1dosti<\/strong> o informov\u00e1n\u00ed o va\u0161ich osobn\u00edch \u00fadaj\u00edch naleznete v sekci Ke sta\u017een\u00ed.<\/p>\n<p>[\/et_pb_text][\/et_pb_column][et_pb_column type=&#8220;1_2&#8243; parallax=&#8220;off&#8220; parallax_method=&#8220;on&#8220; column_padding_mobile=&#8220;on&#8220;][et_pb_text admin_label=&#8220;Text&#8220; custom_margin=&#8220;||10px|&#8220; custom_padding=&#8220;25px|||&#8220;]<\/p>\n<h3>\u017d\u00e1dost o informace (obecn\u00e1)<\/h3>\n<p>Policii \u010cR i obecn\u00ed policii (obec) m\u016f\u017eete tak\u00e9 po\u017e\u00e1dat o jak\u00e9koli<strong> informace, kter\u00e9 se vztahuj\u00ed k jejich p\u016fsobnosti<\/strong>. M\u016f\u017ee se jednat nap\u0159\u00edklad o informace souvisej\u00edc\u00ed s majetkem, se kter\u00fdm policie nebo obecn\u00ed policie hospoda\u0159\u00ed, s person\u00e1ln\u00edm slo\u017een\u00edm r\u016fzn\u00fdch \u00fatvar\u016f, s rozhodovac\u00ed \u010dinnost\u00ed policie atd. M\u016f\u017eete \u017e\u00e1dat i o poskytnut\u00ed r\u016fzn\u00fdch statistik, anal\u00fdz a zpr\u00e1v, kter\u00e9 policie nebo obecn\u00ed policie (obec) vytv\u00e1\u0159\u00ed nebo si nech\u00e1v\u00e1 zpracov\u00e1vat (za ve\u0159ejn\u00e9 pen\u00edze).<\/p>\n<p>N\u011bkter\u00e9 z t\u011bchto informac\u00ed zve\u0159ej\u0148uje policie, p\u0159\u00edpadn\u011b obecn\u00ed policie (obec) sama, a to i na sv\u00fdch internetov\u00fdch str\u00e1nk\u00e1ch. Pokud tomu tak je, m\u016f\u017ee v\u00e1s v odpov\u011bdi na va\u0161i \u017e\u00e1dost odk\u00e1zat na ji\u017e zve\u0159ejn\u011bnou informaci, kdy\u017e v\u00e1m sd\u011bl\u00ed, kde a jak se k n\u00ed m\u016f\u017eete dostat. Pokud tomu tak nen\u00ed, odpov\u00ed v\u00e1m jednotliv\u011b, a to v\u011bt\u0161inou do 15 dn\u016f ode dne p\u0159ijet\u00ed va\u0161\u00ed \u017e\u00e1dosti.<\/p>\n<p>Policie \u010cR, a stejn\u011b tak obecn\u00ed policie, v\u00e1m ov\u0161em <strong>nem\u016f\u017ee poskytnout<\/strong> informaci:<\/p>\n<ul>\n<li>t\u00fdkaj\u00edc\u00ed se osobnosti, projev\u016f osobn\u00ed povahy, soukrom\u00ed nebo osobn\u00edch \u00fadaj\u016f fyzick\u00e9 osoby (leda\u017ee byste k tomu byli opr\u00e1vn\u011bni),<\/li>\n<li>kter\u00e1 je obchodn\u00edm tajemstv\u00edm,<\/li>\n<li>vztahuj\u00edc\u00ed se v\u00fdlu\u010dn\u011b k jej\u00edm vnit\u0159n\u00edm pokyn\u016fm a person\u00e1ln\u00edm p\u0159edpis\u016fm,<\/li>\n<li>o prob\u00edhaj\u00edc\u00edm trestn\u00edm \u0159\u00edzen\u00ed,<\/li>\n<li>o \u010dinnosti org\u00e1n\u016f \u010dinn\u00fdch v trestn\u00edm \u0159\u00edzen\u00ed, pokud by se t\u00edm ohrozila pr\u00e1va t\u0159et\u00edch osob nebo pln\u011bn\u00ed \u00fakol\u016f p\u0159i p\u0159ech\u00e1zen\u00ed a st\u00edh\u00e1n\u00ed trestn\u00e9 \u010dinnosti a zaji\u0161\u0165ov\u00e1n\u00ed bezpe\u010dnosti \u010cR,<\/li>\n<li>o pln\u011bn\u00ed \u00fakol\u016f zpravodajsk\u00fdch slu\u017eeb a o \u010dinnosti Ministerstva financ\u00ed podle z\u00e1kona o n\u011bkter\u00fdch opat\u0159en\u00edch proti legalizaci v\u00fdnos\u016f z trestn\u00e9 \u010dinnosti a financov\u00e1n\u00ed terorismu,<\/li>\n<li>o utajovan\u00fdch skute\u010dnostech a chr\u00e1n\u011bn\u00e9 informace v r\u00e1mci NATO nebo EU, a<\/li>\n<li>v dal\u0161\u00edch p\u0159\u00edpadech, kter\u00e9 stanov\u00ed z\u00e1kon.<\/li>\n<\/ul>\n<p>[\/et_pb_text][et_pb_toggle title=&#8220;Mohu \u017e\u00e1dat informace o postihu protipr\u00e1vn\u00edho jedn\u00e1n\u00ed konkr\u00e9tn\u00edho policisty?&#8220; icon_color=&#8220;#000000&#8243; admin_label=&#8220;P\u0159ep\u00edna\u010d&#8220; title_font_size=&#8220;18&#8243; custom_padding=&#8220;|||&#8220;]<\/p>\n<p>P\u0159ijde na to, kdy o to \u017e\u00e1d\u00e1te a o jak\u00fd postih se jedn\u00e1.<\/p>\n<p>Co se t\u00fd\u010de\u00a0<span style=\"font-family: OpenSansSemibold, sans-serif\">trestn\u00edho \u0159\u00edzen\u00ed<\/span>, tak podle z\u00e1kona o svobodn\u00e9m p\u0159\u00edstupu k informac\u00edm ur\u010dit\u011b nelze poskytnout informaci o prob\u00edhaj\u00edc\u00edm trestn\u00edm \u0159\u00edzen\u00ed. O informov\u00e1n\u00ed ve\u0159ejnosti ale hovo\u0159\u00ed i trestn\u00ed \u0159\u00e1d, kter\u00fd po\u010d\u00edt\u00e1 se sd\u011blov\u00e1n\u00edm n\u011bkter\u00fdch \u00fadaj\u016f prost\u0159ednictv\u00edm sd\u011blovac\u00edch prost\u0159edk\u016f. V \u017e\u00e1dn\u00e9m p\u0159\u00edpad\u011b t\u00edm v\u0161ak nesm\u00ed b\u00fdt ohro\u017eeno objasn\u011bn\u00ed skute\u010dnost\u00ed, kter\u00e9 jsou d\u016fle\u017eit\u00e9 pro trestn\u00ed \u0159\u00edzen\u00ed, o osob\u00e1ch z\u00fa\u010dastn\u011bn\u00fdch na trestn\u00edm \u0159\u00edzen\u00ed nesm\u00ed b\u00fdt zve\u0159ejn\u011bny \u00fadaje, kter\u00e9 p\u0159\u00edmo nesouvisej\u00ed s trestnou \u010dinnost\u00ed, a zejm\u00e9na tak nesm\u00ed doj\u00edt k poru\u0161en\u00ed z\u00e1kladn\u00edho principu presumpce neviny. V p\u0159\u00edpravn\u00e9m \u0159\u00edzen\u00ed, tedy ne\u017e je pod\u00e1na ob\u017ealoba a v\u011bc se dost\u00e1v\u00e1 p\u0159ed soud, nesm\u00ed b\u00fdt zve\u0159ejn\u011bny informace, kter\u00e9 by umo\u017enily zjistit toto\u017enost obvin\u011bn\u00e9ho (podez\u0159el\u00e9ho), po\u0161kozen\u00e9ho, z\u00fa\u010dastn\u011bn\u00e9 osoby nebo sv\u011bdka. Takov\u00e9 \u00fadaje by mohly b\u00fdt ve\u0159ejnosti odhaleny jenom v p\u0159\u00edpad\u011b (a v nezbytn\u00e9m rozsahu), \u017ee by to bylo nutn\u00e9 pro \u00fa\u010dely p\u00e1tr\u00e1n\u00ed po osob\u00e1ch nebo pro dosa\u017een\u00ed \u00fa\u010delu trestn\u00edho \u0159\u00edzen\u00ed. Nicm\u00e9n\u011b po skon\u010den\u00ed trestn\u00edho \u0159\u00edzen\u00ed ji\u017e m\u016f\u017eete \u017e\u00e1dat informaci o postihu policisty &#8211; m\u016f\u017eete si toti\u017e vy\u017e\u00e1dat rozsudek soudu v konkr\u00e9tn\u00ed v\u011bci.<\/p>\n<p>Jinak je tomu v p\u0159\u00edpad\u011b<strong>\u00a0<span style=\"font-family: OpenSansSemibold, sans-serif\">k\u00e1ze\u0148sk\u00e9ho (disciplin\u00e1rn\u00edho) \u0159\u00edzen\u00ed\u00a0<\/span><\/strong>s policistou nebo str\u00e1\u017en\u00edkem. Pro tyto p\u0159\u00edpady nen\u00ed speci\u00e1ln\u00ed \u00faprava, jako je v trestn\u00edm \u0159\u00e1du. Proto je t\u0159eba zva\u017eovat dva obecn\u00e9 aspekty takov\u00e9 situace: jednak povinnost poskytovat informace a jednat povinnost chr\u00e1nit osobn\u00ed \u00fadaje dot\u010den\u00e9 osoby. Proto m\u016f\u017eete \u017e\u00e1dat o obecnou informaci o potrest\u00e1n\u00ed konkr\u00e9tn\u00edho policisty \u010di str\u00e1\u017en\u00edka, ov\u0161em bez jeho souhlasu u\u017e v\u00e1m nemohou b\u00fdt sd\u011bleny jeho osobn\u00ed \u00fadaje, informace o sn\u00ed\u017een\u00ed p\u0159\u00edjmu apod.<\/p>\n<p>[\/et_pb_toggle][et_pb_button button_url=&#8220;#policista-versus-straznik&#8220; button_text=&#8220;zp\u011bt na za\u010d\u00e1tek&#8220; button_alignment=&#8220;center&#8220; admin_label=&#8220;Tla\u010d\u00edtko&#8220; custom_button=&#8220;on&#8220; button_use_icon=&#8220;on&#8220; button_icon=&#8220;d&#8220; custom_css_main_element=&#8220;||margin-bottom: -10px;&#8220; background_color=&#8220;#eeee22&#8243;][\/et_pb_button][\/et_pb_column][\/et_pb_row][et_pb_row make_fullwidth=&#8220;on&#8220; custom_padding=&#8220;20px|50px|15px|50px&#8220; custom_margin=&#8220;50px||0px|&#8220; background_color=&#8220;#edf000&#8243; column_padding_mobile=&#8220;on&#8220; admin_label=&#8220;row&#8220; module_id=&#8220;porizovani-nahravek&#8220;][et_pb_column type=&#8220;4_4&#8243; parallax=&#8220;off&#8220; parallax_method=&#8220;on&#8220; column_padding_mobile=&#8220;on&#8220;][et_pb_text admin_label=&#8220;Text&#8220; module_id=&#8220;zakladni-povinnosti-policistu-a-strazniku&#8220; custom_margin=&#8220;|||&#8220; custom_padding=&#8220;|||&#8220;]<\/p>\n<h1>PO\u0158IZOV\u00c1N\u00cd FOTOGRAFI\u00cd A VIDEOZ\u00c1ZNAM\u016e POLICIST\u016e A ST\u00c1\u017dN\u00cdK\u016e<\/h1>\n<p>[\/et_pb_text][\/et_pb_column][\/et_pb_row][et_pb_row make_fullwidth=&#8220;on&#8220; custom_padding=&#8220;0px|50px|50px|0px&#8220; custom_margin=&#8220;0px|||&#8220; background_color=&#8220;#ffffff&#8220; column_padding_mobile=&#8220;on&#8220; admin_label=&#8220;row&#8220; custom_padding_last_edited=&#8220;on|desktop&#8220;][et_pb_column type=&#8220;1_2&#8243; parallax=&#8220;off&#8220; parallax_method=&#8220;on&#8220; column_padding_mobile=&#8220;on&#8220;][et_pb_text admin_label=&#8220;Text&#8220; custom_padding=&#8220;25px|||50px&#8220;]<\/p>\n<p>Policist\u00e9 a str\u00e1\u017en\u00edci p\u0159i v\u00fdkonu sv\u00e9ho povol\u00e1n\u00ed vykon\u00e1vaj\u00ed\u00a0<span style=\"font-family: OpenSansSemibold, sans-serif\">p\u016fsobnost ve\u0159ejn\u00e9 spr\u00e1vy<\/span>. Pokud je tedy policista nebo str\u00e1\u017en\u00edk ve slu\u017eb\u011b,\u00a0<strong><span style=\"font-family: OpenSansSemibold, sans-serif\">nevystupuje jako soukrom\u00e1 fyzick\u00e1 osoba<\/span><\/strong>. Z tohoto d\u016fvodu se na n\u011bj nevztahuje ustanoven\u00ed ob\u010dansk\u00e9ho z\u00e1kon\u00edku, kter\u00e9 zakazuje po\u0159izov\u00e1n\u00ed fotografi\u00ed a obrazov\u00fdch a zvukov\u00fdch z\u00e1znam\u016f bez svolen\u00ed dot\u010den\u00e9 osoby. V p\u0159\u00edpad\u011b, \u017ee po\u0159\u00edd\u00edte fotografii nebo video \u010di audio nahr\u00e1vku zasahuj\u00edc\u00edho policisty \u010di str\u00e1\u017en\u00edka na ve\u0159ejn\u00e9m prostranstv\u00ed,\u00a0<strong><span style=\"font-family: OpenSansSemibold, sans-serif\">nezasahujete t\u00edm do jeho osobnostn\u00edch pr\u00e1v<\/span>.<\/strong><\/p>\n<p>[\/et_pb_text][\/et_pb_column][et_pb_column type=&#8220;1_2&#8243; parallax=&#8220;off&#8220; parallax_method=&#8220;on&#8220; column_padding_mobile=&#8220;on&#8220;][et_pb_text admin_label=&#8220;Text&#8220; custom_padding=&#8220;25px|||50px&#8220;]<\/p>\n<p>Jestli\u017ee se domn\u00edv\u00e1te, \u017ee policista nebo str\u00e1\u017en\u00edk nejednal v souladu se z\u00e1konem, m\u016f\u017ee takov\u00e1 nahr\u00e1vka nebo fotografie slou\u017eit jako d\u016fkazn\u00ed prost\u0159edek.<\/p>\n<p>[\/et_pb_text][et_pb_button button_url=&#8220;#policista-versus-straznik&#8220; button_text=&#8220;zp\u011bt na za\u010d\u00e1tek&#8220; button_alignment=&#8220;center&#8220; admin_label=&#8220;Tla\u010d\u00edtko&#8220; custom_button=&#8220;on&#8220; button_use_icon=&#8220;on&#8220; button_icon=&#8220;d&#8220; custom_css_main_element=&#8220;||margin-bottom: -10px;&#8220; background_color=&#8220;#eeee22&#8243;][\/et_pb_button][\/et_pb_column][\/et_pb_row][\/et_pb_section]<\/p>\n","protected":false},"excerpt":{"rendered":"<p>SOUKROM&Iacute; A OCHRANA OSOBN&Iacute;CH &Uacute;DAJ\u016e aneb co v&scaron;echno o v&aacute;s v&iacute; policist&eacute;, co ani vy sami nev&iacute;te Kontakt s lidmi je nezbytnou sou\u010d&aacute;st&iacute; ka\u017edodenn&iacute; pr&aacute;ce policist\u016f i str&aacute;\u017en&iacute;k\u016f. P\u0159i n\u011bm se samoz\u0159ejm\u011b dozv&iacute;daj&iacute; r\u016fzn&eacute; &uacute;daje a informace o t\u011bchto osob&aacute;ch, n\u011bkdy i &uacute;daje velmi osobn&iacute; nebo soukrom&eacute;. Bez nich by ov&scaron;em svou pr&aacute;ci mohli t\u011b\u017eko [&hellip;]<\/p>\n","protected":false},"author":8,"featured_media":0,"parent":0,"menu_order":0,"comment_status":"closed","ping_status":"closed","template":"","meta":{"_et_pb_use_builder":"on","_et_pb_old_content":"","_et_gb_content_width":"","footnotes":""},"class_list":["post-525","page","type-page","status-publish","hentry"],"yoast_head":"<!-- This site is optimized with the Yoast SEO plugin v27.4 - https:\/\/yoast.com\/product\/yoast-seo-wordpress\/ -->\n<title>Soukrom\u00ed a ochrana osobn\u00edch \u00fadaj\u016f - F\u00e9rov\u00e9 vy\u0161et\u0159ov\u00e1n\u00ed<\/title>\n<meta name=\"robots\" content=\"index, follow, max-snippet:-1, max-image-preview:large, max-video-preview:-1\" \/>\n<link rel=\"canonical\" href=\"https:\/\/llp.cz\/ferove-vysetrovani\/soukromi-a-ochrana-osobnich-udaju\/\" \/>\n<meta property=\"og:locale\" content=\"cs_CZ\" \/>\n<meta property=\"og:type\" content=\"article\" \/>\n<meta property=\"og:title\" content=\"Soukrom\u00ed a ochrana osobn\u00edch \u00fadaj\u016f - F\u00e9rov\u00e9 vy\u0161et\u0159ov\u00e1n\u00ed\" \/>\n<meta property=\"og:description\" content=\"SOUKROM&Iacute; A OCHRANA OSOBN&Iacute;CH &Uacute;DAJ\u016e aneb co v&scaron;echno o v&aacute;s v&iacute; policist&eacute;, co ani vy sami nev&iacute;te Kontakt s lidmi je nezbytnou sou\u010d&aacute;st&iacute; ka\u017edodenn&iacute; pr&aacute;ce policist\u016f i str&aacute;\u017en&iacute;k\u016f. P\u0159i n\u011bm se samoz\u0159ejm\u011b dozv&iacute;daj&iacute; r\u016fzn&eacute; &uacute;daje a informace o t\u011bchto osob&aacute;ch, n\u011bkdy i &uacute;daje velmi osobn&iacute; nebo soukrom&eacute;. Bez nich by ov&scaron;em svou pr&aacute;ci mohli t\u011b\u017eko [&hellip;]\" \/>\n<meta property=\"og:url\" content=\"https:\/\/llp.cz\/ferove-vysetrovani\/soukromi-a-ochrana-osobnich-udaju\/\" \/>\n<meta property=\"og:site_name\" content=\"F\u00e9rov\u00e9 vy\u0161et\u0159ov\u00e1n\u00ed\" \/>\n<meta property=\"article:modified_time\" content=\"2017-03-31T17:05:36+00:00\" \/>\n<meta name=\"twitter:card\" content=\"summary_large_image\" \/>\n<meta name=\"twitter:label1\" content=\"Odhadovan\u00e1 doba \u010dten\u00ed\" \/>\n\t<meta name=\"twitter:data1\" content=\"24 minut\" \/>\n<script type=\"application\/ld+json\" class=\"yoast-schema-graph\">{\"@context\":\"https:\\\/\\\/schema.org\",\"@graph\":[{\"@type\":\"WebPage\",\"@id\":\"https:\\\/\\\/llp.cz\\\/ferove-vysetrovani\\\/soukromi-a-ochrana-osobnich-udaju\\\/\",\"url\":\"https:\\\/\\\/llp.cz\\\/ferove-vysetrovani\\\/soukromi-a-ochrana-osobnich-udaju\\\/\",\"name\":\"Soukrom\u00ed a ochrana osobn\u00edch \u00fadaj\u016f - F\u00e9rov\u00e9 vy\u0161et\u0159ov\u00e1n\u00ed\",\"isPartOf\":{\"@id\":\"https:\\\/\\\/llp.cz\\\/ferove-vysetrovani\\\/#website\"},\"datePublished\":\"2017-03-16T11:01:42+00:00\",\"dateModified\":\"2017-03-31T17:05:36+00:00\",\"breadcrumb\":{\"@id\":\"https:\\\/\\\/llp.cz\\\/ferove-vysetrovani\\\/soukromi-a-ochrana-osobnich-udaju\\\/#breadcrumb\"},\"inLanguage\":\"cs\",\"potentialAction\":[{\"@type\":\"ReadAction\",\"target\":[\"https:\\\/\\\/llp.cz\\\/ferove-vysetrovani\\\/soukromi-a-ochrana-osobnich-udaju\\\/\"]}]},{\"@type\":\"BreadcrumbList\",\"@id\":\"https:\\\/\\\/llp.cz\\\/ferove-vysetrovani\\\/soukromi-a-ochrana-osobnich-udaju\\\/#breadcrumb\",\"itemListElement\":[{\"@type\":\"ListItem\",\"position\":1,\"name\":\"Dom\u016f\",\"item\":\"https:\\\/\\\/llp.cz\\\/ferove-vysetrovani\\\/\"},{\"@type\":\"ListItem\",\"position\":2,\"name\":\"Soukrom\u00ed a ochrana osobn\u00edch \u00fadaj\u016f\"}]},{\"@type\":\"WebSite\",\"@id\":\"https:\\\/\\\/llp.cz\\\/ferove-vysetrovani\\\/#website\",\"url\":\"https:\\\/\\\/llp.cz\\\/ferove-vysetrovani\\\/\",\"name\":\"F\u00e9rov\u00e9 vy\u0161et\u0159ov\u00e1n\u00ed\",\"description\":\"\",\"potentialAction\":[{\"@type\":\"SearchAction\",\"target\":{\"@type\":\"EntryPoint\",\"urlTemplate\":\"https:\\\/\\\/llp.cz\\\/ferove-vysetrovani\\\/?s={search_term_string}\"},\"query-input\":{\"@type\":\"PropertyValueSpecification\",\"valueRequired\":true,\"valueName\":\"search_term_string\"}}],\"inLanguage\":\"cs\"}]}<\/script>\n<!-- \/ Yoast SEO plugin. -->","yoast_head_json":{"title":"Soukrom\u00ed a ochrana osobn\u00edch \u00fadaj\u016f - F\u00e9rov\u00e9 vy\u0161et\u0159ov\u00e1n\u00ed","robots":{"index":"index","follow":"follow","max-snippet":"max-snippet:-1","max-image-preview":"max-image-preview:large","max-video-preview":"max-video-preview:-1"},"canonical":"https:\/\/llp.cz\/ferove-vysetrovani\/soukromi-a-ochrana-osobnich-udaju\/","og_locale":"cs_CZ","og_type":"article","og_title":"Soukrom\u00ed a ochrana osobn\u00edch \u00fadaj\u016f - F\u00e9rov\u00e9 vy\u0161et\u0159ov\u00e1n\u00ed","og_description":"SOUKROM&Iacute; A OCHRANA OSOBN&Iacute;CH &Uacute;DAJ\u016e aneb co v&scaron;echno o v&aacute;s v&iacute; policist&eacute;, co ani vy sami nev&iacute;te Kontakt s lidmi je nezbytnou sou\u010d&aacute;st&iacute; ka\u017edodenn&iacute; pr&aacute;ce policist\u016f i str&aacute;\u017en&iacute;k\u016f. P\u0159i n\u011bm se samoz\u0159ejm\u011b dozv&iacute;daj&iacute; r\u016fzn&eacute; &uacute;daje a informace o t\u011bchto osob&aacute;ch, n\u011bkdy i &uacute;daje velmi osobn&iacute; nebo soukrom&eacute;. Bez nich by ov&scaron;em svou pr&aacute;ci mohli t\u011b\u017eko [&hellip;]","og_url":"https:\/\/llp.cz\/ferove-vysetrovani\/soukromi-a-ochrana-osobnich-udaju\/","og_site_name":"F\u00e9rov\u00e9 vy\u0161et\u0159ov\u00e1n\u00ed","article_modified_time":"2017-03-31T17:05:36+00:00","twitter_card":"summary_large_image","twitter_misc":{"Odhadovan\u00e1 doba \u010dten\u00ed":"24 minut"},"schema":{"@context":"https:\/\/schema.org","@graph":[{"@type":"WebPage","@id":"https:\/\/llp.cz\/ferove-vysetrovani\/soukromi-a-ochrana-osobnich-udaju\/","url":"https:\/\/llp.cz\/ferove-vysetrovani\/soukromi-a-ochrana-osobnich-udaju\/","name":"Soukrom\u00ed a ochrana osobn\u00edch \u00fadaj\u016f - F\u00e9rov\u00e9 vy\u0161et\u0159ov\u00e1n\u00ed","isPartOf":{"@id":"https:\/\/llp.cz\/ferove-vysetrovani\/#website"},"datePublished":"2017-03-16T11:01:42+00:00","dateModified":"2017-03-31T17:05:36+00:00","breadcrumb":{"@id":"https:\/\/llp.cz\/ferove-vysetrovani\/soukromi-a-ochrana-osobnich-udaju\/#breadcrumb"},"inLanguage":"cs","potentialAction":[{"@type":"ReadAction","target":["https:\/\/llp.cz\/ferove-vysetrovani\/soukromi-a-ochrana-osobnich-udaju\/"]}]},{"@type":"BreadcrumbList","@id":"https:\/\/llp.cz\/ferove-vysetrovani\/soukromi-a-ochrana-osobnich-udaju\/#breadcrumb","itemListElement":[{"@type":"ListItem","position":1,"name":"Dom\u016f","item":"https:\/\/llp.cz\/ferove-vysetrovani\/"},{"@type":"ListItem","position":2,"name":"Soukrom\u00ed a ochrana osobn\u00edch \u00fadaj\u016f"}]},{"@type":"WebSite","@id":"https:\/\/llp.cz\/ferove-vysetrovani\/#website","url":"https:\/\/llp.cz\/ferove-vysetrovani\/","name":"F\u00e9rov\u00e9 vy\u0161et\u0159ov\u00e1n\u00ed","description":"","potentialAction":[{"@type":"SearchAction","target":{"@type":"EntryPoint","urlTemplate":"https:\/\/llp.cz\/ferove-vysetrovani\/?s={search_term_string}"},"query-input":{"@type":"PropertyValueSpecification","valueRequired":true,"valueName":"search_term_string"}}],"inLanguage":"cs"}]}},"_links":{"self":[{"href":"https:\/\/llp.cz\/ferove-vysetrovani\/wp-json\/wp\/v2\/pages\/525","targetHints":{"allow":["GET"]}}],"collection":[{"href":"https:\/\/llp.cz\/ferove-vysetrovani\/wp-json\/wp\/v2\/pages"}],"about":[{"href":"https:\/\/llp.cz\/ferove-vysetrovani\/wp-json\/wp\/v2\/types\/page"}],"author":[{"embeddable":true,"href":"https:\/\/llp.cz\/ferove-vysetrovani\/wp-json\/wp\/v2\/users\/8"}],"replies":[{"embeddable":true,"href":"https:\/\/llp.cz\/ferove-vysetrovani\/wp-json\/wp\/v2\/comments?post=525"}],"version-history":[{"count":9,"href":"https:\/\/llp.cz\/ferove-vysetrovani\/wp-json\/wp\/v2\/pages\/525\/revisions"}],"predecessor-version":[{"id":958,"href":"https:\/\/llp.cz\/ferove-vysetrovani\/wp-json\/wp\/v2\/pages\/525\/revisions\/958"}],"wp:attachment":[{"href":"https:\/\/llp.cz\/ferove-vysetrovani\/wp-json\/wp\/v2\/media?parent=525"}],"curies":[{"name":"wp","href":"https:\/\/api.w.org\/{rel}","templated":true}]}}