{"id":523,"date":"2017-03-16T11:50:47","date_gmt":"2017-03-16T10:50:47","guid":{"rendered":"http:\/\/llp.cz\/ferove-vysetrovani\/?page_id=523"},"modified":"2017-03-28T00:09:56","modified_gmt":"2017-03-27T22:09:56","slug":"omezeni-osobni-svobody","status":"publish","type":"page","link":"https:\/\/llp.cz\/ferove-vysetrovani\/omezeni-osobni-svobody\/","title":{"rendered":"Omezen\u00ed osobn\u00ed svobody"},"content":{"rendered":"<p>[et_pb_section fb_built=&#8220;1&#8243; transparent_background=&#8220;on&#8220; custom_padding=&#8220;50px||0px|&#8220; padding_mobile=&#8220;off&#8220; admin_label=&#8220;section&#8220; custom_padding_last_edited=&#8220;on|desktop&#8220;][et_pb_row make_fullwidth=&#8220;on&#8220; custom_padding=&#8220;0px|||&#8220; padding_mobile=&#8220;off&#8220; custom_margin=&#8220;0px|||&#8220; background_color=&#8220;#edf000&#8243; column_padding_mobile=&#8220;on&#8220; background_color_1=&#8220;#edf000&#8243; background_color_2=&#8220;#edf000&#8243; padding_top_2=&#8220; &#8220; padding_right_2=&#8220; &#8220; padding_bottom_2=&#8220; &#8220; padding_left_2=&#8220;20px&#8220; admin_label=&#8220;row&#8220; module_id=&#8220;policista-versus-straznik&#8220;][et_pb_column type=&#8220;2_3&#8243; background_color=&#8220;#edf000&#8243; parallax=&#8220;off&#8220; parallax_method=&#8220;on&#8220; column_padding_mobile=&#8220;on&#8220;][et_pb_text admin_label=&#8220;Text&#8220; custom_margin=&#8220;0px|0px|0px|0px&#8220; custom_padding=&#8220;50px|50px|50px|50px&#8220;]<\/p>\n<h1>OMEZEN\u00cd OSOBN\u00cd SVOBODY<\/h1>\n<h4 style=\"margin: 6pt 0cm;padding-top: 10px;padding-bottom: 16px;font-size: 18px;color: #444444;font-family: OpenSansSemibold, sans-serif\"><em>aneb kdy v\u00e1s policista m\u016f\u017ee zadr\u017eet<\/em><\/h4>\n<p>Osobn\u00ed svoboda p\u0159edstavuje jedno ze z\u00e1kladn\u00edch lidsky\u0301ch pr\u00e1v, a proto je jej\u00ed<br \/>\nochrana zaru\u010dena na \u00fastavn\u00ed \u00farovni, v p\u0159\u00edpad\u011b \u010cesk\u00e9 republiky \u010dl. 8 Listiny z\u00e1kladn\u00edch<br \/>\npr\u00e1v a svobod. Osobn\u00ed svoboda je chr\u00e1n\u011bna i mnohy\u0301mi v \u010cR pr\u00e1vn\u011b z\u00e1vazny\u0301mi mezin\u00e1rodn\u00edmi<br \/>\ndokumenty, zejm\u00e9na \u010dl. 5 \u00damluvy o ochran\u011b lidsky\u0301ch pr\u00e1v a z\u00e1kladn\u00edch svobod,<br \/>\npodle kter\u00e9 rozhoduje Evropsky\u0301 soud pro lidsk\u00e1 pr\u00e1va ve \u0160trasburku.<\/p>\n<p>Pokud tedy dojde k omezen\u00ed va\u0161\u00ed osobn\u00ed svobody, p\u0159edstavuje to <strong>podstatny\u0301 z\u00e1sah<\/strong><br \/>\n<strong>do va\u0161ich lidsky\u0301ch pr\u00e1v.<\/strong> Proto je nutn\u00e9, aby p\u0159i n\u011bm byla dodr\u017eena v\u0161echna \u00fastavn\u00ed i z\u00e1konn\u00e1<br \/>\nustanoven\u00ed. Jednak zde v\u016fbec mus\u00ed by\u0301t podm\u00ednky pro jeho proveden\u00ed, jednak<br \/>\np\u0159i n\u011bm samoz\u0159ejm\u011b jako v\u017edy v policejn\u00ed \u010dinnosti mus\u00ed by\u0301t dodr\u017eena z\u00e1sada p\u0159im\u011b\u0159enosti.<\/p>\n<p>Do va\u0161ich pr\u00e1v by pak podle situace <strong>m\u011blo by\u0301t zasa\u017eeno s co nejmen\u0161\u00ed intenzitou<\/strong> a co <strong>nejhum\u00e1nn\u011bji.<\/strong> Bohu\u017eel v praxi se m\u016f\u017eeme setkat s p\u0159\u00edpady, kdy ze strany policejn\u00edch<br \/>\norg\u00e1n\u016f nen\u00ed respektov\u00e1no to, co jsme pr\u00e1v\u011b zm\u00ednili.<\/p>\n<p>[\/et_pb_text][\/et_pb_column][et_pb_column type=&#8220;1_3&#8243; background_color=&#8220;#edf000&#8243; padding_bottom=&#8220; &#8220; padding_left=&#8220;20px&#8220; padding_right=&#8220; &#8220; padding_top=&#8220; &#8220; parallax=&#8220;off&#8220; parallax_method=&#8220;on&#8220; column_padding_mobile=&#8220;on&#8220;][et_pb_divider height=&#8220;10&#8243; admin_label=&#8220;Odd\u011blova\u010d&#8220;][\/et_pb_divider][et_pb_sidebar area=&#8220;et_pb_widget_area_6&#8243; admin_label=&#8220;Postrann\u00ed panel&#8220; body_font=&#8220;Open Sans Light||on||on&#8220; body_font_size=&#8220;22px&#8220; body_text_color=&#8220;#000000&#8243;][\/et_pb_sidebar][\/et_pb_column][\/et_pb_row][et_pb_row make_fullwidth=&#8220;on&#8220; custom_padding=&#8220;20px|50px|15px|50px&#8220; custom_margin=&#8220;50px|||&#8220; background_color=&#8220;#edf000&#8243; column_padding_mobile=&#8220;on&#8220; admin_label=&#8220;row&#8220; module_id=&#8220;zpusoby-omezeni-svobody&#8220;][et_pb_column type=&#8220;4_4&#8243; parallax=&#8220;off&#8220; parallax_method=&#8220;on&#8220; column_padding_mobile=&#8220;on&#8220;][et_pb_text admin_label=&#8220;Text&#8220; custom_margin=&#8220;|||&#8220; custom_padding=&#8220;|||&#8220;]<\/p>\n<h1 style=\"text-align: left\">ZP\u016eSOBY OMEZEN\u00cd OSOBN\u00cd SVOBODY<\/h1>\n<p>[\/et_pb_text][\/et_pb_column][\/et_pb_row][et_pb_row make_fullwidth=&#8220;on&#8220; custom_padding=&#8220;|50px|50px|50px&#8220; custom_margin=&#8220;|||&#8220; background_color=&#8220;#ffffff&#8220; column_padding_mobile=&#8220;on&#8220; admin_label=&#8220;row&#8220;][et_pb_column type=&#8220;1_2&#8243; parallax=&#8220;off&#8220; parallax_method=&#8220;on&#8220; column_padding_mobile=&#8220;on&#8220;][et_pb_text admin_label=&#8220;Text&#8220; custom_padding=&#8220;25px|||&#8220;]<\/p>\n<p><span style=\"font-family: OpenSansSemibold, sans-serif\">Policist\u00e9<\/span>\u00a0mohou va\u0161i osobn\u00ed svobodu omezit n\u011bkolika zp\u016fsoby:<\/p>\n<p>[\/et_pb_text][et_pb_toggle title=&#8220;P\u0159edveden\u00edm na policejn\u00ed stanici&#8220; icon_color=&#8220;#000000&#8243; admin_label=&#8220;P\u0159ep\u00edna\u010d&#8220; title_font_size=&#8220;18&#8243; custom_padding=&#8220;|||&#8220;]<\/p>\n<p>P\u0159edveden\u00ed se obecn\u011b pou\u017e\u00edv\u00e1 nej\u010dast\u011bji v p\u0159\u00edpadech, kdy v\u00e1s n\u011bjak\u00fd st\u00e1tn\u00ed org\u00e1n <strong>vyzve, abyste se v ur\u010dit\u00fd \u010das dostavili na ur\u010dit\u00e9 m\u00edsto<\/strong> (za ur\u010dit\u00fdm \u00fa\u010delem), a vy <strong>bezd\u016fvodn\u011b a bez omluvy neuposlechnete<\/strong>. Tehdy v\u00e1s tento st\u00e1tn\u00ed org\u00e1n m\u016f\u017ee nechat p\u0159edv\u00e9st, aby zajistil va\u0161i p\u0159\u00edtomnost, kter\u00e1 je k jeho pr\u00e1ci nezbytn\u00e1. Va\u0161e p\u0159edveden\u00ed \u010dasto zaji\u0161\u0165uje Policie \u010cR, p\u0159\u00edpadn\u011b obecn\u00ed policie. Takto policist\u00e9 mohou p\u0159edv\u00e9st t\u0159eba sv\u011bdka, kter\u00fd se vyh\u00fdb\u00e1 sv\u011bdeck\u00e9 v\u00fdpov\u011bdi, k soudu.<\/p>\n<p>Toto plat\u00ed i pro Policii \u010cR jako st\u00e1tn\u00ed org\u00e1n a pro obecn\u00ed policii jako org\u00e1n obce. Pokud tak nap\u0159\u00edklad policie nebo obecn\u00ed policie projedn\u00e1v\u00e1 p\u0159estupek a vyzve v\u00e1s, abyste se dostavili k jedn\u00e1n\u00ed, ale vy se bezd\u016fvodn\u011b nedostav\u00edte, m\u016f\u017ee v\u00e1s nap\u0159\u00ed\u0161t\u011b k jedn\u00e1n\u00ed p\u0159edv\u00e9st. Krom\u011b toho v\u0161ak podle <strong>z\u00e1kona o Policii \u010cR<\/strong> m\u016f\u017eete b\u00fdt na policejn\u00ed stanici p\u0159edvedeni, tak\u00e9 kdy\u017e:<\/p>\n<ul>\n<li>se na v\u00fdzvu policie nedostav\u00edte k <strong>pod\u00e1n\u00ed vysv\u011btlen\u00ed<\/strong>, ani\u017e byste pro to m\u011bli dostate\u010dn\u00fd d\u016fvod,<\/li>\n<li>policista nem\u016f\u017ee <strong>zjistit va\u0161i toto\u017enost<\/strong> na m\u00edst\u011b, kde se zrovna nach\u00e1z\u00edte, (vy ji nechcete nebo nem\u016f\u017eete prok\u00e1zat) a tak v\u00e1s p\u0159edvede k proveden\u00ed \u00fakon\u016f pot\u0159ebn\u00fdch ke zji\u0161t\u011bn\u00ed va\u0161\u00ed toto\u017enosti,<\/li>\n<li>policista pot\u0159ebuje <strong>z\u00edskat n\u011bkter\u00e9 va\u0161e osobn\u00ed \u00fadaje pro budouc\u00ed identifikaci<\/strong> (nap\u0159\u00edklad otisky prst\u016f) a nen\u00ed mo\u017en\u00e9 je z\u00edskat na m\u00edst\u011b.<\/li>\n<\/ul>\n<p>P\u0159edveden\u00ed v\u017edycky mus\u00ed trvat <strong>co nejkrat\u0161\u00ed dobu<\/strong>. Pokud jste p\u0159edvedeni, aby policist\u00e9 zjistili va\u0161i toto\u017enost, m\u016f\u017eete na policii str\u00e1vit maxim\u00e1ln\u011b 24 hodin.<\/p>\n<p>O p\u0159edveden\u00ed se sepisuje \u00fa\u0159edn\u00ed z\u00e1znam.<\/p>\n<p>Uveden\u00e1 pravidla plat\u00ed i pro <strong>obecn\u00ed policii<\/strong>. Jen d\u016fvody pro va\u0161e p\u0159edveden\u00ed se podle z\u00e1kona o obecn\u00ed policii trochu odli\u0161uj\u00ed. Str\u00e1\u017en\u00edk v\u00e1s m\u016f\u017ee p\u0159edv\u00e9st, kdy\u017e:<\/p>\n<ul>\n<li>nevyhov\u00edte jeho \u017e\u00e1dosti, abyste mu podali vysv\u011btlen\u00ed, a to bez dostate\u010dn\u00e9ho d\u016fvodu,<\/li>\n<li>nechcete nebo nem\u016f\u017eete prok\u00e1zat svou toto\u017enost,<\/li>\n<li>pat\u0159\u00edte mezi osoby poh\u0159e\u0161ovan\u00e9 nebo hledan\u00e9 Polici\u00ed \u010cR,<\/li>\n<li>naru\u0161ujete ve\u0159ejn\u00fd po\u0159\u00e1dek, ohro\u017eujete \u017eivot nebo zdrav\u00ed svoje nebo jin\u00fdch osob \u010di ohro\u017eujete majetek &#8211; a nav\u00edc tohoto nezanech\u00e1te ani po v\u00fdzv\u011b str\u00e1\u017en\u00edka, kter\u00fd pak u\u017e nem\u00e1 jinou mo\u017enost, jak v\u00e1m v takov\u00e9m jedn\u00e1n\u00ed zabr\u00e1nit, ne\u017e v\u00e1s p\u0159edv\u00e9st,<\/li>\n<li>o to obecn\u00ed policii po\u017e\u00e1d\u00e1 p\u0159\u00edslu\u0161n\u00fd org\u00e1n obce, pokud se bez omluvy jako sv\u011bdek nebo \u00fa\u010dastn\u00edk \u0159\u00edzen\u00ed nedostav\u00edte k jedn\u00e1n\u00ed p\u0159ed t\u00edmto org\u00e1nem.<\/li>\n<\/ul>\n<p>Str\u00e1\u017en\u00edk v\u00e1s p\u0159edvede bu\u010f na slu\u017eebnu Policie \u010cR (pokud je t\u0159eba zjistit va\u0161i toto\u017enost, pokud pat\u0159\u00edte mezi hledan\u00e9 nebo poh\u0159e\u0161ovan\u00e9 osoby, pokud naru\u0161ujete ve\u0159ejn\u00fd po\u0159\u00e1dek), nebo na sv\u00e9 pracovi\u0161t\u011b (k pod\u00e1n\u00ed vysv\u011btlen\u00ed), p\u0159\u00edpadn\u011b i jinam, nap\u0159\u00edklad k p\u0159estupkov\u00e9 komisi na obecn\u00edm \u00fa\u0159ad\u011b.<\/p>\n<p>[\/et_pb_toggle][et_pb_toggle title=&#8220;P\u0159ipout\u00e1n\u00edm&#8220; icon_color=&#8220;#000000&#8243; admin_label=&#8220;P\u0159ep\u00edna\u010d&#8220; title_font_size=&#8220;18&#8243; body_line_height=&#8220;1.4em&#8220;]<\/p>\n<p>Policista v\u00e1s m\u016f\u017ee p\u0159ipoutat, pokud:<\/p>\n<ul>\n<li><strong>fyzicky napad\u00e1te<\/strong> jeho nebo jinou osobu (tedy ne jen verb\u00e1ln\u011b),<\/li>\n<li><strong>ohro\u017eujete<\/strong> sami sebe,<\/li>\n<li><strong>po\u0161kozujete majetek<\/strong>, nebo<\/li>\n<li>se pokus\u00edte o <strong>\u00fat\u011bk<\/strong>.<\/li>\n<\/ul>\n<p>P\u0159ipout\u00e1ni m\u016f\u017eete b\u00fdt jen tak dlouho, ne\u017e se &#8222;uklidn\u00edte&#8220; a upust\u00edte od sv\u00e9ho p\u016fvodn\u00edho jedn\u00e1n\u00ed, <strong>nejd\u00e9le<\/strong> ale<strong> dv\u011b hodiny<\/strong>. Policista v\u00e1s v\u011bt\u0161inou za pomoc\u00ed pout p\u0159ichyt\u00ed k n\u011bjak\u00e9mu vhodn\u00e9mu p\u0159edm\u011btu, nap\u0159\u00edklad ke vhodn\u00e9 &#8222;trubce&#8220; v m\u00edstnosti. M\u016f\u017ee se tak st\u00e1t na policejn\u00ed stanici, ale i jinde.<\/p>\n<p>Za podobn\u00fdch podm\u00ednek v\u00e1s m\u016f\u017ee p\u0159ipoutat i str\u00e1\u017en\u00edk. Ten v\u00e1s d\u0159\u00edve ne\u017e za dv\u011b hodiny mus\u00ed pustit i tehdy, kdy\u017e v\u00e1s p\u0159ed\u00e1 Policii \u010cR.<\/p>\n<p>[\/et_pb_toggle][et_pb_toggle title=&#8220;Zaji\u0161t\u011bn\u00edm&#8220; icon_color=&#8220;#000000&#8243; admin_label=&#8220;P\u0159ep\u00edna\u010d&#8220; title_font_size=&#8220;18&#8243; body_line_height=&#8220;1.4em&#8220;]<\/p>\n<p>Zajistit v\u00e1s m\u016f\u017ee<strong> jenom policista, nikoliv str\u00e1\u017en\u00edk<\/strong>. Zaji\u0161t\u011bn\u00ed se pou\u017e\u00edv\u00e1 jako prost\u0159edek ke kr\u00e1tkodob\u00e9mu omezen\u00ed va\u0161\u00ed osobn\u00ed svobody, k tomu, aby v\u00e1s policist\u00e9 na n\u011bjakou dobu zastavili a vy jste jim neutekli, kdy\u017e se nejedn\u00e1 o trestn\u00ed \u0159\u00edzen\u00ed. Policista v\u00e1s m\u016f\u017ee zajistit, kdy\u017e:<\/p>\n<ul>\n<li>bezprost\u0159edn\u011b <strong>ohro\u017eujete sv\u016fj \u017eivot, \u017eivot nebo zdrav\u00ed jin\u00fdch osob anebo majetek<\/strong>,<\/li>\n<li><strong>v budov\u011b policie \u00famysln\u011b zne\u010di\u0161\u0165ujete nebo po\u0161kozujete majetek anebo slovn\u011b ur\u00e1\u017e\u00edte policistu nebo n\u011bkoho jin\u00e9ho<\/strong>,<\/li>\n<li>m\u00e1te b\u00fdt<strong> p\u0159edvedeni<\/strong> podle jin\u00e9ho pr\u00e1vn\u00edho p\u0159edpisu,<\/li>\n<li>jste <strong>p\u0159i p\u0159edveden\u00ed kladli odpor<\/strong> nebo se pokusili o \u00fat\u011bk,<\/li>\n<li>jste byli <strong>p\u0159isti\u017eeni p\u0159i jedn\u00e1n\u00ed<\/strong>, kter\u00e9 m\u00e1 znaky <strong>spr\u00e1vn\u00edho deliktu<\/strong> nebo znaky <strong>trestn\u00e9ho \u010dinu, ale vy nejste trestn\u011b odpov\u011bdn\u00ed<\/strong> (nap\u0159\u00edklad jste mlad\u0161\u00ed 15 let), a policista m\u00e1 d\u016fvod se ob\u00e1vat, \u017ee budete v takov\u00e9m protipr\u00e1vn\u00edm jedn\u00e1n\u00ed pokra\u010dovat anebo znemo\u017e\u0148ovat objasn\u011bn\u00ed v\u011bci,<\/li>\n<li>jste <strong>utekli z v\u00fdkonu trestu odn\u011bt\u00ed svobody<\/strong>, z v\u00fdkonu ochrann\u00e9ho l\u00e9\u010den\u00ed, \u00fastavn\u00ed v\u00fdchovy, p\u0159edb\u011b\u017en\u00e9ho opat\u0159ebn\u00ed nebo ochrann\u00e9 v\u00fdchovy anebo ze zabezpe\u010dovac\u00ed detence, nebo<\/li>\n<li>jste <strong>nezletil\u00ed<\/strong> a je to nezbytn\u00e9 pro to, aby v\u00e1s <strong>navr\u00e1tili do p\u00e9\u010de rodi\u010d\u016f<\/strong> nebo jin\u00fdch z\u00e1konn\u00fdch z\u00e1stupc\u016f.<\/li>\n<\/ul>\n<p>Policista v\u00e1s mus\u00ed propustit hned, jakmile pominou d\u016fvody k va\u0161emu zaji\u0161t\u011bn\u00ed, maxim\u00e1ln\u011b po <strong>24 hodin\u00e1ch<\/strong>. B\u011bhem zaji\u0161t\u011bn\u00ed v\u00e1s mohou um\u00edstit i do policejn\u00ed cely.<\/p>\n<p>[\/et_pb_toggle][et_pb_toggle title=&#8220;Zadr\u017een\u00edm&#8220; icon_color=&#8220;#000000&#8243; admin_label=&#8220;P\u0159ep\u00edna\u010d&#8220; title_font_size=&#8220;18&#8243; body_line_height=&#8220;1.4em&#8220;]<\/p>\n<p>Zadr\u017een\u00ed pat\u0159\u00ed mezi \u00fakony<strong> trestn\u00edho \u0159\u00edzen\u00ed<\/strong> a m\u016f\u017ee ho prov\u00e9st<strong> jenom policista<\/strong>. Navazuje na n\u011bj rozhodnut\u00ed o tom, jestli budete jako obvin\u011bn\u00ed z trestn\u00e9ho \u010dinu vzati do <strong>vazby<\/strong> nebo ne.<\/p>\n<p>Policista v\u00e1s m\u016f\u017ee zadr\u017eet, jenom pokud:<\/p>\n<ul>\n<li>jste<strong> obvin\u011bn\u00ed ze sp\u00e1ch\u00e1n\u00ed konkr\u00e9tn\u00edho trestn\u00e9ho \u010dinu<\/strong>, tedy u\u017e proti v\u00e1m bylo zah\u00e1jeno trestn\u00ed st\u00edh\u00e1n\u00ed, nebo<\/li>\n<li>jste <strong>podez\u0159el\u00ed ze sp\u00e1ch\u00e1n\u00ed trestn\u00e9ho \u010dinu<\/strong>, i kdy\u017e jste je\u0161t\u011b nebyli ofici\u00e1ln\u011b obvin\u011bn\u00ed, a va\u0161e <strong>zadr\u017een\u00ed je nal\u00e9hav\u00e9<\/strong> (nap\u0159\u00edklad pokud jste byli p\u0159isti\u017eeni p\u0159i sp\u00e1ch\u00e1n\u00ed trestn\u00e9ho \u010dinu).<\/li>\n<\/ul>\n<p>V obou p\u0159\u00edpadech m\u016f\u017eete b\u00fdt zadr\u017eeni jen za podm\u00ednky, \u017ee<strong> existuj\u00ed d\u016fvody, pro kter\u00e9 byste mohli b\u00fdt vzati do vazby<\/strong>. To znamen\u00e1, \u017ee mus\u00ed hrozit, \u017ee:<\/p>\n<ul>\n<li><strong>uprchnete<\/strong> nebo se budete skr\u00fdvat, abyste se vyhnuli trestn\u00edmu st\u00edh\u00e1n\u00ed,<\/li>\n<li>budete p\u016fsobit na dosud nevyslechnut\u00e9 sv\u011bdky nebo jin\u00e9 obvin\u011bn\u00e9 nebo jinak <strong>ma\u0159it objas\u0148ov\u00e1n\u00ed podstatn\u00fdch skute\u010dnost\u00ed<\/strong>, nebo<\/li>\n<li>budete <strong>opakovat trestnou \u010dinnost<\/strong>, ze kter\u00e9 jste podez\u0159el\u00ed nebo obvin\u011bn\u00ed, p\u0159\u00edpadn\u011b \u017ee dokon\u010d\u00edte trestn\u00fd \u010din, o kter\u00fd jste se pokusili nebo kter\u00fd jste p\u0159ipravovali.<\/li>\n<\/ul>\n<p>Va\u0161e zadr\u017een\u00ed mus\u00ed policist\u00e9 <strong>ozn\u00e1mit st\u00e1tn\u00edmu z\u00e1stupci<\/strong>. V\u00e1s jako zadr\u017een\u00e9ho vyslechnou a potom sep\u00ed\u0161\u00ed protokol o va\u0161em zadr\u017een\u00ed, kter\u00fd pak i s dal\u0161\u00edmi podklady p\u0159edaj\u00ed st\u00e1tn\u00edmu z\u00e1stupci. Na z\u00e1klad\u011b t\u011bchto materi\u00e1l\u016f st\u00e1tn\u00ed z\u00e1stupce p\u0159iprav\u00ed <strong>n\u00e1vrh na va\u0161e vzet\u00ed do vazby<\/strong>, kter\u00fd p\u0159ed\u00e1 soudu. Pokud jste je\u0161t\u011b nebyli form\u00e1ln\u011b obvin\u011bni z trestn\u00e9ho \u010dinu, policist\u00e9 tak u\u010din\u00ed a usnesen\u00ed o zah\u00e1jen\u00ed trestn\u00edho st\u00edh\u00e1n\u00ed (tedy o va\u0161em obvin\u011bn\u00ed) p\u0159edaj\u00ed st\u00e1tn\u00edmu z\u00e1stupci spolu s ji\u017e zm\u00edn\u011bn\u00fdmi materi\u00e1ly.<\/p>\n<p>Va\u0161e zadr\u017een\u00ed m\u016f\u017ee<strong> trvat maxim\u00e1ln\u011b 48 hodin<\/strong>. Po\u010d\u00edt\u00e1 se od okam\u017eiku, kdy byla va\u0161e osobn\u00ed svoboda omezena fakticky (nap\u0159\u00edklad p\u0159i z\u00e1sahu policie, ne a\u017e od n\u00e1sledn\u00e9ho seps\u00e1n\u00ed protokolu o zadr\u017een\u00ed na policejn\u00ed stanici). Po uplynut\u00ed uveden\u00e9 lh\u016fty v\u00e1s policie nebo st\u00e1tn\u00ed z\u00e1stupce mus\u00ed <strong>bu\u010f propustit na svobodu, nebo p\u0159edat soudu<\/strong>.<\/p>\n<p><strong>Soudce<\/strong>, kter\u00fd rozhoduje o n\u00e1vrhu na vzet\u00ed vazby, v\u00e1s pot\u00e9 mus\u00ed vyslechnout a o n\u00e1vrhu st\u00e1tn\u00edho z\u00e1stupce mus\u00ed rozhodnout <strong>do 24 hodin<\/strong> od toho, kdy mu byl n\u00e1vrh doru\u010den. Soudce rozhodne, \u017ee v\u00e1s propou\u0161t\u00ed na svobodu, nebo \u017ee p\u016fjdete do vazby. Abyste mohli b\u00fdt vzati do vazby, mus\u00ed b\u00fdt spln\u011bny v\u0161echny podm\u00ednky, kter\u00e9 z\u00e1kon pro takov\u00e9 dlouhodob\u00e9 omezen\u00ed osobn\u00ed svobody stanovuje. Soudce v\u00e1s a\u017e na v\u00fdjimky nem\u016f\u017ee vz\u00edt do vazby, pokud jste obvin\u011bni ze sp\u00e1ch\u00e1n\u00ed &#8222;jen&#8220; drobn\u011bj\u0161\u00edho trestn\u00e9ho \u010dinu (nedbalostn\u00edho trestn\u00e9ho \u010dinu, za kter\u00fd hroz\u00ed maxim\u00e1ln\u011b trest 3 roky odn\u011bt\u00ed svobody, nebo \u00famysln\u00e9ho trestn\u00e9ho \u010dinu, za kter\u00fd hroz\u00ed maxim\u00e1ln\u00ed trest 2 roky odn\u011bt\u00ed svobody).<\/p>\n<p>P\u0159i p\u0159ekro\u010den\u00ed uveden\u00fdch lh\u016ft mus\u00edte b\u00fdt propu\u0161t\u011bni na svobodu, nem\u016f\u017eete b\u00fdt vzati do vazby.<\/p>\n<p>Pokud byste byli <strong>p\u0159isti\u017eeni p\u0159\u00edmo p\u0159i p\u00e1ch\u00e1n\u00ed trestn\u00e9ho \u010dinu<\/strong> nebo bezprost\u0159edn\u011b pot\u00e9, mohl by <strong>va\u0161i osobn\u00ed svobodu omezit kdokoli<\/strong>. Ale to jen za podm\u00ednky, \u017ee by to bylo nutn\u00e9 pro zji\u0161t\u011bn\u00ed va\u0161\u00ed toto\u017enosti, pro zabr\u00e1n\u011bn\u00ed va\u0161emu \u00fat\u011bku nebo pro zaji\u0161t\u011bn\u00ed d\u016fkaz\u016f. V takov\u00fdch p\u0159\u00edpadech by tedy mohl jednat <strong>i str\u00e1\u017en\u00edk<\/strong>. V ka\u017ed\u00e9m p\u0159\u00edpad\u011b by ale bylo nutn\u00e9 co nejrychleji informovat Policii \u010cR, aby si v\u00e1s p\u0159evzala.<\/p>\n<p>[\/et_pb_toggle][et_pb_toggle title=&#8220;Zat\u010den\u00edm&#8220; icon_color=&#8220;#000000&#8243; admin_label=&#8220;P\u0159ep\u00edna\u010d&#8220; title_font_size=&#8220;18&#8243; body_line_height=&#8220;1.4em&#8220;]<\/p>\n<p>Zat\u010den\u00ed pat\u0159\u00ed mezi \u00fakony <strong>trestn\u00edho \u0159\u00edzen\u00ed<\/strong>, podobn\u011b jako zadr\u017een\u00ed. Zatknout v\u00e1s m\u016f\u017ee<strong> jenom policie<\/strong>, a jenom pokud soud vyd\u00e1<strong> p\u0159\u00edkaz k zat\u010den\u00ed<\/strong>. P\u0159\u00edkaz obsahuje mimo jin\u00e9 bli\u017e\u0161\u00ed podrobnosti o va\u0161\u00ed osob\u011b, aby v\u00e1s policie mohla naj\u00edt a poznat (a nespl\u00e9st si v\u00e1s s n\u011bk\u00fdm jin\u00fdm), i stru\u010dn\u00fd popis \u010dinu, kter\u00fd jste \u00fadajn\u011b sp\u00e1chali. Soud rozhoduje na n\u00e1vrh st\u00e1tn\u00edho z\u00e1stupce nebo ze sv\u00e9ho vlastn\u00edho podn\u011btu (pokud u\u017e prob\u00edh\u00e1 \u0159\u00edzen\u00ed p\u0159ed soudem). Zat\u010deni m\u016f\u017eete b\u00fdt, pouze pokud:<\/p>\n<ul>\n<li>jste <strong>obvin\u011bni z trestn\u00e9ho \u010dinu<\/strong>, tedy ji\u017e bylo zah\u00e1jeno trestn\u00ed st\u00edh\u00e1n\u00ed,<\/li>\n<li>existuje <strong>d\u016fvod<\/strong>, pro kter\u00fd m\u016f\u017eete b\u00fdt <strong>vzati do vazby<\/strong> (bl\u00ed\u017ee viz zadr\u017een\u00ed), a<\/li>\n<li><strong>nelze<\/strong> v\u00e1s jako obvin\u011bn\u00e9ho p\u0159edvolat, p\u0159edv\u00e9st ani zadr\u017eet a tak zajistit, aby v\u00e1s org\u00e1ny \u010dinn\u00e9 v trestn\u00edm \u0159\u00edzen\u00ed mohly <strong>vyslechnout<\/strong>.<\/li>\n<\/ul>\n<p>Jinak se zat\u010den\u00ed podob\u00e1 zadr\u017een\u00ed. Podstatn\u00fd rozd\u00edl je v tom, \u017ee policie v\u00e1s mus\u00ed p\u0159edat soudu nejpozd\u011bji u\u017e <strong>do 24 hodin <\/strong>od zat\u010den\u00ed (ne do 48 hodin jako p\u0159i zadr\u017een\u00ed). Soudce v\u00e1s potom vyslechne a do 24 hodin od okam\u017eiku, kdy v\u00e1s policie dopravila na m\u00edsto v\u00fdslechu, rozhodne o vazb\u011b. Bu\u010f v\u00e1s propust\u00ed na svobodu, nebo v\u00e1s vezme do vazby.<\/p>\n<p>P\u0159i p\u0159ekro\u010den\u00ed uveden\u00fdch lh\u016ft mus\u00edte b\u00fdt propu\u0161t\u011bni na svobodu, nem\u016f\u017eete b\u00fdt vzati do vazby.<\/p>\n<p>[\/et_pb_toggle][\/et_pb_column][et_pb_column type=&#8220;1_2&#8243; parallax=&#8220;off&#8220; parallax_method=&#8220;on&#8220; column_padding_mobile=&#8220;on&#8220;][et_pb_text admin_label=&#8220;Text&#8220; custom_padding=&#8220;25px|||&#8220;]<\/p>\n<p>Naopak str\u00e1\u017en\u00edci v\u00e1s mohou jenom p\u0159edv\u00e9st na policejn\u00ed stanici a p\u0159ipoutat; <strong>zajistit, zadr\u017eet ani zatknout v\u00e1s nemohou.<\/strong><\/p>\n<p>Zat\u00edmco p\u0159edveden\u00ed, p\u0159ipout\u00e1n\u00ed a zaji\u0161t\u011bn\u00ed jsou upraveny z\u00e1konem o Policii \u010cR, respektive z\u00e1konem o obecn\u00ed policii; zadr\u017een\u00ed i zat\u010den\u00ed spadaj\u00ed do trestn\u00edho \u0159\u00edzen\u00ed, a tak jsou upraveny v trestn\u00edm \u0159\u00e1du.<\/p>\n<p>Omezen\u00ed va\u0161\u00ed osobn\u00ed svobody, a\u0165 u\u017e k n\u011bmu doch\u00e1z\u00ed jakkoli, v\u017edycky p\u0159edstavuje v\u00fdznamn\u00fd z\u00e1sah do va\u0161\u00ed osobnosti a do va\u0161ich z\u00e1kladn\u00edch pr\u00e1v a svobod. Proto p\u0159i n\u011bm policist\u00e9 i str\u00e1\u017en\u00edci mus\u00ed striktn\u011b dodr\u017eovat <strong>pravidla<\/strong>, kter\u00e1 jim stanovuj\u00ed jak \u00fastavn\u00ed p\u0159edpisy, tak z\u00e1kony. Tato pravidla se \u010dasto t\u00fdkaj\u00ed:<\/p>\n<ul>\n<li><strong>d\u016fvod\u016f<\/strong>, pro kter\u00e9 je mo\u017en\u00e9 va\u0161i osobn\u00ed svobodu omezit,<\/li>\n<\/ul>\n<ul>\n<li><strong>doby<\/strong>, po kterou je mo\u017en\u00e9 ji omezit,<\/li>\n<\/ul>\n<ul>\n<li><strong>dal\u0161\u00edch podm\u00ednek<\/strong> pro pr\u016fb\u011bh omezen\u00ed va\u0161\u00ed osobn\u00ed svobody.<\/li>\n<\/ul>\n<p>Za v\u0161ech okolnost\u00ed je <strong>zak\u00e1z\u00e1no, abyste byli mu\u010deni<\/strong> nebo vystaveni krut\u00e9mu, nelidsk\u00e9mu \u010di poni\u017euj\u00edc\u00edmu zach\u00e1zen\u00ed.<\/p>\n<p>[\/et_pb_text][et_pb_button button_url=&#8220;#policista-versus-straznik&#8220; button_text=&#8220;zp\u011bt na za\u010d\u00e1tek&#8220; button_alignment=&#8220;center&#8220; admin_label=&#8220;Tla\u010d\u00edtko&#8220; custom_button=&#8220;on&#8220; button_use_icon=&#8220;on&#8220; button_icon=&#8220;d&#8220; custom_css_main_element=&#8220;||margin-bottom: -10px;&#8220; background_color=&#8220;#eeee22&#8243;][\/et_pb_button][\/et_pb_column][\/et_pb_row][et_pb_row make_fullwidth=&#8220;on&#8220; custom_padding=&#8220;20px|50px|15px|50px&#8220; custom_margin=&#8220;50px||0px|&#8220; background_color=&#8220;#edf000&#8243; column_padding_mobile=&#8220;on&#8220; admin_label=&#8220;row&#8220; module_id=&#8220;prava-osoby-omezene-na-svobode&#8220;][et_pb_column type=&#8220;4_4&#8243; parallax=&#8220;off&#8220; parallax_method=&#8220;on&#8220; column_padding_mobile=&#8220;on&#8220;][et_pb_text admin_label=&#8220;Text&#8220; custom_margin=&#8220;|||&#8220; custom_padding=&#8220;|||&#8220;]<\/p>\n<h1 style=\"text-align: left\">PR\u00c1VA OSOBY OMEZEN\u00c9 NA SVOBOD\u011a<\/h1>\n<p>[\/et_pb_text][\/et_pb_column][\/et_pb_row][et_pb_row make_fullwidth=&#8220;on&#8220; custom_padding=&#8220;|50px|50px|50px&#8220; padding_mobile=&#8220;off&#8220; custom_margin=&#8220;|||&#8220; background_color=&#8220;#ffffff&#8220; column_padding_mobile=&#8220;on&#8220; admin_label=&#8220;row&#8220;][et_pb_column type=&#8220;1_2&#8243; parallax=&#8220;off&#8220; parallax_method=&#8220;on&#8220; column_padding_mobile=&#8220;on&#8220;][et_pb_text admin_label=&#8220;Text&#8220; custom_padding=&#8220;25px|||&#8220;]<\/p>\n<p>A\u0165 u\u017e je va\u0161e osobn\u00ed svoboda omezena jak\u00fdmkoli zp\u016fsobem &#8211; p\u0159ipout\u00e1n\u00edm, p\u0159edveden\u00edm, zaji\u0161t\u011bn\u00edm, zadr\u017een\u00edm nebo zat\u010den\u00edm &#8211; po\u0159\u00e1d z\u016fst\u00e1v\u00e1te lidskou bytost\u00ed a takto s v\u00e1mi mus\u00ed policist\u00e9 taky zach\u00e1zet. Nav\u00edc pokud jste podez\u0159el\u00ed nebo dokonce u\u017e obvin\u011bn\u00ed ze sp\u00e1ch\u00e1n\u00ed n\u011bjak\u00e9ho trestn\u00e9ho \u010dinu (nebo i p\u0159estupku), tak plat\u00ed presumpce va\u0161\u00ed neviny a vy mus\u00edte m\u00edt mo\u017enost br\u00e1nit se takov\u00e9mu na\u0159\u010den\u00ed a postupu policie. Proto v\u00e1m pr\u00e1vn\u00ed \u0159\u00e1d p\u0159izn\u00e1v\u00e1 n\u011bkter\u00e1 specifick\u00e1 pr\u00e1va v p\u0159\u00edpad\u011b, kdy je omezena va\u0161e osobn\u00ed svoboda. Samoz\u0159ejm\u011b ale i v takov\u00e9 situaci st\u00e1le plat\u00ed v\u0161echna z\u00e1kladn\u00ed pr\u00e1va, kter\u00e1 jinak v\u016f\u010di policist\u016fm m\u00e1te, respektive\u00a0<a style=\"color: #01abdf\" href=\"http:\/\/www.ferovapolicie.cz\/policista-versus-straznik-32\/zakladni-povinnosti-policistu-a-strazniku-2485.html\">z\u00e1kladn\u00ed povinnosti<\/a>, kter\u00e9 oni mus\u00ed dodr\u017eovat.<\/p>\n<p><strong>Pr\u00e1vo informovat bl\u00edzkou osobu<\/strong><\/p>\n<p>Pokud jste byli omezeni na osobn\u00ed svobod\u011b (policist\u00e9 si v\u00e1s odvezli na stanici), tak p\u0159edn\u011b m\u00e1te pr\u00e1vo informovat o t\u00e9to skute\u010dnosti sv\u00e9 bl\u00edzk\u00e9. M\u016f\u017eete si vybrat alespo\u0148 jednu osobu, kterou policie na va\u0161i \u017e\u00e1dost zkontaktuje a ozn\u00e1m\u00ed j\u00ed situaci. Nem\u00e1te ov\u0161em pr\u00e1vo mluvit s touto osobou sami, p\u0159\u00edmo. Policist\u00e9 v\u00e1m to sice mohou dovolit, ale podle z\u00e1kona sta\u010d\u00ed, kdy\u017e tuto osobu informuj\u00ed oni sami.<\/p>\n<p>Nav\u00edc pokud by hrozilo, \u017ee by takov\u00e9 vyrozum\u011bn\u00ed osoby, kterou si vyberete, mohlo zhatit \u00fa\u010del jin\u00e9ho d\u016fle\u017eit\u00e9ho \u00fakolu policie (nap\u0159\u00edklad pokud by hrozilo, \u017ee takto chcete varovat sv\u00e9ho komplice v trestn\u00e9m \u010dinu), anebo pokud by se takov\u00e9 vyrozum\u011bn\u00ed uk\u00e1zalo b\u00fdt nep\u0159im\u011b\u0159en\u011b obt\u00ed\u017en\u00fdm, tak v\u00e1m policist\u00e9 nemus\u00ed vyhov\u011bt a zkontaktovat v\u00e1mi zvolenou osobu hned. Tuto osobu ale mus\u00ed vyrozum\u011bt ihned, jakmile jim v tom n\u011bkter\u00e1 ze zm\u00edn\u011bn\u00fdch p\u0159ek\u00e1\u017eek u\u017e nebr\u00e1n\u00ed.<\/p>\n<p>Pokud byste<strong>\u00a0<\/strong><span style=\"font-family: OpenSansSemibold, sans-serif\"><strong>nem\u011bli plnou pr\u00e1vn\u00ed zp\u016fsobilost<\/strong>\u00a0<\/span>(tedy pokud byste byli nezletil\u00ed, zbaven\u00ed pr\u00e1vn\u00ed zp\u016fsobilosti nebo omezen\u00ed na pr\u00e1vn\u00ed zp\u016fsobilosti), tak by policist\u00e9 museli o omezen\u00ed va\u0161\u00ed osobn\u00ed svobody povinn\u011b informovat i va\u0161eho z\u00e1konn\u00e9ho z\u00e1stupce. Pokud byste byli dokonce mlad\u0161\u00ed 15 let, policist\u00e9 by museli vyrozum\u011bt i org\u00e1n soci\u00e1ln\u011b pr\u00e1vn\u00ed ochrany d\u011bt\u00ed (OSPOD).<\/p>\n<p><strong>Z\u00e1kaz mu\u010den\u00ed<\/strong><\/p>\n<p>Jak u\u017e bylo zm\u00edn\u011bno v\u00fd\u0161e, v \u017e\u00e1dn\u00e9m p\u0159\u00edpad\u011b v\u00e1s policist\u00e9 &#8211; ani nikdo jin\u00fd s jejich v\u011bdom\u00edm nebo pod jejich dohledem &#8211;\u00a0<strong><span style=\"font-family: OpenSansSemibold, sans-serif\">nesm\u00ed mu\u010dit ani s v\u00e1mi zach\u00e1zet krut\u00fdm, nelidsk\u00fdm nebo poni\u017euj\u00edc\u00edm zp\u016fsobem<\/span><\/strong>. Naopak pokud by se policist\u00e9 o n\u011b\u010dem takov\u00e9m dozv\u011bd\u011bli, museli by to ihned ozn\u00e1mit sv\u00e9mu nad\u0159\u00edzen\u00e9mu a sna\u017eit se zabr\u00e1nit takov\u00e9mu zach\u00e1zen\u00ed s va\u0161\u00ed osobou.<\/p>\n<p>Uveden\u00e9 typy jedn\u00e1n\u00ed se li\u0161\u00ed svou intenzitou a m\u00edrou, kterou zasahuj\u00ed do va\u0161\u00ed d\u016fstojnosti. Zahrnuj\u00ed jak fyzick\u00e9 n\u00e1sil\u00ed, tak i psychick\u00fd n\u00e1tlak nebo utrpen\u00ed, a to v\u010detn\u011b va\u0161eho zesm\u011b\u0161n\u011bn\u00ed. Z praxe jsou zn\u00e1m\u00e9 nap\u0159\u00edklad bit\u00ed, nad\u00e1vky, pozorov\u00e1n\u00ed nah\u00e9 osoby p\u0159i osobn\u00ed prohl\u00eddce a pron\u00e1\u0161en\u00ed neslu\u0161n\u00fdch pozn\u00e1mek, atd.<\/p>\n<h1 style=\"background-color: #ffffff\"><\/h1>\n<p>[\/et_pb_text][\/et_pb_column][et_pb_column type=&#8220;1_2&#8243; parallax=&#8220;off&#8220; parallax_method=&#8220;on&#8220; column_padding_mobile=&#8220;on&#8220;][et_pb_text admin_label=&#8220;Text&#8220; custom_padding=&#8220;25px|||&#8220;]<\/p>\n<p><strong>Pr\u00e1vo na pr\u00e1vn\u00ed pomoc<\/strong><\/p>\n<p>Kdy\u017e je va\u0161e osobn\u00ed svoboda omezena, m\u00e1te pr\u00e1vo zajistit si<span style=\"font-family: OpenSansSemibold, sans-serif\">\u00a0na vlastn\u00ed n\u00e1klady<\/span>\u00a0pr\u00e1vn\u00ed pomoc. Policist\u00e9 nejsou povinni v\u00e1m sami obstarat pr\u00e1vn\u00edho z\u00e1stupce. Maj\u00ed ale povinnost poskytnout v\u00e1m sou\u010dinnost, pokud se rozhodnete sv\u00e9ho pr\u00e1va vyu\u017e\u00edt. To znamen\u00e1, \u017ee v\u00e1m kup\u0159\u00edkladu umo\u017en\u00ed zkontaktovat n\u011bjak\u00e9ho pr\u00e1vn\u00edka (nebo i nepr\u00e1vn\u00edka, kter\u00fd v\u00e1m ale m\u016f\u017ee pr\u00e1vn\u011b pomoci), p\u0159\u00edpadn\u011b \u017ee ho zkontaktuj\u00ed oni sami.<\/p>\n<p>Kdy\u017e si vyberete sv\u00e9ho &#8222;pr\u00e1vn\u00edho r\u00e1dce&#8220;, m\u00e1te v ka\u017ed\u00e9m p\u0159\u00edpad\u011b tak\u00e9 pr\u00e1vo\u00a0<span style=\"font-family: OpenSansSemibold, sans-serif\">mluvit s n\u00edm<strong> bez p\u0159\u00edtomnosti t\u0159et\u00ed osoby<\/strong><\/span>. I v tomto by v\u00e1m policist\u00e9 m\u011bli vyj\u00edt vst\u0159\u00edc a nechat v\u00e1s se zvolenou osobou o samot\u011b. Policist\u00e9 v\u00e1s v t\u00e9to situaci nesm\u00ed nijak sledovat ani odposlouch\u00e1vat apod.<\/p>\n<p><strong>Pr\u00e1vo na l\u00e9ka\u0159skou pomoc<\/strong><\/p>\n<p>B\u011bhem omezen\u00ed osobn\u00ed svobody m\u00e1te pr\u00e1vo i na p\u0159\u00edstup k l\u00e9ka\u0159i. M\u016f\u017eete dokonce po\u017eadovat, abyste v\u00e1s vy\u0161et\u0159il nebo o\u0161et\u0159il\u00a0<strong><span style=\"font-family: OpenSansSemibold, sans-serif\">l\u00e9ka\u0159, kter\u00e9ho si sami zvol\u00edte<\/span><\/strong>.\u00a0 Policist\u00e9 v\u00e1m potom mus\u00ed umo\u017enit p\u0159\u00edstup k vybran\u00e9mu l\u00e9ka\u0159i.<\/p>\n<p>Toto pr\u00e1vo m\u016f\u017ee b\u00fdt zvl\u00e1\u0161t\u011b d\u016fle\u017eit\u00e9 v p\u0159\u00edpadech, kdy hroz\u00ed, \u017ee b\u011bhem pobytu na policejn\u00ed stanici dojde ke<strong>\u00a0<span style=\"font-family: OpenSansSemibold, sans-serif\">zhor\u0161en\u00ed va\u0161eho zdravotn\u00edho stavu<\/span><\/strong>. Kdy\u017e se nech\u00e1te vy\u0161et\u0159it p\u0159i p\u0159\u00edchodu na stanici i po odchodu z n\u00ed, m\u016f\u017eete m\u00edt\u00a0<strong><span style=\"font-family: OpenSansSemibold, sans-serif\">jasn\u00fd d\u016fkaz<\/span><\/strong>, \u017ee na policejn\u00ed stanici s v\u00e1mi zach\u00e1zeli nez\u00e1konn\u00fdm zp\u016fsobem. Pokud byste m\u011bli d\u016fkaz, \u017ee jste ke sv\u00e9mu zran\u011bn\u00ed nebo jin\u00e9mu po\u0161kozen\u00ed zdrav\u00ed p\u0159i\u0161li b\u011bhem pobytu na policejn\u00ed stanici, bylo by potom na policii sam\u00e9, aby prok\u00e1zala, \u017ee s v\u00e1mi zach\u00e1zela v souladu se z\u00e1konem a sv\u00e9 povinnosti neporu\u0161ila.<\/p>\n<p>V n\u011bkter\u00fdch p\u0159\u00edpadech v\u00e1s m\u016f\u017ee nechat l\u00e9ka\u0159sky vy\u0161et\u0159it naopak i sama policie, i kdy\u017e vy o to ne\u017e\u00e1d\u00e1te. Tak je tomu nap\u0159\u00edklad tehdy, kdy\u017e v\u00e1s umis\u0165uj\u00ed do cely, p\u0159\u00edpadn\u011b kdy\u017e se rozhoduj\u00ed, jestli v\u00e1s z n\u00ed maj\u00ed s ohledem na v\u00e1\u0161 zdravotn\u00ed stav propustit. V takov\u00fdch p\u0159\u00edpadech si samoz\u0159ejm\u011b sv\u00e9ho l\u00e9ka\u0159e vybrat nem\u016f\u017eete, ale zaji\u0161\u0165uje ho policie.<\/p>\n<p>[\/et_pb_text][et_pb_toggle title=&#8220;M\u00e1 zadr\u017een\u00e1 osoba n\u011bjak\u00e1 zvl\u00e1\u0161tn\u00ed pr\u00e1va?&#8220; icon_color=&#8220;#000000&#8243; admin_label=&#8220;P\u0159ep\u00edna\u010d&#8220; title_font_size=&#8220;18&#8243; custom_padding=&#8220;|||&#8220;]<\/p>\n<p>Ano. Pokud va\u0161e osobn\u00ed svoboda byla omezena zadr\u017een\u00edm, p\u0159\u00edpadn\u011b zat\u010den\u00edm, m\u00e1te je\u0161t\u011b n\u011bkter\u00e1 dal\u0161\u00ed pr\u00e1va &#8211; nad r\u00e1mec t\u011bch, kter\u00e1 byla uvedena v\u00fd\u0161e.<\/p>\n<p>P\u0159edn\u011b m\u00e1te\u00a0<strong><span style=\"font-family: OpenSansSemibold, sans-serif\">pr\u00e1vo zvolit si vlastn\u00edho obh\u00e1jce<\/span><\/strong>\u00a0a\u00a0<strong><span style=\"font-family: OpenSansSemibold, sans-serif\">hovo\u0159it s n\u00edm o samot\u011b<\/span><\/strong>, bez p\u0159\u00edtomnosti t\u0159et\u00ed osoby, a radit se s n\u00edm ji\u017e v pr\u016fb\u011bhu zadr\u017een\u00ed. Pokud byste si obh\u00e1jce nemohli finan\u010dn\u011b dovolit sami, m\u00e1te pr\u00e1vo na to, aby v\u00e1m ho ustanovili bezplatn\u011b nebo alespo\u0148 za sn\u00ed\u017eenou odm\u011bnu. M\u00e1te dokonce pr\u00e1vo po\u017eadovat, aby byl v\u00e1\u0161\u00a0<strong><span style=\"font-family: OpenSansSemibold, sans-serif\">obh\u00e1jce p\u0159\u00edtomn\u00fd u\u017e p\u0159i va\u0161em v\u00fdslechu<\/span>\u00a0<\/strong>na policii &#8211; policie by v\u00e1m v tomto nemusela vyhov\u011bt, jedin\u011b pokud by v\u00e1\u0161 obh\u00e1jce nebyl k sehn\u00e1n\u00ed v rozumn\u00e9m \u010dase. Zadr\u017een\u00ed toti\u017e m\u016f\u017ee trvat maxim\u00e1ln\u011b 48 hodin, proto si p\u0159i n\u011bm policist\u00e9 \u010dasto nemohou dovolit \u017e\u00e1dn\u00e9 v\u011bt\u0161\u00ed \u010dasov\u00e9 proluky.<\/p>\n<p>[\/et_pb_toggle][\/et_pb_column][\/et_pb_row][et_pb_row make_fullwidth=&#8220;on&#8220; custom_padding=&#8220;|50px|50px|50px&#8220; padding_mobile=&#8220;off&#8220; custom_margin=&#8220;|||&#8220; background_color=&#8220;#ffffff&#8220; column_padding_mobile=&#8220;on&#8220; admin_label=&#8220;row&#8220;][et_pb_column type=&#8220;1_3&#8243; parallax=&#8220;off&#8220; parallax_method=&#8220;on&#8220; column_padding_mobile=&#8220;on&#8220;][\/et_pb_column][et_pb_column type=&#8220;1_3&#8243; parallax=&#8220;off&#8220; parallax_method=&#8220;on&#8220; column_padding_mobile=&#8220;on&#8220;][et_pb_button button_url=&#8220;#policista-versus-straznik&#8220; button_text=&#8220;zp\u011bt na za\u010d\u00e1tek&#8220; button_alignment=&#8220;center&#8220; admin_label=&#8220;Tla\u010d\u00edtko&#8220; custom_button=&#8220;on&#8220; button_use_icon=&#8220;on&#8220; button_icon=&#8220;d&#8220; custom_css_main_element=&#8220;||margin-bottom: -10px;&#8220; background_color=&#8220;#eeee22&#8243;][\/et_pb_button][\/et_pb_column][et_pb_column type=&#8220;1_3&#8243; parallax=&#8220;off&#8220; parallax_method=&#8220;on&#8220; column_padding_mobile=&#8220;on&#8220;][et_pb_text admin_label=&#8220;Text&#8220; custom_margin=&#8220;||10px|&#8220; custom_padding=&#8220;25px|||&#8220;]<\/p>\n<h1><\/h1>\n<p>[\/et_pb_text][\/et_pb_column][\/et_pb_row][\/et_pb_section]<\/p>\n","protected":false},"excerpt":{"rendered":"<p>OMEZEN\u00cd OSOBN\u00cd SVOBODY aneb kdy v\u00e1s policista m\u016f\u017ee zadr\u017eet Osobn\u00ed svoboda p\u0159edstavuje jedno ze z\u00e1kladn\u00edch lidsky\u0301ch pr\u00e1v, a proto je jej\u00ed ochrana zaru\u010dena na \u00fastavn\u00ed \u00farovni, v p\u0159\u00edpad\u011b \u010cesk\u00e9 republiky \u010dl. 8 Listiny z\u00e1kladn\u00edch pr\u00e1v a svobod. Osobn\u00ed svoboda je chr\u00e1n\u011bna i mnohy\u0301mi v \u010cR pr\u00e1vn\u011b z\u00e1vazny\u0301mi mezin\u00e1rodn\u00edmi dokumenty, zejm\u00e9na \u010dl. 5 \u00damluvy o ochran\u011b [&hellip;]<\/p>\n","protected":false},"author":8,"featured_media":0,"parent":0,"menu_order":0,"comment_status":"closed","ping_status":"closed","template":"","meta":{"_et_pb_use_builder":"on","_et_pb_old_content":"","_et_gb_content_width":"","footnotes":""},"class_list":["post-523","page","type-page","status-publish","hentry"],"yoast_head":"<!-- This site is optimized with the Yoast SEO plugin v27.5 - https:\/\/yoast.com\/product\/yoast-seo-wordpress\/ -->\n<title>Omezen\u00ed osobn\u00ed svobody - F\u00e9rov\u00e9 vy\u0161et\u0159ov\u00e1n\u00ed<\/title>\n<meta name=\"robots\" content=\"index, follow, max-snippet:-1, max-image-preview:large, max-video-preview:-1\" \/>\n<link rel=\"canonical\" href=\"https:\/\/llp.cz\/ferove-vysetrovani\/omezeni-osobni-svobody\/\" \/>\n<meta property=\"og:locale\" content=\"cs_CZ\" \/>\n<meta property=\"og:type\" content=\"article\" \/>\n<meta property=\"og:title\" content=\"Omezen\u00ed osobn\u00ed svobody - F\u00e9rov\u00e9 vy\u0161et\u0159ov\u00e1n\u00ed\" \/>\n<meta property=\"og:description\" content=\"OMEZEN\u00cd OSOBN\u00cd SVOBODY aneb kdy v\u00e1s policista m\u016f\u017ee zadr\u017eet Osobn\u00ed svoboda p\u0159edstavuje jedno ze z\u00e1kladn\u00edch lidsky\u0301ch pr\u00e1v, a proto je jej\u00ed ochrana zaru\u010dena na \u00fastavn\u00ed \u00farovni, v p\u0159\u00edpad\u011b \u010cesk\u00e9 republiky \u010dl. 8 Listiny z\u00e1kladn\u00edch pr\u00e1v a svobod. Osobn\u00ed svoboda je chr\u00e1n\u011bna i mnohy\u0301mi v \u010cR pr\u00e1vn\u011b z\u00e1vazny\u0301mi mezin\u00e1rodn\u00edmi dokumenty, zejm\u00e9na \u010dl. 5 \u00damluvy o ochran\u011b [&hellip;]\" \/>\n<meta property=\"og:url\" content=\"https:\/\/llp.cz\/ferove-vysetrovani\/omezeni-osobni-svobody\/\" \/>\n<meta property=\"og:site_name\" content=\"F\u00e9rov\u00e9 vy\u0161et\u0159ov\u00e1n\u00ed\" \/>\n<meta property=\"article:modified_time\" content=\"2017-03-27T22:09:56+00:00\" \/>\n<meta name=\"twitter:card\" content=\"summary_large_image\" \/>\n<meta name=\"twitter:label1\" content=\"Odhadovan\u00e1 doba \u010dten\u00ed\" \/>\n\t<meta name=\"twitter:data1\" content=\"21 minut\" \/>\n<script type=\"application\/ld+json\" class=\"yoast-schema-graph\">{\"@context\":\"https:\\\/\\\/schema.org\",\"@graph\":[{\"@type\":\"WebPage\",\"@id\":\"https:\\\/\\\/llp.cz\\\/ferove-vysetrovani\\\/omezeni-osobni-svobody\\\/\",\"url\":\"https:\\\/\\\/llp.cz\\\/ferove-vysetrovani\\\/omezeni-osobni-svobody\\\/\",\"name\":\"Omezen\u00ed osobn\u00ed svobody - F\u00e9rov\u00e9 vy\u0161et\u0159ov\u00e1n\u00ed\",\"isPartOf\":{\"@id\":\"https:\\\/\\\/llp.cz\\\/ferove-vysetrovani\\\/#website\"},\"datePublished\":\"2017-03-16T10:50:47+00:00\",\"dateModified\":\"2017-03-27T22:09:56+00:00\",\"breadcrumb\":{\"@id\":\"https:\\\/\\\/llp.cz\\\/ferove-vysetrovani\\\/omezeni-osobni-svobody\\\/#breadcrumb\"},\"inLanguage\":\"cs\",\"potentialAction\":[{\"@type\":\"ReadAction\",\"target\":[\"https:\\\/\\\/llp.cz\\\/ferove-vysetrovani\\\/omezeni-osobni-svobody\\\/\"]}]},{\"@type\":\"BreadcrumbList\",\"@id\":\"https:\\\/\\\/llp.cz\\\/ferove-vysetrovani\\\/omezeni-osobni-svobody\\\/#breadcrumb\",\"itemListElement\":[{\"@type\":\"ListItem\",\"position\":1,\"name\":\"Dom\u016f\",\"item\":\"https:\\\/\\\/llp.cz\\\/ferove-vysetrovani\\\/\"},{\"@type\":\"ListItem\",\"position\":2,\"name\":\"Omezen\u00ed osobn\u00ed svobody\"}]},{\"@type\":\"WebSite\",\"@id\":\"https:\\\/\\\/llp.cz\\\/ferove-vysetrovani\\\/#website\",\"url\":\"https:\\\/\\\/llp.cz\\\/ferove-vysetrovani\\\/\",\"name\":\"F\u00e9rov\u00e9 vy\u0161et\u0159ov\u00e1n\u00ed\",\"description\":\"\",\"potentialAction\":[{\"@type\":\"SearchAction\",\"target\":{\"@type\":\"EntryPoint\",\"urlTemplate\":\"https:\\\/\\\/llp.cz\\\/ferove-vysetrovani\\\/?s={search_term_string}\"},\"query-input\":{\"@type\":\"PropertyValueSpecification\",\"valueRequired\":true,\"valueName\":\"search_term_string\"}}],\"inLanguage\":\"cs\"}]}<\/script>\n<!-- \/ Yoast SEO plugin. -->","yoast_head_json":{"title":"Omezen\u00ed osobn\u00ed svobody - F\u00e9rov\u00e9 vy\u0161et\u0159ov\u00e1n\u00ed","robots":{"index":"index","follow":"follow","max-snippet":"max-snippet:-1","max-image-preview":"max-image-preview:large","max-video-preview":"max-video-preview:-1"},"canonical":"https:\/\/llp.cz\/ferove-vysetrovani\/omezeni-osobni-svobody\/","og_locale":"cs_CZ","og_type":"article","og_title":"Omezen\u00ed osobn\u00ed svobody - F\u00e9rov\u00e9 vy\u0161et\u0159ov\u00e1n\u00ed","og_description":"OMEZEN\u00cd OSOBN\u00cd SVOBODY aneb kdy v\u00e1s policista m\u016f\u017ee zadr\u017eet Osobn\u00ed svoboda p\u0159edstavuje jedno ze z\u00e1kladn\u00edch lidsky\u0301ch pr\u00e1v, a proto je jej\u00ed ochrana zaru\u010dena na \u00fastavn\u00ed \u00farovni, v p\u0159\u00edpad\u011b \u010cesk\u00e9 republiky \u010dl. 8 Listiny z\u00e1kladn\u00edch pr\u00e1v a svobod. Osobn\u00ed svoboda je chr\u00e1n\u011bna i mnohy\u0301mi v \u010cR pr\u00e1vn\u011b z\u00e1vazny\u0301mi mezin\u00e1rodn\u00edmi dokumenty, zejm\u00e9na \u010dl. 5 \u00damluvy o ochran\u011b [&hellip;]","og_url":"https:\/\/llp.cz\/ferove-vysetrovani\/omezeni-osobni-svobody\/","og_site_name":"F\u00e9rov\u00e9 vy\u0161et\u0159ov\u00e1n\u00ed","article_modified_time":"2017-03-27T22:09:56+00:00","twitter_card":"summary_large_image","twitter_misc":{"Odhadovan\u00e1 doba \u010dten\u00ed":"21 minut"},"schema":{"@context":"https:\/\/schema.org","@graph":[{"@type":"WebPage","@id":"https:\/\/llp.cz\/ferove-vysetrovani\/omezeni-osobni-svobody\/","url":"https:\/\/llp.cz\/ferove-vysetrovani\/omezeni-osobni-svobody\/","name":"Omezen\u00ed osobn\u00ed svobody - F\u00e9rov\u00e9 vy\u0161et\u0159ov\u00e1n\u00ed","isPartOf":{"@id":"https:\/\/llp.cz\/ferove-vysetrovani\/#website"},"datePublished":"2017-03-16T10:50:47+00:00","dateModified":"2017-03-27T22:09:56+00:00","breadcrumb":{"@id":"https:\/\/llp.cz\/ferove-vysetrovani\/omezeni-osobni-svobody\/#breadcrumb"},"inLanguage":"cs","potentialAction":[{"@type":"ReadAction","target":["https:\/\/llp.cz\/ferove-vysetrovani\/omezeni-osobni-svobody\/"]}]},{"@type":"BreadcrumbList","@id":"https:\/\/llp.cz\/ferove-vysetrovani\/omezeni-osobni-svobody\/#breadcrumb","itemListElement":[{"@type":"ListItem","position":1,"name":"Dom\u016f","item":"https:\/\/llp.cz\/ferove-vysetrovani\/"},{"@type":"ListItem","position":2,"name":"Omezen\u00ed osobn\u00ed svobody"}]},{"@type":"WebSite","@id":"https:\/\/llp.cz\/ferove-vysetrovani\/#website","url":"https:\/\/llp.cz\/ferove-vysetrovani\/","name":"F\u00e9rov\u00e9 vy\u0161et\u0159ov\u00e1n\u00ed","description":"","potentialAction":[{"@type":"SearchAction","target":{"@type":"EntryPoint","urlTemplate":"https:\/\/llp.cz\/ferove-vysetrovani\/?s={search_term_string}"},"query-input":{"@type":"PropertyValueSpecification","valueRequired":true,"valueName":"search_term_string"}}],"inLanguage":"cs"}]}},"_links":{"self":[{"href":"https:\/\/llp.cz\/ferove-vysetrovani\/wp-json\/wp\/v2\/pages\/523","targetHints":{"allow":["GET"]}}],"collection":[{"href":"https:\/\/llp.cz\/ferove-vysetrovani\/wp-json\/wp\/v2\/pages"}],"about":[{"href":"https:\/\/llp.cz\/ferove-vysetrovani\/wp-json\/wp\/v2\/types\/page"}],"author":[{"embeddable":true,"href":"https:\/\/llp.cz\/ferove-vysetrovani\/wp-json\/wp\/v2\/users\/8"}],"replies":[{"embeddable":true,"href":"https:\/\/llp.cz\/ferove-vysetrovani\/wp-json\/wp\/v2\/comments?post=523"}],"version-history":[{"count":16,"href":"https:\/\/llp.cz\/ferove-vysetrovani\/wp-json\/wp\/v2\/pages\/523\/revisions"}],"predecessor-version":[{"id":812,"href":"https:\/\/llp.cz\/ferove-vysetrovani\/wp-json\/wp\/v2\/pages\/523\/revisions\/812"}],"wp:attachment":[{"href":"https:\/\/llp.cz\/ferove-vysetrovani\/wp-json\/wp\/v2\/media?parent=523"}],"curies":[{"name":"wp","href":"https:\/\/api.w.org\/{rel}","templated":true}]}}